{"id":3277,"date":"2026-02-10T12:50:27","date_gmt":"2026-02-10T12:50:27","guid":{"rendered":"https:\/\/moje-ostrava.cz\/?page_id=3277"},"modified":"2026-08-21T07:30:05","modified_gmt":"2026-08-21T07:30:05","slug":"ostravou-za-kavou","status":"publish","type":"page","link":"https:\/\/moje-ostrava.cz\/?page_id=3277","title":{"rendered":"OSTRAVOU ZA K\u00c1VOU"},"content":{"rendered":"\n<figure class=\"wp-block-image size-large is-resized\"><img  loading=\"lazy\"  decoding=\"async\"  width=\"1160\"  height=\"773\"  src=\"data:image\/png;base64,iVBORw0KGgoAAAANSUhEUgAAAAEAAAABAQMAAAAl21bKAAAAA1BMVEUAAP+KeNJXAAAAAXRSTlMAQObYZgAAAAlwSFlzAAAOxAAADsQBlSsOGwAAAApJREFUCNdjYAAAAAIAAeIhvDMAAAAASUVORK5CYII=\"  alt=\"\"  class=\"wp-image-4339 pk-lazyload\"  style=\"aspect-ratio:1.500674130957266;width:338px;height:auto\"  data-pk-sizes=\"auto\"  data-ls-sizes=\"auto, (max-width: 1160px) 100vw, 1160px\"  data-pk-src=\"https:\/\/moje-ostrava.cz\/wp-content\/uploads\/2026\/08\/91068148-d6a9-4148-97bc-2edb1b113b2a-1160x773.png\"  data-pk-srcset=\"https:\/\/moje-ostrava.cz\/wp-content\/uploads\/2026\/08\/91068148-d6a9-4148-97bc-2edb1b113b2a-1160x773.png 1160w, https:\/\/moje-ostrava.cz\/wp-content\/uploads\/2026\/08\/91068148-d6a9-4148-97bc-2edb1b113b2a-800x533.png 800w, https:\/\/moje-ostrava.cz\/wp-content\/uploads\/2026\/08\/91068148-d6a9-4148-97bc-2edb1b113b2a-120x80.png 120w, https:\/\/moje-ostrava.cz\/wp-content\/uploads\/2026\/08\/91068148-d6a9-4148-97bc-2edb1b113b2a-90x60.png 90w, https:\/\/moje-ostrava.cz\/wp-content\/uploads\/2026\/08\/91068148-d6a9-4148-97bc-2edb1b113b2a-320x213.png 320w, https:\/\/moje-ostrava.cz\/wp-content\/uploads\/2026\/08\/91068148-d6a9-4148-97bc-2edb1b113b2a-560x373.png 560w, https:\/\/moje-ostrava.cz\/wp-content\/uploads\/2026\/08\/91068148-d6a9-4148-97bc-2edb1b113b2a.png 1536w\" ><\/figure>\n\n\n\n<p class=\"has-black-color has-text-color has-link-color wp-elements-1 wp-block-paragraph\"><strong>Ostravou za k\u00e1vou<\/strong>&nbsp;je projekt, kter\u00fd postupn\u011b p\u0159edstavuje vybran\u00e9 ostravsk\u00e9 kav\u00e1rny a pra\u017e\u00edrny lidem z Ostravy a okol\u00ed. Ne formou klasick\u00e9 reklamy, ale skute\u010dn\u00fdm z\u00e1\u017eitkem. Vybran\u00ed u\u017eivatel\u00e9 aplikace&nbsp;<strong>Moje Ostrava<\/strong>&nbsp;z\u00edskaj\u00ed mo\u017enost poznat kvalitn\u00ed ostravsk\u00e9 kav\u00e1rny, ochutnat v\u00fdb\u011brovou k\u00e1vu a pravideln\u011b sout\u011b\u017eit o atraktivn\u00ed ceny od na\u0161ich partner\u016f.<br><strong>C\u00edlem projektu je:<\/strong> p\u0159edstavovat kvalitn\u00ed ostravsk\u00e9 kav\u00e1rny a pra\u017e\u00edrny nov\u00fdm z\u00e1kazn\u00edk\u016fm, podporovat lok\u00e1ln\u00ed podniky a poctiv\u00e9 \u0159emeslo, p\u0159iv\u00e1d\u011bt do kav\u00e1ren nov\u00e9 hosty, inspirovat lidi, kam si zaj\u00edt na skv\u011blou k\u00e1vu, ukazovat, \u017ee i v Ostrav\u011b vznik\u00e1 v\u00fdb\u011brov\u00e1 k\u00e1va na \u0161pi\u010dkov\u00e9 \u00farovni.<br>Projekt prob\u00edh\u00e1 v\u00fdhradn\u011b prost\u0159ednictv\u00edm aplikace&nbsp;<strong>Moje Ostrava<\/strong>, kterou si m\u016f\u017eete st\u00e1hnout p\u0159\u00edmo zde <strong><a href=\"https:\/\/play.google.com\/store\/apps\/details?id=cz.tripon.mojeostrava&amp;hl=cs\" title=\"\">ANDROID<\/a><\/strong>&nbsp;a zde&nbsp;<strong><a href=\"https:\/\/apps.apple.com\/cz\/app\/moje-ostrava\/id1128098455?l=cs\" title=\"\">iOS<\/a><\/strong>.<\/p>\n\n\n\n<p class=\"wp-block-paragraph\"><\/p>\n\n\n\n<ul class=\"wp-block-list\">\n<li><\/li>\n<\/ul>\n\n\n\n<p class=\"wp-block-paragraph\"><\/p>\n\n\n\n<h2 id=\"laura-coffee-rodinna-prazirna-vyberove-kavy-z-ostravy\" class=\"wp-block-heading\">Laura Coffee \u2013 rodinn\u00e1 pra\u017e\u00edrna v\u00fdb\u011brov\u00e9 k\u00e1vy z Ostravy<\/h2>\n\n\n\n<p class=\"wp-block-paragraph\">P\u0159\u00edb\u011bh Laura Coffee za\u010dal v roce 2010 jedn\u00edm baristick\u00fdm kurzem. Nad\u0161en\u00ed pro kvalitn\u00ed k\u00e1vu postupn\u011b p\u0159erostlo v prvn\u00ed kav\u00e1rnu a v roce 2012 vznikla rodinn\u00e1 pra\u017e\u00edrna Laura Coffee, pojmenovan\u00e1 po star\u0161\u00ed dce\u0159i zakladatele. Dnes Laura Coffee pra\u017e\u00ed vlastn\u00ed v\u00fdb\u011brovou k\u00e1vu, provozuje p\u011bt kav\u00e1ren v Ostrav\u011b a z\u00e1sobuje kvalitn\u00ed k\u00e1vou kav\u00e1rny, restaurace i firmy po cel\u00e9 \u010cesk\u00e9 republice. Vedle pra\u017een\u00ed k\u00e1vy stoj\u00ed tak\u00e9 za po\u0159\u00e1d\u00e1n\u00edm<br><strong>Barista Cup Ostrava<\/strong>, nejv\u011bt\u0161\u00edho k\u00e1vov\u00e9ho festivalu v regionu, kter\u00fd ka\u017edoro\u010dn\u011b spojuje profesion\u00e1ln\u00ed baristy i v\u0161echny milovn\u00edky kvalitn\u00ed k\u00e1vy.<\/p>\n\n\n\n<p class=\"wp-block-paragraph\">V projektu&nbsp;<strong>Ostravou za k\u00e1vou<\/strong>&nbsp;v\u00e1m postupn\u011b p\u0159edstav\u00edme nejen jejich p\u0159\u00edb\u011bh, ale tak\u00e9 jejich v\u00fdb\u011brov\u00e9 k\u00e1vy a budeme pravideln\u011b sout\u011b\u017eit o balen\u00ed \u010derstv\u011b pra\u017een\u00e9 k\u00e1vy.<\/p>\n\n\n\n<div class=\"wp-block-buttons is-layout-flex wp-block-buttons-is-layout-flex\">\n<div class=\"wp-block-button\"><a class=\"wp-block-button__link has-white-color has-vivid-cyan-blue-background-color has-text-color has-background has-link-color wp-element-button\" href=\"https:\/\/lauracoffee.cz\"><strong>WEB PARTNERA<\/strong><\/a><\/div>\n<\/div>\n\n\n\n<figure class=\"wp-block-image size-large is-resized\"><a href=\"https:\/\/lauracoffee.cz\"><img  loading=\"lazy\"  decoding=\"async\"  width=\"1160\"  height=\"946\"  src=\"data:image\/png;base64,iVBORw0KGgoAAAANSUhEUgAAAAEAAAABAQMAAAAl21bKAAAAA1BMVEUAAP+KeNJXAAAAAXRSTlMAQObYZgAAAAlwSFlzAAAOxAAADsQBlSsOGwAAAApJREFUCNdjYAAAAAIAAeIhvDMAAAAASUVORK5CYII=\"  alt=\"\"  class=\"wp-image-4341 pk-lazyload\"  style=\"aspect-ratio:1.226229822292475;width:195px;height:auto\"  data-pk-sizes=\"auto\"  data-ls-sizes=\"auto, (max-width: 1160px) 100vw, 1160px\"  data-pk-src=\"https:\/\/moje-ostrava.cz\/wp-content\/uploads\/2026\/08\/laura-logo-new-1160x946.png\"  data-pk-srcset=\"https:\/\/moje-ostrava.cz\/wp-content\/uploads\/2026\/08\/laura-logo-new-1160x946.png 1160w, https:\/\/moje-ostrava.cz\/wp-content\/uploads\/2026\/08\/laura-logo-new-800x653.png 800w, https:\/\/moje-ostrava.cz\/wp-content\/uploads\/2026\/08\/laura-logo-new-120x98.png 120w, https:\/\/moje-ostrava.cz\/wp-content\/uploads\/2026\/08\/laura-logo-new-90x73.png 90w, https:\/\/moje-ostrava.cz\/wp-content\/uploads\/2026\/08\/laura-logo-new-320x261.png 320w, https:\/\/moje-ostrava.cz\/wp-content\/uploads\/2026\/08\/laura-logo-new-560x457.png 560w, https:\/\/moje-ostrava.cz\/wp-content\/uploads\/2026\/08\/laura-logo-new.png 1280w\" ><\/a><\/figure>\n\n\n\n<figure class=\"wp-block-gallery has-nested-images columns-default is-cropped wp-block-gallery-1 is-layout-flex wp-block-gallery-is-layout-flex\">\n<figure class=\"wp-block-image size-large\"><a href=\"https:\/\/lauracoffee.cz\"><img  loading=\"lazy\"  decoding=\"async\"  width=\"160\"  height=\"124\"  data-id=\"4342\"  src=\"data:image\/png;base64,iVBORw0KGgoAAAANSUhEUgAAAAEAAAABAQMAAAAl21bKAAAAA1BMVEUAAP+KeNJXAAAAAXRSTlMAQObYZgAAAAlwSFlzAAAOxAAADsQBlSsOGwAAAApJREFUCNdjYAAAAAIAAeIhvDMAAAAASUVORK5CYII=\"  alt=\"\"  class=\"wp-image-4342 pk-lazyload\"  data-pk-sizes=\"auto\"  data-ls-sizes=\"auto, (max-width: 160px) 100vw, 160px\"  data-pk-src=\"https:\/\/moje-ostrava.cz\/wp-content\/uploads\/2026\/08\/e-shop-900x700px-1-f99e64debfd145db92e80dd1abd61b10.jpeg_700787c40239e951d7dd1373bc7d5432.jpeg\"  data-pk-srcset=\"https:\/\/moje-ostrava.cz\/wp-content\/uploads\/2026\/08\/e-shop-900x700px-1-f99e64debfd145db92e80dd1abd61b10.jpeg_700787c40239e951d7dd1373bc7d5432.jpeg 160w, https:\/\/moje-ostrava.cz\/wp-content\/uploads\/2026\/08\/e-shop-900x700px-1-f99e64debfd145db92e80dd1abd61b10.jpeg_700787c40239e951d7dd1373bc7d5432-120x93.jpeg 120w, https:\/\/moje-ostrava.cz\/wp-content\/uploads\/2026\/08\/e-shop-900x700px-1-f99e64debfd145db92e80dd1abd61b10.jpeg_700787c40239e951d7dd1373bc7d5432-90x70.jpeg 90w\" ><\/a><\/figure>\n\n\n\n<figure class=\"wp-block-image size-large\"><a href=\"https:\/\/lauracoffee.cz\"><img  loading=\"lazy\"  decoding=\"async\"  width=\"160\"  height=\"124\"  data-id=\"4344\"  src=\"data:image\/png;base64,iVBORw0KGgoAAAANSUhEUgAAAAEAAAABAQMAAAAl21bKAAAAA1BMVEUAAP+KeNJXAAAAAXRSTlMAQObYZgAAAAlwSFlzAAAOxAAADsQBlSsOGwAAAApJREFUCNdjYAAAAAIAAeIhvDMAAAAASUVORK5CYII=\"  alt=\"\"  class=\"wp-image-4344 pk-lazyload\"  data-pk-sizes=\"auto\"  data-ls-sizes=\"auto, (max-width: 160px) 100vw, 160px\"  data-pk-src=\"https:\/\/moje-ostrava.cz\/wp-content\/uploads\/2026\/08\/e-shop-900x700px-4-7e6b4844d10bc882c16504d833d5f0ea.jpeg_cd63845e1a047453ed4784ecea799bfe.jpeg\"  data-pk-srcset=\"https:\/\/moje-ostrava.cz\/wp-content\/uploads\/2026\/08\/e-shop-900x700px-4-7e6b4844d10bc882c16504d833d5f0ea.jpeg_cd63845e1a047453ed4784ecea799bfe.jpeg 160w, https:\/\/moje-ostrava.cz\/wp-content\/uploads\/2026\/08\/e-shop-900x700px-4-7e6b4844d10bc882c16504d833d5f0ea.jpeg_cd63845e1a047453ed4784ecea799bfe-120x93.jpeg 120w, https:\/\/moje-ostrava.cz\/wp-content\/uploads\/2026\/08\/e-shop-900x700px-4-7e6b4844d10bc882c16504d833d5f0ea.jpeg_cd63845e1a047453ed4784ecea799bfe-90x70.jpeg 90w\" ><\/a><\/figure>\n\n\n\n<figure class=\"wp-block-image size-large\"><img  loading=\"lazy\"  decoding=\"async\"  width=\"160\"  height=\"124\"  data-id=\"4343\"  src=\"data:image\/png;base64,iVBORw0KGgoAAAANSUhEUgAAAKAAAAB8AQMAAADU\/Sk6AAAAA1BMVEUAAP+KeNJXAAAAAXRSTlMAQObYZgAAAAlwSFlzAAAOxAAADsQBlSsOGwAAABlJREFUSMftwYEAAAAAw6D5U1\/gCFUBAMA3CiwAAX1U53QAAAAASUVORK5CYII=\"  alt=\"\"  class=\"wp-image-4343 pk-lazyload\"  data-pk-sizes=\"auto\"  data-ls-sizes=\"auto, (max-width: 160px) 100vw, 160px\"  data-pk-src=\"https:\/\/moje-ostrava.cz\/wp-content\/uploads\/2026\/08\/E-shop-900x700px-1.jpeg_37148a4d58c1714270f69f502e1c2d05.jpeg\"  data-pk-srcset=\"https:\/\/moje-ostrava.cz\/wp-content\/uploads\/2026\/08\/E-shop-900x700px-1.jpeg_37148a4d58c1714270f69f502e1c2d05.jpeg 160w, https:\/\/moje-ostrava.cz\/wp-content\/uploads\/2026\/08\/E-shop-900x700px-1.jpeg_37148a4d58c1714270f69f502e1c2d05-120x93.jpeg 120w, https:\/\/moje-ostrava.cz\/wp-content\/uploads\/2026\/08\/E-shop-900x700px-1.jpeg_37148a4d58c1714270f69f502e1c2d05-90x70.jpeg 90w\" ><\/figure>\n<\/figure>\n\n\n\n<figure class=\"wp-block-gallery has-nested-images columns-default is-cropped wp-block-gallery-2 is-layout-flex wp-block-gallery-is-layout-flex\">\n<figure class=\"wp-block-image size-large\"><img  loading=\"lazy\"  decoding=\"async\"  width=\"750\"  height=\"750\"  data-id=\"4345\"  src=\"data:image\/png;base64,iVBORw0KGgoAAAANSUhEUgAAAu4AAALuAQMAAADL0wGJAAAAA1BMVEUAAP+KeNJXAAAAAXRSTlMAQObYZgAAAAlwSFlzAAAOxAAADsQBlSsOGwAAAFxJREFUeNrtwYEAAAAAw6D5U1\/hAFUBAAAAAAAAAAAAAAAAAAAAAAAAAAAAAAAAAAAAAAAAAAAAAAAAAAAAAAAAAAAAAAAAAAAAAAAAAAAAAAAAAAAAAAAAAAC8BhZhAAF6U6JHAAAAAElFTkSuQmCC\"  alt=\"\"  class=\"wp-image-4345 pk-lazyload\"  data-pk-sizes=\"auto\"  data-ls-sizes=\"auto, (max-width: 750px) 100vw, 750px\"  data-pk-src=\"https:\/\/moje-ostrava.cz\/wp-content\/uploads\/2026\/08\/e-shop-700x700px-1-_8b1a15c305e98a7246c7d953260713de.jpg\"  data-pk-srcset=\"https:\/\/moje-ostrava.cz\/wp-content\/uploads\/2026\/08\/e-shop-700x700px-1-_8b1a15c305e98a7246c7d953260713de.jpg 750w, https:\/\/moje-ostrava.cz\/wp-content\/uploads\/2026\/08\/e-shop-700x700px-1-_8b1a15c305e98a7246c7d953260713de-80x80.jpg 80w, https:\/\/moje-ostrava.cz\/wp-content\/uploads\/2026\/08\/e-shop-700x700px-1-_8b1a15c305e98a7246c7d953260713de-120x120.jpg 120w, https:\/\/moje-ostrava.cz\/wp-content\/uploads\/2026\/08\/e-shop-700x700px-1-_8b1a15c305e98a7246c7d953260713de-90x90.jpg 90w, https:\/\/moje-ostrava.cz\/wp-content\/uploads\/2026\/08\/e-shop-700x700px-1-_8b1a15c305e98a7246c7d953260713de-320x320.jpg 320w, https:\/\/moje-ostrava.cz\/wp-content\/uploads\/2026\/08\/e-shop-700x700px-1-_8b1a15c305e98a7246c7d953260713de-560x560.jpg 560w\" ><\/figure>\n\n\n\n<figure class=\"wp-block-image size-large\"><a href=\"https:\/\/lauracoffee.cz\"><img  loading=\"lazy\"  decoding=\"async\"  width=\"964\"  height=\"750\"  data-id=\"4346\"  src=\"data:image\/png;base64,iVBORw0KGgoAAAANSUhEUgAAAAEAAAABAQMAAAAl21bKAAAAA1BMVEUAAP+KeNJXAAAAAXRSTlMAQObYZgAAAAlwSFlzAAAOxAAADsQBlSsOGwAAAApJREFUCNdjYAAAAAIAAeIhvDMAAAAASUVORK5CYII=\"  alt=\"\"  class=\"wp-image-4346 pk-lazyload\"  data-pk-sizes=\"auto\"  data-ls-sizes=\"auto, (max-width: 964px) 100vw, 964px\"  data-pk-src=\"https:\/\/moje-ostrava.cz\/wp-content\/uploads\/2026\/08\/e-shop-900x700px_7a807518be910d5841ff38e854fef099.jpg\"  data-pk-srcset=\"https:\/\/moje-ostrava.cz\/wp-content\/uploads\/2026\/08\/e-shop-900x700px_7a807518be910d5841ff38e854fef099.jpg 964w, https:\/\/moje-ostrava.cz\/wp-content\/uploads\/2026\/08\/e-shop-900x700px_7a807518be910d5841ff38e854fef099-800x622.jpg 800w, https:\/\/moje-ostrava.cz\/wp-content\/uploads\/2026\/08\/e-shop-900x700px_7a807518be910d5841ff38e854fef099-120x93.jpg 120w, https:\/\/moje-ostrava.cz\/wp-content\/uploads\/2026\/08\/e-shop-900x700px_7a807518be910d5841ff38e854fef099-90x70.jpg 90w, https:\/\/moje-ostrava.cz\/wp-content\/uploads\/2026\/08\/e-shop-900x700px_7a807518be910d5841ff38e854fef099-320x249.jpg 320w, https:\/\/moje-ostrava.cz\/wp-content\/uploads\/2026\/08\/e-shop-900x700px_7a807518be910d5841ff38e854fef099-560x436.jpg 560w\" ><\/a><\/figure>\n\n\n\n<figure class=\"wp-block-image size-large\"><img  loading=\"lazy\"  decoding=\"async\"  width=\"964\"  height=\"750\"  data-id=\"4347\"  src=\"data:image\/png;base64,iVBORw0KGgoAAAANSUhEUgAAA8QAAALuAQMAAABSIk1QAAAAA1BMVEUAAP+KeNJXAAAAAXRSTlMAQObYZgAAAAlwSFlzAAAOxAAADsQBlSsOGwAAAHBJREFUeNrtwQENAAAAwqD3T20ON6AAAAAAAAAAAAAAAAAAAAAAAAAAAAAAAAAAAAAAAAAAAAAAAAAAAAAAAAAAAAAAAAAAAAAAAAAAAAAAAAAAAAAAAAAAAAAAAAAAAAAAAAAAAAAAAAAAAAAA4MMAZXsAAU+xoOoAAAAASUVORK5CYII=\"  alt=\"\"  class=\"wp-image-4347 pk-lazyload\"  data-pk-sizes=\"auto\"  data-ls-sizes=\"auto, (max-width: 964px) 100vw, 964px\"  data-pk-src=\"https:\/\/moje-ostrava.cz\/wp-content\/uploads\/2026\/08\/e-shop-900x700px-2-_6e3cd578f40eac6efa953f3528487947.jpg\"  data-pk-srcset=\"https:\/\/moje-ostrava.cz\/wp-content\/uploads\/2026\/08\/e-shop-900x700px-2-_6e3cd578f40eac6efa953f3528487947.jpg 964w, https:\/\/moje-ostrava.cz\/wp-content\/uploads\/2026\/08\/e-shop-900x700px-2-_6e3cd578f40eac6efa953f3528487947-800x622.jpg 800w, https:\/\/moje-ostrava.cz\/wp-content\/uploads\/2026\/08\/e-shop-900x700px-2-_6e3cd578f40eac6efa953f3528487947-120x93.jpg 120w, https:\/\/moje-ostrava.cz\/wp-content\/uploads\/2026\/08\/e-shop-900x700px-2-_6e3cd578f40eac6efa953f3528487947-90x70.jpg 90w, https:\/\/moje-ostrava.cz\/wp-content\/uploads\/2026\/08\/e-shop-900x700px-2-_6e3cd578f40eac6efa953f3528487947-320x249.jpg 320w, https:\/\/moje-ostrava.cz\/wp-content\/uploads\/2026\/08\/e-shop-900x700px-2-_6e3cd578f40eac6efa953f3528487947-560x436.jpg 560w\" ><\/figure>\n<\/figure>\n\n\n\n<h3 id=\"vyherci6-8-gabriela13-8-radim20-8-sarka\" class=\"wp-block-heading\"><strong>V\u00fdherci:<\/strong><br>6. 8. Gabriela<br>13. 8. Radim<br>20. 8. \u0160\u00e1rka<\/h3>\n\n\n\n<figure class=\"wp-block-image size-large is-resized\"><a href=\"https:\/\/www.braviks.cz\"><img  loading=\"lazy\"  decoding=\"async\"  width=\"1160\"  height=\"1160\"  src=\"data:image\/png;base64,iVBORw0KGgoAAAANSUhEUgAAAAEAAAABAQMAAAAl21bKAAAAA1BMVEUAAP+KeNJXAAAAAXRSTlMAQObYZgAAAAlwSFlzAAAOxAAADsQBlSsOGwAAAApJREFUCNdjYAAAAAIAAeIhvDMAAAAASUVORK5CYII=\"  alt=\"\"  class=\"wp-image-4390 pk-lazyload\"  style=\"width:197px;height:auto\"  data-pk-sizes=\"auto\"  data-ls-sizes=\"auto, (max-width: 1160px) 100vw, 1160px\"  data-pk-src=\"https:\/\/moje-ostrava.cz\/wp-content\/uploads\/2026\/08\/HLAVNI-PARTNER-1160x1160.png\"  data-pk-srcset=\"https:\/\/moje-ostrava.cz\/wp-content\/uploads\/2026\/08\/HLAVNI-PARTNER-1160x1160.png 1160w, https:\/\/moje-ostrava.cz\/wp-content\/uploads\/2026\/08\/HLAVNI-PARTNER-800x800.png 800w, https:\/\/moje-ostrava.cz\/wp-content\/uploads\/2026\/08\/HLAVNI-PARTNER-80x80.png 80w, https:\/\/moje-ostrava.cz\/wp-content\/uploads\/2026\/08\/HLAVNI-PARTNER-120x120.png 120w, https:\/\/moje-ostrava.cz\/wp-content\/uploads\/2026\/08\/HLAVNI-PARTNER-90x90.png 90w, https:\/\/moje-ostrava.cz\/wp-content\/uploads\/2026\/08\/HLAVNI-PARTNER-320x320.png 320w, https:\/\/moje-ostrava.cz\/wp-content\/uploads\/2026\/08\/HLAVNI-PARTNER-560x560.png 560w, https:\/\/moje-ostrava.cz\/wp-content\/uploads\/2026\/08\/HLAVNI-PARTNER.png 1254w\" ><\/a><\/figure>\n\n\n\n<p class=\"wp-block-paragraph\"><\/p>\n","protected":false},"excerpt":{"rendered":"<p>Ostravou za k\u00e1vou&nbsp;je projekt, kter\u00fd postupn\u011b p\u0159edstavuje vybran\u00e9 ostravsk\u00e9 kav\u00e1rny a pra\u017e\u00edrny lidem z Ostravy a okol\u00ed. Ne formou klasick\u00e9 reklamy, ale skute\u010dn\u00fdm z\u00e1\u017eitkem. Vybran\u00ed u\u017eivatel\u00e9 aplikace&nbsp;Moje Ostrava&nbsp;z\u00edskaj\u00ed mo\u017enost poznat&hellip;<\/p>\n","protected":false},"author":1,"featured_media":0,"parent":0,"menu_order":0,"comment_status":"closed","ping_status":"closed","template":"","meta":{"footnotes":""},"class_list":["post-3277","page","type-page","status-publish"],"aioseo_notices":[],"_links":{"self":[{"href":"https:\/\/moje-ostrava.cz\/index.php?rest_route=\/wp\/v2\/pages\/3277","targetHints":{"allow":["GET"]}}],"collection":[{"href":"https:\/\/moje-ostrava.cz\/index.php?rest_route=\/wp\/v2\/pages"}],"about":[{"href":"https:\/\/moje-ostrava.cz\/index.php?rest_route=\/wp\/v2\/types\/page"}],"author":[{"embeddable":true,"href":"https:\/\/moje-ostrava.cz\/index.php?rest_route=\/wp\/v2\/users\/1"}],"replies":[{"embeddable":true,"href":"https:\/\/moje-ostrava.cz\/index.php?rest_route=%2Fwp%2Fv2%2Fcomments&post=3277"}],"version-history":[{"count":15,"href":"https:\/\/moje-ostrava.cz\/index.php?rest_route=\/wp\/v2\/pages\/3277\/revisions"}],"predecessor-version":[{"id":4535,"href":"https:\/\/moje-ostrava.cz\/index.php?rest_route=\/wp\/v2\/pages\/3277\/revisions\/4535"}],"wp:attachment":[{"href":"https:\/\/moje-ostrava.cz\/index.php?rest_route=%2Fwp%2Fv2%2Fmedia&parent=3277"}],"curies":[{"name":"wp","href":"https:\/\/api.w.org\/{rel}","templated":true}]}}