{"id":3285,"date":"2026-02-10T12:58:01","date_gmt":"2026-02-10T12:58:01","guid":{"rendered":"https:\/\/moje-ostrava.cz\/?page_id=3285"},"modified":"2026-09-04T13:13:40","modified_gmt":"2026-09-04T13:13:40","slug":"ostravou-za-kulturou","status":"publish","type":"page","link":"https:\/\/moje-ostrava.cz\/?page_id=3285","title":{"rendered":"OSTRAVOU ZA KULTUROU"},"content":{"rendered":"\n<p class=\"wp-block-paragraph\"><strong>Ostravou za kulturou<\/strong>&nbsp;je projekt aplikace&nbsp;<strong>Moje Ostrava<\/strong>, kter\u00fd p\u0159in\u00e1\u0161\u00ed na\u0161\u00ed komunit\u011b kulturn\u00ed z\u00e1\u017eitky p\u0159\u00edmo v Ostrav\u011b a okol\u00ed. Koncerty, festivaly, divadla, muzik\u00e1ly i dal\u0161\u00ed zaj\u00edmav\u00e9 kulturn\u00ed akce p\u0159edstavujeme nejen jako tip, kam vyrazit, ale tak\u00e9 prost\u0159ednictv\u00edm&nbsp;<strong>sout\u011b\u017e\u00ed o vstupenky<\/strong>, d\u00edky kter\u00fdm mohou na\u0161i u\u017eivatel\u00e9 jednotliv\u00e9 akce skute\u010dn\u011b za\u017e\u00edt. Postupn\u011b tak vznikaj\u00ed dal\u0161\u00ed p\u0159\u00edb\u011bhy a z\u00e1\u017eitky, na kter\u00e9 pos\u00edl\u00e1me Ostrav\u00e1ky spole\u010dn\u011b s aplikac\u00ed&nbsp;<strong>Moje Ostrava<\/strong>. <strong>Proto\u017ee Ostrava m\u00e1 co nab\u00eddnout. A my chceme, aby u toho Ostrav\u00e1ci byli.<\/strong> Projekt prob\u00edh\u00e1 prost\u0159ednictv\u00edm aplikace&nbsp;<strong>Moje Ostrava<\/strong>, kterou si m\u016f\u017eete st\u00e1hnout p\u0159\u00edmo zde:&nbsp;<strong><a href=\"https:\/\/play.google.com\/store\/apps\/details?id=cz.tripon.mojeostrava&amp;hl=cs\" title=\"\">ANDROID<\/a><\/strong>&nbsp;a zde:&nbsp;<strong><a href=\"https:\/\/apps.apple.com\/cz\/app\/moje-ostrava\/id1128098455?l=cs\" title=\"\">iOS<\/a><\/strong>.<\/p>\n\n\n\n<p class=\"wp-block-paragraph\"><\/p>\n\n\n\n<p class=\"wp-block-paragraph\"><br><\/p>\n\n\n\n<figure class=\"wp-block-image size-full is-resized\"><a href=\"https:\/\/www.slezskoostravskyhrad.cz\/cz\/akce\/490-jelenfest-2026.html\"><img  loading=\"lazy\"  decoding=\"async\"  width=\"800\"  height=\"434\"  src=\"data:image\/png;base64,iVBORw0KGgoAAAANSUhEUgAAAAEAAAABAQMAAAAl21bKAAAAA1BMVEUAAP+KeNJXAAAAAXRSTlMAQObYZgAAAAlwSFlzAAAOxAAADsQBlSsOGwAAAApJREFUCNdjYAAAAAIAAeIhvDMAAAAASUVORK5CYII=\"  alt=\"\"  class=\"wp-image-4430 pk-lazyload\"  style=\"aspect-ratio:1.843417745988788;width:369px;height:auto\"  data-pk-sizes=\"auto\"  data-ls-sizes=\"auto, (max-width: 800px) 100vw, 800px\"  data-pk-src=\"https:\/\/moje-ostrava.cz\/wp-content\/uploads\/2026\/08\/jelen.jpeg\"  data-pk-srcset=\"https:\/\/moje-ostrava.cz\/wp-content\/uploads\/2026\/08\/jelen.jpeg 800w, https:\/\/moje-ostrava.cz\/wp-content\/uploads\/2026\/08\/jelen-120x65.jpeg 120w, https:\/\/moje-ostrava.cz\/wp-content\/uploads\/2026\/08\/jelen-90x49.jpeg 90w, https:\/\/moje-ostrava.cz\/wp-content\/uploads\/2026\/08\/jelen-320x174.jpeg 320w, https:\/\/moje-ostrava.cz\/wp-content\/uploads\/2026\/08\/jelen-560x304.jpeg 560w\" ><\/a><\/figure>\n\n\n\n<h3 id=\"jelen-fest-12-9-2026\" class=\"wp-block-heading\"><strong>JELEN FEST \u2013 12. 9. 2026<\/strong><\/h3>\n\n\n\n<div class=\"wp-block-buttons is-layout-flex wp-block-buttons-is-layout-flex\">\n<div class=\"wp-block-button\"><a class=\"wp-block-button__link has-white-color has-vivid-cyan-blue-background-color has-text-color has-background has-link-color wp-element-button\" href=\"https:\/\/goout.net\/cs\/listky\/dalibor-janda-open-air-2026\/vmthb\/\"><strong>KOUPIT VSTUPENKU<\/strong><\/a><\/div>\n<\/div>\n\n\n\n<p class=\"wp-block-paragraph\">V r\u00e1mci projektu&nbsp;<strong>Ostravou za kulturou<\/strong>&nbsp;jsme na\u0161im u\u017eivatel\u016fm rozdali&nbsp;<strong>8 vstupenek na Jelen Fest<\/strong>, kter\u00fd se uskute\u010dn\u00ed 12. z\u00e1\u0159\u00ed na Slezskoostravsk\u00e9m hrad\u011b.<\/p>\n\n\n\n<p class=\"wp-block-paragraph\"><strong>Osm Ostrav\u00e1k\u016f si tak u\u017eije Jelen Fest zcela zdarma d\u00edky aplikaci Moje Ostrava<\/strong><br><strong>V\u00fdherci vstupenek:<\/strong><\/p>\n\n\n\n<hr class=\"wp-block-separator has-alpha-channel-opacity\"\/>\n\n\n\n<figure class=\"wp-block-image size-full is-resized\"><a href=\"https:\/\/www.ticketportal.cz\/event\/Vecer-legend-Alphaville-Sandra\"><img  loading=\"lazy\"  decoding=\"async\"  width=\"1114\"  height=\"524\"  src=\"data:image\/png;base64,iVBORw0KGgoAAAANSUhEUgAAAAEAAAABAQMAAAAl21bKAAAAA1BMVEUAAP+KeNJXAAAAAXRSTlMAQObYZgAAAAlwSFlzAAAOxAAADsQBlSsOGwAAAApJREFUCNdjYAAAAAIAAeIhvDMAAAAASUVORK5CYII=\"  alt=\"\"  class=\"wp-image-4666 pk-lazyload\"  style=\"aspect-ratio:2.125980982435743;width:388px;height:auto\"  data-pk-sizes=\"auto\"  data-ls-sizes=\"auto, (max-width: 1114px) 100vw, 1114px\"  data-pk-src=\"https:\/\/moje-ostrava.cz\/wp-content\/uploads\/2026\/09\/BB_Ostrava_80pc_Alphaville_sandra-1.png\"  data-pk-srcset=\"https:\/\/moje-ostrava.cz\/wp-content\/uploads\/2026\/09\/BB_Ostrava_80pc_Alphaville_sandra-1.png 1114w, https:\/\/moje-ostrava.cz\/wp-content\/uploads\/2026\/09\/BB_Ostrava_80pc_Alphaville_sandra-1-800x376.png 800w, https:\/\/moje-ostrava.cz\/wp-content\/uploads\/2026\/09\/BB_Ostrava_80pc_Alphaville_sandra-1-120x56.png 120w, https:\/\/moje-ostrava.cz\/wp-content\/uploads\/2026\/09\/BB_Ostrava_80pc_Alphaville_sandra-1-90x42.png 90w, https:\/\/moje-ostrava.cz\/wp-content\/uploads\/2026\/09\/BB_Ostrava_80pc_Alphaville_sandra-1-320x151.png 320w, https:\/\/moje-ostrava.cz\/wp-content\/uploads\/2026\/09\/BB_Ostrava_80pc_Alphaville_sandra-1-560x263.png 560w\" ><\/a><\/figure>\n\n\n\n<h3 id=\"vecer-legend-12-9-2026\" class=\"wp-block-heading\"><strong>VE\u010cER LEGEND &#8211; 12. 9. 2026<\/strong><\/h3>\n\n\n\n<div class=\"wp-block-buttons is-layout-flex wp-block-buttons-is-layout-flex\">\n<div class=\"wp-block-button\"><a class=\"wp-block-button__link has-vivid-cyan-blue-background-color has-background wp-element-button\" href=\"https:\/\/www.ticketportal.cz\/event\/Vecer-legend-Alphaville-Sandra\"><strong>KOUPIT VSTUPENKU<\/strong><\/a><\/div>\n<\/div>\n\n\n\n<p class=\"wp-block-paragraph\">Dva velk\u00e9 n\u00e1vraty na jedno p\u00f3dium. Dv\u011b legendy, kter\u00e9 definovaly \u00e9ru osmdes\u00e1t\u00fdch let.<\/p>\n\n\n\n<p class=\"wp-block-paragraph\"><strong>Alphaville <\/strong>a <strong>Sandra <\/strong>vystoup\u00ed b\u011bhem jednoho ve\u010dera \u2013 ka\u017ed\u00fd se sv\u00fdm vlastn\u00edm plnohodnotn\u00fdm koncertem.<br>Fanou\u0161ci se tak mohou t\u011b\u0161it na kompletn\u00ed program obou ikon, pln\u00fd nejv\u011bt\u0161\u00edch sv\u011btov\u00fdch hit\u016f, emoc\u00ed a autentick\u00e9 atmosf\u00e9ry 80. let.<\/p>\n\n\n\n<p class=\"wp-block-paragraph\"><strong>Alphaville<\/strong><br>N\u011bmeck\u00e1 popov\u00e1 legenda, kter\u00e1 se nesmazateln\u011b zapsala do hudebn\u00ed historie hity jako Forever Young, Big in Japan, Sounds Like a Melody nebo Dance With Me.<br>Od sv\u00e9ho vzniku v roce 1982 kapela ovlivnila celou generaci poslucha\u010d\u016f a dodnes dokazuje, \u017ee jejich hudba nest\u00e1rne.<br>Na koncert\u011b zazn\u00ed nejen nesmrteln\u00e9 klasiky, ale i skladby z nov\u011bj\u0161\u00ed tvorby, kter\u00e9 potvrzuj\u00ed jejich jedine\u010dn\u00fd styl a zvuk.<\/p>\n\n\n\n<p class=\"wp-block-paragraph\"><strong>Sandra<\/strong><br>Jedna z nejv\u00fdrazn\u011bj\u0161\u00edch \u017eensk\u00fdch ikon 80. let, jej\u00ed\u017e hity dobyly hitpar\u00e1dy po cel\u00e9 Evrop\u011b.<br>Skladby jako Maria Magdalena, In the Heat of the Night, Everlasting Love nebo Heaven Can Wait se staly synonymem pro zlatou \u00e9ru popu.<br>Sandra p\u0159in\u00e1\u0161\u00ed do sv\u00fdch vystoupen\u00ed nejen nostalgii, ale i energii, kterou si zamilovaly cel\u00e9 generace fanou\u0161k\u016f.<\/p>\n\n\n\n<p class=\"wp-block-paragraph\">V r\u00e1mci projektu\u00a0<strong>Ostravou za kulturou<\/strong>\u00a0jsme na\u0161im u\u017eivatel\u016fm rozd\u00e1m\u00a0<strong>2 vstupenky na VE\u010cER LEGEND<\/strong>, kter\u00fd se uskute\u010dn\u00ed 19. z\u00e1\u0159\u00ed V RT TORAX AR\u00c9N\u011a<\/p>\n\n\n\n<p class=\"wp-block-paragraph\"><strong>Dva Ostrav\u00e1ci si tak u\u017eije VE\u010cER LEGEND zcela zdarma d\u00edky aplikaci Moje Ostrava<\/strong><br><strong>V\u00fdherci vstupenek:<\/strong><\/p>\n\n\n\n<hr class=\"wp-block-separator has-alpha-channel-opacity\"\/>\n\n\n\n<figure class=\"wp-block-image size-full is-resized\"><a href=\"https:\/\/www.dolnivitkovice.cz\/akce\/maly-princ-recital\/\"><img  loading=\"lazy\"  decoding=\"async\"  width=\"935\"  height=\"491\"  src=\"data:image\/png;base64,iVBORw0KGgoAAAANSUhEUgAAAAEAAAABAQMAAAAl21bKAAAAA1BMVEUAAP+KeNJXAAAAAXRSTlMAQObYZgAAAAlwSFlzAAAOxAAADsQBlSsOGwAAAApJREFUCNdjYAAAAAIAAeIhvDMAAAAASUVORK5CYII=\"  alt=\"\"  class=\"wp-image-4473 pk-lazyload\"  style=\"aspect-ratio:1.9043368295767313;width:386px;height:auto\"  data-pk-sizes=\"auto\"  data-ls-sizes=\"auto, (max-width: 935px) 100vw, 935px\"  data-pk-src=\"https:\/\/moje-ostrava.cz\/wp-content\/uploads\/2026\/08\/maly-princ_ostrava_banner_935x491px.jpg\"  data-pk-srcset=\"https:\/\/moje-ostrava.cz\/wp-content\/uploads\/2026\/08\/maly-princ_ostrava_banner_935x491px.jpg 935w, https:\/\/moje-ostrava.cz\/wp-content\/uploads\/2026\/08\/maly-princ_ostrava_banner_935x491px-800x420.jpg 800w, https:\/\/moje-ostrava.cz\/wp-content\/uploads\/2026\/08\/maly-princ_ostrava_banner_935x491px-120x63.jpg 120w, https:\/\/moje-ostrava.cz\/wp-content\/uploads\/2026\/08\/maly-princ_ostrava_banner_935x491px-90x47.jpg 90w, https:\/\/moje-ostrava.cz\/wp-content\/uploads\/2026\/08\/maly-princ_ostrava_banner_935x491px-320x168.jpg 320w, https:\/\/moje-ostrava.cz\/wp-content\/uploads\/2026\/08\/maly-princ_ostrava_banner_935x491px-560x294.jpg 560w\" ><\/a><\/figure>\n\n\n\n<p class=\"wp-block-paragraph\"><\/p>\n\n\n\n<h3 id=\"maly-princ-19-10-2026\" class=\"wp-block-heading\"><strong>MAL\u00dd PRINC \u2013 19. 10. 2026<\/strong><\/h3>\n\n\n\n<div class=\"wp-block-buttons is-layout-flex wp-block-buttons-is-layout-flex\">\n<div class=\"wp-block-button\"><a class=\"wp-block-button__link has-white-color has-vivid-cyan-blue-background-color has-text-color has-background has-link-color wp-element-button\" href=\"https:\/\/goout.net\/cs\/listky\/maly-princ-recital\/fkujb\/\"><strong>KOUPIT VSTUPENKU<\/strong><\/a><\/div>\n<\/div>\n\n\n\n<p class=\"wp-block-paragraph\">V r\u00e1mci projektu&nbsp;<strong>Ostravou za kulturou<\/strong>&nbsp;rozd\u00e1me na\u0161im u\u017eivatel\u016fm&nbsp;<strong>vstupenky na p\u0159edstaven\u00ed Mal\u00fd princ<\/strong>, kter\u00e9 se uskute\u010dn\u00ed 19. \u0159\u00edjna v Multifunk\u010dn\u00ed aule Gong.<\/p>\n\n\n\n<p class=\"wp-block-paragraph\">Origin\u00e1ln\u00ed spojen\u00ed hudby a slova, kter\u00fdm div\u00e1ky provede&nbsp;<strong>Jan Cina za doprovodu smy\u010dcov\u00e9ho orchestru<\/strong>, si tak budou moci u\u017e\u00edt tak\u00e9 v\u00fdherci z aplikace Moje Ostrava.<\/p>\n\n\n\n<p class=\"wp-block-paragraph\"><strong>Osm Ostrav\u00e1k\u016f si tak u\u017eije Mal\u00e9ho prince zcela zdarma d\u00edky aplikaci Moje Ostrava.<\/strong><br><strong>V\u00fdherci vstupenek:<\/strong><\/p>\n\n\n\n<figure class=\"wp-block-image size-full is-resized\"><a href=\"https:\/\/www.dolnivitkovice.cz\/akce\/vivaldianno-shining-venice\/\"><img  loading=\"lazy\"  decoding=\"async\"  width=\"935\"  height=\"491\"  src=\"data:image\/png;base64,iVBORw0KGgoAAAANSUhEUgAAAAEAAAABAQMAAAAl21bKAAAAA1BMVEUAAP+KeNJXAAAAAXRSTlMAQObYZgAAAAlwSFlzAAAOxAAADsQBlSsOGwAAAApJREFUCNdjYAAAAAIAAeIhvDMAAAAASUVORK5CYII=\"  alt=\"\"  class=\"wp-image-4477 pk-lazyload\"  style=\"aspect-ratio:1.9043368295767313;width:362px;height:auto\"  data-pk-sizes=\"auto\"  data-ls-sizes=\"auto, (max-width: 935px) 100vw, 935px\"  data-pk-src=\"https:\/\/moje-ostrava.cz\/wp-content\/uploads\/2026\/08\/vivaldiano_ostrava_banner_935x491px.jpg\"  data-pk-srcset=\"https:\/\/moje-ostrava.cz\/wp-content\/uploads\/2026\/08\/vivaldiano_ostrava_banner_935x491px.jpg 935w, https:\/\/moje-ostrava.cz\/wp-content\/uploads\/2026\/08\/vivaldiano_ostrava_banner_935x491px-800x420.jpg 800w, https:\/\/moje-ostrava.cz\/wp-content\/uploads\/2026\/08\/vivaldiano_ostrava_banner_935x491px-120x63.jpg 120w, https:\/\/moje-ostrava.cz\/wp-content\/uploads\/2026\/08\/vivaldiano_ostrava_banner_935x491px-90x47.jpg 90w, https:\/\/moje-ostrava.cz\/wp-content\/uploads\/2026\/08\/vivaldiano_ostrava_banner_935x491px-320x168.jpg 320w, https:\/\/moje-ostrava.cz\/wp-content\/uploads\/2026\/08\/vivaldiano_ostrava_banner_935x491px-560x294.jpg 560w\" ><\/a><\/figure>\n\n\n\n<h3 id=\"vivaldianno-shining-venice-29-11-2026\" class=\"wp-block-heading\"><strong>VIVALDIANNO \u2013 SHINING VENICE \u2013 29. 11. 2026<\/strong><\/h3>\n\n\n\n<div class=\"wp-block-buttons is-layout-flex wp-block-buttons-is-layout-flex\">\n<div class=\"wp-block-button\"><a class=\"wp-block-button__link has-white-color has-vivid-cyan-blue-background-color has-text-color has-background has-link-color wp-element-button\" href=\"https:\/\/goout.net\/cs\/vivaldianno-shining-venice\/szquehy\/\"><strong>KOUPIT VSTUPENKU<\/strong><\/a><\/div>\n<\/div>\n\n\n\n<p class=\"wp-block-paragraph\">V r\u00e1mci projektu&nbsp;<strong>Ostravou za kulturou<\/strong>&nbsp;rozd\u00e1me na\u0161im u\u017eivatel\u016fm&nbsp;<strong>vstupenky na p\u0159edstaven\u00ed Vivaldianno \u2013 Shining Venice<\/strong>, kter\u00e9 se uskute\u010dn\u00ed 29. listopadu v Multifunk\u010dn\u00ed aule Gong.<\/p>\n\n\n\n<p class=\"wp-block-paragraph\">Jedine\u010dn\u00e9 spojen\u00ed&nbsp;<strong>klasick\u00e9 hudby, modern\u00edho zvuku a p\u016fsobiv\u00e9 vizu\u00e1ln\u00ed show<\/strong>&nbsp;si tak budou moci u\u017e\u00edt tak\u00e9 v\u00fdherci z aplikace Moje Ostrava.<\/p>\n\n\n\n<p class=\"wp-block-paragraph\"><strong>Osm Ostrav\u00e1k\u016f si tak u\u017eije Vivaldianno zcela zdarma d\u00edky aplikaci Moje Ostrava.<\/strong><br><strong>V\u00fdherci vstupenek:<\/strong><\/p>\n\n\n\n<figure class=\"wp-block-image size-full is-resized\"><a href=\"https:\/\/www.dolnivitkovice.cz\/akce\/pocta-petru-hapkovi\/\"><img  loading=\"lazy\"  decoding=\"async\"  width=\"935\"  height=\"491\"  src=\"data:image\/png;base64,iVBORw0KGgoAAAANSUhEUgAAAAEAAAABAQMAAAAl21bKAAAAA1BMVEUAAP+KeNJXAAAAAXRSTlMAQObYZgAAAAlwSFlzAAAOxAAADsQBlSsOGwAAAApJREFUCNdjYAAAAAIAAeIhvDMAAAAASUVORK5CYII=\"  alt=\"\"  class=\"wp-image-4480 pk-lazyload\"  style=\"aspect-ratio:1.9043368295767313;width:362px;height:auto\"  data-pk-sizes=\"auto\"  data-ls-sizes=\"auto, (max-width: 935px) 100vw, 935px\"  data-pk-src=\"https:\/\/moje-ostrava.cz\/wp-content\/uploads\/2026\/08\/hapka-pocta_ostrava_banner_935x491px.jpg\"  data-pk-srcset=\"https:\/\/moje-ostrava.cz\/wp-content\/uploads\/2026\/08\/hapka-pocta_ostrava_banner_935x491px.jpg 935w, https:\/\/moje-ostrava.cz\/wp-content\/uploads\/2026\/08\/hapka-pocta_ostrava_banner_935x491px-800x420.jpg 800w, https:\/\/moje-ostrava.cz\/wp-content\/uploads\/2026\/08\/hapka-pocta_ostrava_banner_935x491px-120x63.jpg 120w, https:\/\/moje-ostrava.cz\/wp-content\/uploads\/2026\/08\/hapka-pocta_ostrava_banner_935x491px-90x47.jpg 90w, https:\/\/moje-ostrava.cz\/wp-content\/uploads\/2026\/08\/hapka-pocta_ostrava_banner_935x491px-320x168.jpg 320w, https:\/\/moje-ostrava.cz\/wp-content\/uploads\/2026\/08\/hapka-pocta_ostrava_banner_935x491px-560x294.jpg 560w\" ><\/a><\/figure>\n\n\n\n<h3 id=\"pocta-petru-hapkovi-9-12-2026\" class=\"wp-block-heading\"><strong>POCTA PETRU HAPKOVI \u2013 9. 12. 2026<\/strong><\/h3>\n\n\n\n<div class=\"wp-block-buttons is-layout-flex wp-block-buttons-is-layout-flex\">\n<div class=\"wp-block-button\"><a class=\"wp-block-button__link has-white-color has-vivid-cyan-blue-background-color has-text-color has-background has-link-color wp-element-button\" href=\"https:\/\/www.ticketstream.cz\/vstupenky\/pocta-petru-hapkovi\"><strong>KOUPIT VSTUPENKU<\/strong><\/a><\/div>\n<\/div>\n\n\n\n<p class=\"wp-block-paragraph\">V r\u00e1mci projektu&nbsp;<strong>Ostravou za kulturou<\/strong>&nbsp;rozd\u00e1me na\u0161im u\u017eivatel\u016fm&nbsp;<strong>vstupenky na koncert Pocta Petru Hapkovi<\/strong>, kter\u00fd se uskute\u010dn\u00ed 9. prosince v Multifunk\u010dn\u00ed aule Gong.<\/p>\n\n\n\n<p class=\"wp-block-paragraph\">Ve\u010der v\u011bnovan\u00fd&nbsp;<strong>nezapomenuteln\u00fdm p\u00edsn\u00edm a hudb\u011b Petra Hapky<\/strong>&nbsp;si tak budou moci u\u017e\u00edt tak\u00e9 v\u00fdherci z aplikace Moje Ostrava.<\/p>\n\n\n\n<p class=\"wp-block-paragraph\"><strong>Osm Ostrav\u00e1k\u016f si tak u\u017eije Poctu Petru Hapkovi zcela zdarma d\u00edky aplikaci Moje Ostrava.<\/strong><\/p>\n\n\n\n<p class=\"wp-block-paragraph\"><strong>V\u00fdherci vstupenek:<\/strong><\/p>\n\n\n\n<h3 id=\"kam-jsme-vas-poslali-koho-jsme-videli-co-jsme-zazili\" class=\"wp-block-heading has-white-color has-vivid-cyan-blue-background-color has-text-color has-background has-link-color wp-elements-1\"><a href=\"https:\/\/moje-ostrava.cz\/?page_id=4510\" title=\"\">KAM JSME V\u00c1S POSLALI<\/a>, <a href=\"https:\/\/moje-ostrava.cz\/?page_id=4510\" title=\"\">KOHO JSME VID\u011aLI, CO JSME ZA\u017dILI<\/a><\/h3>\n\n\n\n<hr class=\"wp-block-separator has-alpha-channel-opacity\"\/>\n\n\n\n<figure class=\"wp-block-image size-full is-resized\"><a href=\"https:\/\/www.jacksburgerbar.cz\"><img  loading=\"lazy\"  decoding=\"async\"  width=\"624\"  height=\"416\"  src=\"data:image\/png;base64,iVBORw0KGgoAAAANSUhEUgAAAAEAAAABAQMAAAAl21bKAAAAA1BMVEUAAP+KeNJXAAAAAXRSTlMAQObYZgAAAAlwSFlzAAAOxAAADsQBlSsOGwAAAApJREFUCNdjYAAAAAIAAeIhvDMAAAAASUVORK5CYII=\"  alt=\"\"  class=\"wp-image-4469 pk-lazyload\"  style=\"aspect-ratio:1.5000359479473722;width:363px;height:auto\"  data-pk-sizes=\"auto\"  data-ls-sizes=\"auto, (max-width: 624px) 100vw, 624px\"  data-pk-src=\"https:\/\/moje-ostrava.cz\/wp-content\/uploads\/2026\/08\/par.png\"  data-pk-srcset=\"https:\/\/moje-ostrava.cz\/wp-content\/uploads\/2026\/08\/par.png 624w, https:\/\/moje-ostrava.cz\/wp-content\/uploads\/2026\/08\/par-120x80.png 120w, https:\/\/moje-ostrava.cz\/wp-content\/uploads\/2026\/08\/par-90x60.png 90w, https:\/\/moje-ostrava.cz\/wp-content\/uploads\/2026\/08\/par-320x213.png 320w, https:\/\/moje-ostrava.cz\/wp-content\/uploads\/2026\/08\/par-560x373.png 560w\" ><\/a><\/figure>\n","protected":false},"excerpt":{"rendered":"<p>Ostravou za kulturou&nbsp;je projekt aplikace&nbsp;Moje Ostrava, kter\u00fd p\u0159in\u00e1\u0161\u00ed na\u0161\u00ed komunit\u011b kulturn\u00ed z\u00e1\u017eitky p\u0159\u00edmo v Ostrav\u011b a okol\u00ed. Koncerty, festivaly, divadla, muzik\u00e1ly i dal\u0161\u00ed zaj\u00edmav\u00e9 kulturn\u00ed akce p\u0159edstavujeme nejen jako tip,&hellip;<\/p>\n","protected":false},"author":1,"featured_media":0,"parent":0,"menu_order":0,"comment_status":"closed","ping_status":"closed","template":"","meta":{"footnotes":""},"class_list":["post-3285","page","type-page","status-publish"],"aioseo_notices":[],"_links":{"self":[{"href":"https:\/\/moje-ostrava.cz\/index.php?rest_route=\/wp\/v2\/pages\/3285","targetHints":{"allow":["GET"]}}],"collection":[{"href":"https:\/\/moje-ostrava.cz\/index.php?rest_route=\/wp\/v2\/pages"}],"about":[{"href":"https:\/\/moje-ostrava.cz\/index.php?rest_route=\/wp\/v2\/types\/page"}],"author":[{"embeddable":true,"href":"https:\/\/moje-ostrava.cz\/index.php?rest_route=\/wp\/v2\/users\/1"}],"replies":[{"embeddable":true,"href":"https:\/\/moje-ostrava.cz\/index.php?rest_route=%2Fwp%2Fv2%2Fcomments&post=3285"}],"version-history":[{"count":38,"href":"https:\/\/moje-ostrava.cz\/index.php?rest_route=\/wp\/v2\/pages\/3285\/revisions"}],"predecessor-version":[{"id":4673,"href":"https:\/\/moje-ostrava.cz\/index.php?rest_route=\/wp\/v2\/pages\/3285\/revisions\/4673"}],"wp:attachment":[{"href":"https:\/\/moje-ostrava.cz\/index.php?rest_route=%2Fwp%2Fv2%2Fmedia&parent=3285"}],"curies":[{"name":"wp","href":"https:\/\/api.w.org\/{rel}","templated":true}]}}