{"id":4020,"date":"2026-06-18T08:59:58","date_gmt":"2026-06-18T08:59:58","guid":{"rendered":"https:\/\/moje-ostrava.cz\/?page_id=4020"},"modified":"2026-08-30T15:53:53","modified_gmt":"2026-08-30T15:53:53","slug":"s-moji-ostravou-na-cesty","status":"publish","type":"page","link":"https:\/\/moje-ostrava.cz\/?page_id=4020","title":{"rendered":"Ostrav\u00e1k na cest\u00e1ch"},"content":{"rendered":"\n<h2 id=\"ostravak-na-cestach-trnava-nas-mile-prekvapila-stoji-za-vikend\" class=\"wp-block-heading\"><a href=\"https:\/\/moje-ostrava.cz\/?page_id=4553\" title=\"\"><strong>Ostrav\u00e1k na cest\u00e1ch: Trnava n\u00e1s mile p\u0159ekvapila. Stoj\u00ed za v\u00edkend?<\/strong><\/a><\/h2>\n\n\n\n<figure class=\"wp-block-gallery has-nested-images columns-default is-cropped wp-block-gallery-1 is-layout-flex wp-block-gallery-is-layout-flex\">\n<figure class=\"wp-block-image size-large\"><img  loading=\"lazy\"  decoding=\"async\"  width=\"1160\"  height=\"1547\"  data-id=\"4029\"  src=\"data:image\/png;base64,iVBORw0KGgoAAAANSUhEUgAABIgAAAYLAQMAAABNWRHfAAAAA1BMVEUAAP+KeNJXAAAAAXRSTlMAQObYZgAAAAlwSFlzAAAOxAAADsQBlSsOGwAAAPJJREFUeNrtwTEBAAAAwqD1T20LL6AAAAAAAAAAAAAAAAAAAAAAAAAAAAAAAAAAAAAAAAAAAAAAAAAAAAAAAAAAAAAAAAAAAAAAAAAAAAAAAAAAAAAAAAAAAAAAAAAAAAAAAAAAAAAAAAAAAAAAAAAAAAAAAAAAAAAAAAAAAAAAAAAAAAAAAAAAAAAAAAAAAAAAAAAAAAAAAAAAAAAAAAAAAAAAAAAAAAAAAAAAAAAAAAAAAAAAAAAAAAAAAAAAAAAAAAAAAAAAAAAAAAAAAAAAAAAAAAAAAAAAAAAAAAAAAAAAAAAAAAAAAAAAAAAAAICvAXJzAAGR9O26AAAAAElFTkSuQmCC\"  alt=\"\"  class=\"wp-image-4029 pk-lazyload\"  data-pk-sizes=\"auto\"  data-ls-sizes=\"auto, (max-width: 1160px) 100vw, 1160px\"  data-pk-src=\"https:\/\/moje-ostrava.cz\/wp-content\/uploads\/2026\/06\/IMG_3368-1160x1547.jpeg\"  data-pk-srcset=\"https:\/\/moje-ostrava.cz\/wp-content\/uploads\/2026\/06\/IMG_3368-1160x1547.jpeg 1160w, https:\/\/moje-ostrava.cz\/wp-content\/uploads\/2026\/06\/IMG_3368-800x1067.jpeg 800w, https:\/\/moje-ostrava.cz\/wp-content\/uploads\/2026\/06\/IMG_3368-1152x1536.jpeg 1152w, https:\/\/moje-ostrava.cz\/wp-content\/uploads\/2026\/06\/IMG_3368-1536x2048.jpeg 1536w, https:\/\/moje-ostrava.cz\/wp-content\/uploads\/2026\/06\/IMG_3368-120x160.jpeg 120w, https:\/\/moje-ostrava.cz\/wp-content\/uploads\/2026\/06\/IMG_3368-90x120.jpeg 90w, https:\/\/moje-ostrava.cz\/wp-content\/uploads\/2026\/06\/IMG_3368-320x427.jpeg 320w, https:\/\/moje-ostrava.cz\/wp-content\/uploads\/2026\/06\/IMG_3368-560x747.jpeg 560w, https:\/\/moje-ostrava.cz\/wp-content\/uploads\/2026\/06\/IMG_3368-scaled.jpeg 1920w\" ><\/figure>\n\n\n\n<figure class=\"wp-block-image size-large\"><img  loading=\"lazy\"  decoding=\"async\"  width=\"1160\"  height=\"1547\"  data-id=\"4074\"  src=\"data:image\/png;base64,iVBORw0KGgoAAAANSUhEUgAABIgAAAYLAQMAAABNWRHfAAAAA1BMVEUAAP+KeNJXAAAAAXRSTlMAQObYZgAAAAlwSFlzAAAOxAAADsQBlSsOGwAAAPJJREFUeNrtwTEBAAAAwqD1T20LL6AAAAAAAAAAAAAAAAAAAAAAAAAAAAAAAAAAAAAAAAAAAAAAAAAAAAAAAAAAAAAAAAAAAAAAAAAAAAAAAAAAAAAAAAAAAAAAAAAAAAAAAAAAAAAAAAAAAAAAAAAAAAAAAAAAAAAAAAAAAAAAAAAAAAAAAAAAAAAAAAAAAAAAAAAAAAAAAAAAAAAAAAAAAAAAAAAAAAAAAAAAAAAAAAAAAAAAAAAAAAAAAAAAAAAAAAAAAAAAAAAAAAAAAAAAAAAAAAAAAAAAAAAAAAAAAAAAAAAAAAAAAAAAAAAAAICvAXJzAAGR9O26AAAAAElFTkSuQmCC\"  alt=\"\"  class=\"wp-image-4074 pk-lazyload\"  data-pk-sizes=\"auto\"  data-ls-sizes=\"auto, (max-width: 1160px) 100vw, 1160px\"  data-pk-src=\"https:\/\/moje-ostrava.cz\/wp-content\/uploads\/2026\/06\/IMG_3444-1160x1547.jpeg\"  data-pk-srcset=\"https:\/\/moje-ostrava.cz\/wp-content\/uploads\/2026\/06\/IMG_3444-1160x1547.jpeg 1160w, https:\/\/moje-ostrava.cz\/wp-content\/uploads\/2026\/06\/IMG_3444-800x1067.jpeg 800w, https:\/\/moje-ostrava.cz\/wp-content\/uploads\/2026\/06\/IMG_3444-1152x1536.jpeg 1152w, https:\/\/moje-ostrava.cz\/wp-content\/uploads\/2026\/06\/IMG_3444-1536x2048.jpeg 1536w, https:\/\/moje-ostrava.cz\/wp-content\/uploads\/2026\/06\/IMG_3444-120x160.jpeg 120w, https:\/\/moje-ostrava.cz\/wp-content\/uploads\/2026\/06\/IMG_3444-90x120.jpeg 90w, https:\/\/moje-ostrava.cz\/wp-content\/uploads\/2026\/06\/IMG_3444-320x427.jpeg 320w, https:\/\/moje-ostrava.cz\/wp-content\/uploads\/2026\/06\/IMG_3444-560x747.jpeg 560w, https:\/\/moje-ostrava.cz\/wp-content\/uploads\/2026\/06\/IMG_3444-scaled.jpeg 1920w\" ><\/figure>\n\n\n\n<figure class=\"wp-block-image size-large\"><img  loading=\"lazy\"  decoding=\"async\"  width=\"1160\"  height=\"1547\"  data-id=\"4077\"  src=\"data:image\/png;base64,iVBORw0KGgoAAAANSUhEUgAABIgAAAYLAQMAAABNWRHfAAAAA1BMVEUAAP+KeNJXAAAAAXRSTlMAQObYZgAAAAlwSFlzAAAOxAAADsQBlSsOGwAAAPJJREFUeNrtwTEBAAAAwqD1T20LL6AAAAAAAAAAAAAAAAAAAAAAAAAAAAAAAAAAAAAAAAAAAAAAAAAAAAAAAAAAAAAAAAAAAAAAAAAAAAAAAAAAAAAAAAAAAAAAAAAAAAAAAAAAAAAAAAAAAAAAAAAAAAAAAAAAAAAAAAAAAAAAAAAAAAAAAAAAAAAAAAAAAAAAAAAAAAAAAAAAAAAAAAAAAAAAAAAAAAAAAAAAAAAAAAAAAAAAAAAAAAAAAAAAAAAAAAAAAAAAAAAAAAAAAAAAAAAAAAAAAAAAAAAAAAAAAAAAAAAAAAAAAAAAAAAAAICvAXJzAAGR9O26AAAAAElFTkSuQmCC\"  alt=\"\"  class=\"wp-image-4077 pk-lazyload\"  data-pk-sizes=\"auto\"  data-ls-sizes=\"auto, (max-width: 1160px) 100vw, 1160px\"  data-pk-src=\"https:\/\/moje-ostrava.cz\/wp-content\/uploads\/2026\/06\/IMG_3439-1160x1547.jpeg\"  data-pk-srcset=\"https:\/\/moje-ostrava.cz\/wp-content\/uploads\/2026\/06\/IMG_3439-1160x1547.jpeg 1160w, https:\/\/moje-ostrava.cz\/wp-content\/uploads\/2026\/06\/IMG_3439-800x1067.jpeg 800w, https:\/\/moje-ostrava.cz\/wp-content\/uploads\/2026\/06\/IMG_3439-1152x1536.jpeg 1152w, https:\/\/moje-ostrava.cz\/wp-content\/uploads\/2026\/06\/IMG_3439-1536x2048.jpeg 1536w, https:\/\/moje-ostrava.cz\/wp-content\/uploads\/2026\/06\/IMG_3439-120x160.jpeg 120w, https:\/\/moje-ostrava.cz\/wp-content\/uploads\/2026\/06\/IMG_3439-90x120.jpeg 90w, https:\/\/moje-ostrava.cz\/wp-content\/uploads\/2026\/06\/IMG_3439-320x427.jpeg 320w, https:\/\/moje-ostrava.cz\/wp-content\/uploads\/2026\/06\/IMG_3439-560x747.jpeg 560w, https:\/\/moje-ostrava.cz\/wp-content\/uploads\/2026\/06\/IMG_3439-scaled.jpeg 1920w\" ><\/figure>\n<\/figure>\n\n\n\n<h2 id=\"ostravak-na-cestach-pres-ratibor-a-pohadkovou-mosznou-az-do-opole\" class=\"wp-block-heading\"><a href=\"https:\/\/moje-ostrava.cz\/?page_id=4546\" title=\"\"><strong>Ostrav\u00e1k na cest\u00e1ch: P\u0159es Ratibo\u0159 a poh\u00e1dkovou Mosznou a\u017e do Opole<\/strong><\/a><\/h2>\n\n\n\n<figure class=\"wp-block-gallery has-nested-images columns-default is-cropped wp-block-gallery-2 is-layout-flex wp-block-gallery-is-layout-flex\">\n<figure class=\"wp-block-image size-large\"><img  loading=\"lazy\"  decoding=\"async\"  width=\"1160\"  height=\"870\"  data-id=\"4628\"  src=\"data:image\/png;base64,iVBORw0KGgoAAAANSUhEUgAABIgAAANmAQMAAACrCyL8AAAAA1BMVEUAAP+KeNJXAAAAAXRSTlMAQObYZgAAAAlwSFlzAAAOxAAADsQBlSsOGwAAAJJJREFUeNrtwTEBAAAAwqD1T20JT6AAAAAAAAAAAAAAAAAAAAAAAAAAAAAAAAAAAAAAAAAAAAAAAAAAAAAAAAAAAAAAAAAAAAAAAAAAAAAAAAAAAAAAAAAAAAAAAAAAAAAAAAAAAAAAAAAAAAAAAAAAAAAAAAAAAAAAAAAAAAAAAAAAAAAAAAAAAAAAAAAAAAD+BvA7AAGTZkFsAAAAAElFTkSuQmCC\"  alt=\"\"  class=\"wp-image-4628 pk-lazyload\"  data-pk-sizes=\"auto\"  data-ls-sizes=\"auto, (max-width: 1160px) 100vw, 1160px\"  data-pk-src=\"https:\/\/moje-ostrava.cz\/wp-content\/uploads\/2026\/08\/IMG_5297-1160x870.jpeg\"  data-pk-srcset=\"https:\/\/moje-ostrava.cz\/wp-content\/uploads\/2026\/08\/IMG_5297-1160x870.jpeg 1160w, https:\/\/moje-ostrava.cz\/wp-content\/uploads\/2026\/08\/IMG_5297-800x600.jpeg 800w, https:\/\/moje-ostrava.cz\/wp-content\/uploads\/2026\/08\/IMG_5297-320x240.jpeg 320w, https:\/\/moje-ostrava.cz\/wp-content\/uploads\/2026\/08\/IMG_5297-1536x1152.jpeg 1536w, https:\/\/moje-ostrava.cz\/wp-content\/uploads\/2026\/08\/IMG_5297-2048x1536.jpeg 2048w, https:\/\/moje-ostrava.cz\/wp-content\/uploads\/2026\/08\/IMG_5297-300x225.jpeg 300w, https:\/\/moje-ostrava.cz\/wp-content\/uploads\/2026\/08\/IMG_5297-120x90.jpeg 120w, https:\/\/moje-ostrava.cz\/wp-content\/uploads\/2026\/08\/IMG_5297-90x68.jpeg 90w, https:\/\/moje-ostrava.cz\/wp-content\/uploads\/2026\/08\/IMG_5297-560x420.jpeg 560w, https:\/\/moje-ostrava.cz\/wp-content\/uploads\/2026\/08\/IMG_5297-1920x1440.jpeg 1920w, https:\/\/moje-ostrava.cz\/wp-content\/uploads\/2026\/08\/IMG_5297-scaled.jpeg 2560w\" ><\/figure>\n\n\n\n<figure class=\"wp-block-image size-large\"><img  loading=\"lazy\"  decoding=\"async\"  width=\"1160\"  height=\"870\"  data-id=\"4627\"  src=\"data:image\/png;base64,iVBORw0KGgoAAAANSUhEUgAABIgAAANmAQMAAACrCyL8AAAAA1BMVEUAAP+KeNJXAAAAAXRSTlMAQObYZgAAAAlwSFlzAAAOxAAADsQBlSsOGwAAAJJJREFUeNrtwTEBAAAAwqD1T20JT6AAAAAAAAAAAAAAAAAAAAAAAAAAAAAAAAAAAAAAAAAAAAAAAAAAAAAAAAAAAAAAAAAAAAAAAAAAAAAAAAAAAAAAAAAAAAAAAAAAAAAAAAAAAAAAAAAAAAAAAAAAAAAAAAAAAAAAAAAAAAAAAAAAAAAAAAAAAAAAAAAAAAD+BvA7AAGTZkFsAAAAAElFTkSuQmCC\"  alt=\"\"  class=\"wp-image-4627 pk-lazyload\"  data-pk-sizes=\"auto\"  data-ls-sizes=\"auto, (max-width: 1160px) 100vw, 1160px\"  data-pk-src=\"https:\/\/moje-ostrava.cz\/wp-content\/uploads\/2026\/08\/IMG_5302-1-1160x870.jpeg\"  data-pk-srcset=\"https:\/\/moje-ostrava.cz\/wp-content\/uploads\/2026\/08\/IMG_5302-1-1160x870.jpeg 1160w, https:\/\/moje-ostrava.cz\/wp-content\/uploads\/2026\/08\/IMG_5302-1-800x600.jpeg 800w, https:\/\/moje-ostrava.cz\/wp-content\/uploads\/2026\/08\/IMG_5302-1-320x240.jpeg 320w, https:\/\/moje-ostrava.cz\/wp-content\/uploads\/2026\/08\/IMG_5302-1-1536x1152.jpeg 1536w, https:\/\/moje-ostrava.cz\/wp-content\/uploads\/2026\/08\/IMG_5302-1-2048x1536.jpeg 2048w, https:\/\/moje-ostrava.cz\/wp-content\/uploads\/2026\/08\/IMG_5302-1-300x225.jpeg 300w, https:\/\/moje-ostrava.cz\/wp-content\/uploads\/2026\/08\/IMG_5302-1-120x90.jpeg 120w, https:\/\/moje-ostrava.cz\/wp-content\/uploads\/2026\/08\/IMG_5302-1-90x68.jpeg 90w, https:\/\/moje-ostrava.cz\/wp-content\/uploads\/2026\/08\/IMG_5302-1-560x420.jpeg 560w, https:\/\/moje-ostrava.cz\/wp-content\/uploads\/2026\/08\/IMG_5302-1-1920x1440.jpeg 1920w, https:\/\/moje-ostrava.cz\/wp-content\/uploads\/2026\/08\/IMG_5302-1-scaled.jpeg 2560w\" ><\/figure>\n\n\n\n<figure class=\"wp-block-image size-large\"><img  loading=\"lazy\"  decoding=\"async\"  width=\"1160\"  height=\"870\"  data-id=\"4626\"  src=\"data:image\/png;base64,iVBORw0KGgoAAAANSUhEUgAABIgAAANmAQMAAACrCyL8AAAAA1BMVEUAAP+KeNJXAAAAAXRSTlMAQObYZgAAAAlwSFlzAAAOxAAADsQBlSsOGwAAAJJJREFUeNrtwTEBAAAAwqD1T20JT6AAAAAAAAAAAAAAAAAAAAAAAAAAAAAAAAAAAAAAAAAAAAAAAAAAAAAAAAAAAAAAAAAAAAAAAAAAAAAAAAAAAAAAAAAAAAAAAAAAAAAAAAAAAAAAAAAAAAAAAAAAAAAAAAAAAAAAAAAAAAAAAAAAAAAAAAAAAAAAAAAAAAD+BvA7AAGTZkFsAAAAAElFTkSuQmCC\"  alt=\"\"  class=\"wp-image-4626 pk-lazyload\"  data-pk-sizes=\"auto\"  data-ls-sizes=\"auto, (max-width: 1160px) 100vw, 1160px\"  data-pk-src=\"https:\/\/moje-ostrava.cz\/wp-content\/uploads\/2026\/08\/IMG_5345-1-1160x870.jpeg\"  data-pk-srcset=\"https:\/\/moje-ostrava.cz\/wp-content\/uploads\/2026\/08\/IMG_5345-1-1160x870.jpeg 1160w, https:\/\/moje-ostrava.cz\/wp-content\/uploads\/2026\/08\/IMG_5345-1-800x600.jpeg 800w, https:\/\/moje-ostrava.cz\/wp-content\/uploads\/2026\/08\/IMG_5345-1-320x240.jpeg 320w, https:\/\/moje-ostrava.cz\/wp-content\/uploads\/2026\/08\/IMG_5345-1-1536x1152.jpeg 1536w, https:\/\/moje-ostrava.cz\/wp-content\/uploads\/2026\/08\/IMG_5345-1-2048x1536.jpeg 2048w, https:\/\/moje-ostrava.cz\/wp-content\/uploads\/2026\/08\/IMG_5345-1-300x225.jpeg 300w, https:\/\/moje-ostrava.cz\/wp-content\/uploads\/2026\/08\/IMG_5345-1-120x90.jpeg 120w, https:\/\/moje-ostrava.cz\/wp-content\/uploads\/2026\/08\/IMG_5345-1-90x68.jpeg 90w, https:\/\/moje-ostrava.cz\/wp-content\/uploads\/2026\/08\/IMG_5345-1-560x420.jpeg 560w, https:\/\/moje-ostrava.cz\/wp-content\/uploads\/2026\/08\/IMG_5345-1-1920x1440.jpeg 1920w, https:\/\/moje-ostrava.cz\/wp-content\/uploads\/2026\/08\/IMG_5345-1-scaled.jpeg 2560w\" ><\/figure>\n<\/figure>\n\n\n\n<figure class=\"wp-block-gallery has-nested-images columns-default is-cropped wp-block-gallery-3 is-layout-flex wp-block-gallery-is-layout-flex\">\n<figure class=\"wp-block-image size-large\"><a href=\"https:\/\/www.braviks.cz\"><img  loading=\"lazy\"  decoding=\"async\"  width=\"1160\"  height=\"1160\"  data-id=\"4390\"  src=\"data:image\/png;base64,iVBORw0KGgoAAAANSUhEUgAAAAEAAAABAQMAAAAl21bKAAAAA1BMVEUAAP+KeNJXAAAAAXRSTlMAQObYZgAAAAlwSFlzAAAOxAAADsQBlSsOGwAAAApJREFUCNdjYAAAAAIAAeIhvDMAAAAASUVORK5CYII=\"  alt=\"\"  class=\"wp-image-4390 pk-lazyload\"  data-pk-sizes=\"auto\"  data-ls-sizes=\"auto, (max-width: 1160px) 100vw, 1160px\"  data-pk-src=\"https:\/\/moje-ostrava.cz\/wp-content\/uploads\/2026\/08\/HLAVNI-PARTNER-1160x1160.png\"  data-pk-srcset=\"https:\/\/moje-ostrava.cz\/wp-content\/uploads\/2026\/08\/HLAVNI-PARTNER-1160x1160.png 1160w, https:\/\/moje-ostrava.cz\/wp-content\/uploads\/2026\/08\/HLAVNI-PARTNER-800x800.png 800w, https:\/\/moje-ostrava.cz\/wp-content\/uploads\/2026\/08\/HLAVNI-PARTNER-80x80.png 80w, https:\/\/moje-ostrava.cz\/wp-content\/uploads\/2026\/08\/HLAVNI-PARTNER-120x120.png 120w, https:\/\/moje-ostrava.cz\/wp-content\/uploads\/2026\/08\/HLAVNI-PARTNER-90x90.png 90w, https:\/\/moje-ostrava.cz\/wp-content\/uploads\/2026\/08\/HLAVNI-PARTNER-320x320.png 320w, https:\/\/moje-ostrava.cz\/wp-content\/uploads\/2026\/08\/HLAVNI-PARTNER-560x560.png 560w, https:\/\/moje-ostrava.cz\/wp-content\/uploads\/2026\/08\/HLAVNI-PARTNER.png 1254w\" ><\/a><\/figure>\n\n\n\n<figure class=\"wp-block-image size-large\"><a href=\"https:\/\/www.skalkaostrava.cz\"><img  loading=\"lazy\"  decoding=\"async\"  width=\"1160\"  height=\"1160\"  data-id=\"4410\"  src=\"data:image\/png;base64,iVBORw0KGgoAAAANSUhEUgAAAAEAAAABAQMAAAAl21bKAAAAA1BMVEUAAP+KeNJXAAAAAXRSTlMAQObYZgAAAAlwSFlzAAAOxAAADsQBlSsOGwAAAApJREFUCNdjYAAAAAIAAeIhvDMAAAAASUVORK5CYII=\"  alt=\"\"  class=\"wp-image-4410 pk-lazyload\"  data-pk-sizes=\"auto\"  data-ls-sizes=\"auto, (max-width: 1160px) 100vw, 1160px\"  data-pk-src=\"https:\/\/moje-ostrava.cz\/wp-content\/uploads\/2026\/08\/563ee9af-32ce-4c67-96bb-ece733d1654a-1160x1160.png\"  data-pk-srcset=\"https:\/\/moje-ostrava.cz\/wp-content\/uploads\/2026\/08\/563ee9af-32ce-4c67-96bb-ece733d1654a-1160x1160.png 1160w, https:\/\/moje-ostrava.cz\/wp-content\/uploads\/2026\/08\/563ee9af-32ce-4c67-96bb-ece733d1654a-800x800.png 800w, https:\/\/moje-ostrava.cz\/wp-content\/uploads\/2026\/08\/563ee9af-32ce-4c67-96bb-ece733d1654a-80x80.png 80w, https:\/\/moje-ostrava.cz\/wp-content\/uploads\/2026\/08\/563ee9af-32ce-4c67-96bb-ece733d1654a-120x120.png 120w, https:\/\/moje-ostrava.cz\/wp-content\/uploads\/2026\/08\/563ee9af-32ce-4c67-96bb-ece733d1654a-90x90.png 90w, https:\/\/moje-ostrava.cz\/wp-content\/uploads\/2026\/08\/563ee9af-32ce-4c67-96bb-ece733d1654a-320x320.png 320w, https:\/\/moje-ostrava.cz\/wp-content\/uploads\/2026\/08\/563ee9af-32ce-4c67-96bb-ece733d1654a-560x560.png 560w, https:\/\/moje-ostrava.cz\/wp-content\/uploads\/2026\/08\/563ee9af-32ce-4c67-96bb-ece733d1654a.png 1254w\" ><\/a><\/figure>\n<\/figure>\n\n\n\n<h2 id=\"soutezni-podminky\" class=\"wp-block-heading has-vivid-cyan-blue-color has-text-color has-link-color wp-elements-1\"><a href=\"https:\/\/moje-ostrava.cz\/?page_id=4152\" title=\"\">sout\u011b\u017en\u00ed podm\u00ednky<\/a><\/h2>\n\n\n\n<p class=\"wp-block-paragraph\"><\/p>\n\n\n\n<p class=\"wp-block-paragraph\"><\/p>\n","protected":false},"excerpt":{"rendered":"<p>Ostrav\u00e1k na cest\u00e1ch: Trnava n\u00e1s mile p\u0159ekvapila. Stoj\u00ed za v\u00edkend? Ostrav\u00e1k na cest\u00e1ch: P\u0159es Ratibo\u0159 a poh\u00e1dkovou Mosznou a\u017e do Opole sout\u011b\u017en\u00ed podm\u00ednky<\/p>\n","protected":false},"author":1,"featured_media":0,"parent":0,"menu_order":0,"comment_status":"closed","ping_status":"closed","template":"","meta":{"footnotes":""},"class_list":["post-4020","page","type-page","status-publish"],"aioseo_notices":[],"_links":{"self":[{"href":"https:\/\/moje-ostrava.cz\/index.php?rest_route=\/wp\/v2\/pages\/4020","targetHints":{"allow":["GET"]}}],"collection":[{"href":"https:\/\/moje-ostrava.cz\/index.php?rest_route=\/wp\/v2\/pages"}],"about":[{"href":"https:\/\/moje-ostrava.cz\/index.php?rest_route=\/wp\/v2\/types\/page"}],"author":[{"embeddable":true,"href":"https:\/\/moje-ostrava.cz\/index.php?rest_route=\/wp\/v2\/users\/1"}],"replies":[{"embeddable":true,"href":"https:\/\/moje-ostrava.cz\/index.php?rest_route=%2Fwp%2Fv2%2Fcomments&post=4020"}],"version-history":[{"count":20,"href":"https:\/\/moje-ostrava.cz\/index.php?rest_route=\/wp\/v2\/pages\/4020\/revisions"}],"predecessor-version":[{"id":4629,"href":"https:\/\/moje-ostrava.cz\/index.php?rest_route=\/wp\/v2\/pages\/4020\/revisions\/4629"}],"wp:attachment":[{"href":"https:\/\/moje-ostrava.cz\/index.php?rest_route=%2Fwp%2Fv2%2Fmedia&parent=4020"}],"curies":[{"name":"wp","href":"https:\/\/api.w.org\/{rel}","templated":true}]}}