{"id":4546,"date":"2026-08-28T07:06:00","date_gmt":"2026-08-28T07:06:00","guid":{"rendered":"https:\/\/moje-ostrava.cz\/?page_id=4546"},"modified":"2026-08-30T15:41:04","modified_gmt":"2026-08-30T15:41:04","slug":"ostravak-na-cestach-pres-ratibor-a-pohadkovou-mosznou-az-do-opole","status":"publish","type":"page","link":"https:\/\/moje-ostrava.cz\/?page_id=4546","title":{"rendered":"Ostrav\u00e1k na cest\u00e1ch: P\u0159es Ratibo\u0159 a poh\u00e1dkovou Mosznou a\u017e do Opole"},"content":{"rendered":"\n<p class=\"wp-block-paragraph\">Jak daleko mus\u00edte vyrazit z Ostravy, abyste m\u011bli pocit, \u017ee jste na mal\u00e9 dovolen\u00e9? N\u011bkdy sta\u010d\u00ed opravdu m\u00e1lo.<\/p>\n\n\n\n<p class=\"wp-block-paragraph\"><strong>Ostrav\u00e1k na cest\u00e1ch pokra\u010duje. Po Trnav\u011b jsme tentokr\u00e1t spole\u010dn\u011b s kolegou z Patriot Magaz\u00ednu zam\u00ed\u0159ili do Polska.<\/strong>&nbsp;Hlavn\u00edm c\u00edlem bylo Opole, ale proto\u017ee jsme vyrazili autem, rozhodli jsme se cestu zpest\u0159it zast\u00e1vkou v Ratibo\u0159i a n\u00e1v\u0161t\u011bvou poh\u00e1dkov\u00e9ho z\u00e1mku Moszna. Princip Ostrav\u00e1ka na cest\u00e1ch z\u016fst\u00e1v\u00e1 stejn\u00fd. Nechceme v\u00e1m ukazovat m\u00edsta z katalog\u016f ani ps\u00e1t klasick\u00e9ho turistick\u00e9ho pr\u016fvodce.&nbsp;<strong>Vyraz\u00edme tam sami, p\u0159esp\u00edme, projdeme m\u011bsto, ochutn\u00e1me m\u00edstn\u00ed gastronomii a uk\u00e1\u017eeme v\u00e1m cestu takovou, jakou jsme ji skute\u010dn\u011b za\u017eili.<\/strong>&nbsp;Co se n\u00e1m l\u00edbilo, doporu\u010d\u00edme. Kdy\u017e n\u00e1s n\u011bco zklame, \u0159ekneme to tak\u00e9.<\/p>\n\n\n\n<p class=\"wp-block-paragraph\">A t\u00edm na\u0161e cesta nekon\u010d\u00ed. Chceme, aby m\u00edsta, kter\u00e1 objev\u00edme, mohl n\u00e1sledn\u011b za\u017e\u00edt tak\u00e9 n\u011bkdo z v\u00e1s. Ale k tomu se je\u0161t\u011b dostaneme.<\/p>\n\n\n\n<p class=\"wp-block-paragraph\">Z Ostravy vyr\u00e1\u017e\u00edme v 8:30 r\u00e1no. Hlavn\u00edm c\u00edlem je Opole, ale prvn\u00ed zast\u00e1vkou se st\u00e1v\u00e1\u00a0<strong>Ratibo\u0159 \u2013 Racib\u00f3rz<\/strong>. P\u0159ibli\u017en\u011b za 40 minut jsme na m\u00edst\u011b. P\u016fvodn\u011b jsme cht\u011bli m\u011bsto trochu proj\u00edt, jen\u017ee po\u010das\u00ed m\u00e1 vlastn\u00ed pl\u00e1n. Pr\u0161\u00ed, tak\u017ee proch\u00e1zku odkl\u00e1d\u00e1me a m\u00ed\u0159\u00edme rovnou na sn\u00eddani do kav\u00e1rny\u00a0<a href=\"https:\/\/www.facebook.com\/p\/D\u0142uga-kawawino-61587532062272\/\" title=\"\"><strong>D\u0142uga kawa&amp;wino<\/strong>.<\/a> D\u00e1v\u00e1me si Croque Madame, cappuccino a \u010daj a \u00fa\u010det se zastavuje p\u0159esn\u011b na\u00a0<strong>100 z\u0142<\/strong> &#8211; <strong>560K\u010d<\/strong><\/p>\n\n\n\n<figure class=\"wp-block-gallery has-nested-images columns-default is-cropped wp-block-gallery-1 is-layout-flex wp-block-gallery-is-layout-flex\">\n<figure class=\"wp-block-image size-large\"><img  loading=\"lazy\"  decoding=\"async\"  width=\"1160\"  height=\"1547\"  data-id=\"4565\"  src=\"data:image\/png;base64,iVBORw0KGgoAAAANSUhEUgAABIgAAAYLAQMAAABNWRHfAAAAA1BMVEUAAP+KeNJXAAAAAXRSTlMAQObYZgAAAAlwSFlzAAAOxAAADsQBlSsOGwAAAPJJREFUeNrtwTEBAAAAwqD1T20LL6AAAAAAAAAAAAAAAAAAAAAAAAAAAAAAAAAAAAAAAAAAAAAAAAAAAAAAAAAAAAAAAAAAAAAAAAAAAAAAAAAAAAAAAAAAAAAAAAAAAAAAAAAAAAAAAAAAAAAAAAAAAAAAAAAAAAAAAAAAAAAAAAAAAAAAAAAAAAAAAAAAAAAAAAAAAAAAAAAAAAAAAAAAAAAAAAAAAAAAAAAAAAAAAAAAAAAAAAAAAAAAAAAAAAAAAAAAAAAAAAAAAAAAAAAAAAAAAAAAAAAAAAAAAAAAAAAAAAAAAAAAAAAAAAAAAICvAXJzAAGR9O26AAAAAElFTkSuQmCC\"  alt=\"\"  class=\"wp-image-4565 pk-lazyload\"  data-pk-sizes=\"auto\"  data-ls-sizes=\"auto, (max-width: 1160px) 100vw, 1160px\"  data-pk-src=\"https:\/\/moje-ostrava.cz\/wp-content\/uploads\/2026\/08\/IMG_5283-1-1160x1547.jpeg\"  data-pk-srcset=\"https:\/\/moje-ostrava.cz\/wp-content\/uploads\/2026\/08\/IMG_5283-1-1160x1547.jpeg 1160w, https:\/\/moje-ostrava.cz\/wp-content\/uploads\/2026\/08\/IMG_5283-1-800x1067.jpeg 800w, https:\/\/moje-ostrava.cz\/wp-content\/uploads\/2026\/08\/IMG_5283-1-1152x1536.jpeg 1152w, https:\/\/moje-ostrava.cz\/wp-content\/uploads\/2026\/08\/IMG_5283-1-1536x2048.jpeg 1536w, https:\/\/moje-ostrava.cz\/wp-content\/uploads\/2026\/08\/IMG_5283-1-120x160.jpeg 120w, https:\/\/moje-ostrava.cz\/wp-content\/uploads\/2026\/08\/IMG_5283-1-90x120.jpeg 90w, https:\/\/moje-ostrava.cz\/wp-content\/uploads\/2026\/08\/IMG_5283-1-320x427.jpeg 320w, https:\/\/moje-ostrava.cz\/wp-content\/uploads\/2026\/08\/IMG_5283-1-560x747.jpeg 560w, https:\/\/moje-ostrava.cz\/wp-content\/uploads\/2026\/08\/IMG_5283-1-scaled.jpeg 1920w\" ><\/figure>\n\n\n\n<figure class=\"wp-block-image size-large\"><img  loading=\"lazy\"  decoding=\"async\"  width=\"1160\"  height=\"870\"  data-id=\"4567\"  src=\"data:image\/png;base64,iVBORw0KGgoAAAANSUhEUgAABIgAAANmAQMAAACrCyL8AAAAA1BMVEUAAP+KeNJXAAAAAXRSTlMAQObYZgAAAAlwSFlzAAAOxAAADsQBlSsOGwAAAJJJREFUeNrtwTEBAAAAwqD1T20JT6AAAAAAAAAAAAAAAAAAAAAAAAAAAAAAAAAAAAAAAAAAAAAAAAAAAAAAAAAAAAAAAAAAAAAAAAAAAAAAAAAAAAAAAAAAAAAAAAAAAAAAAAAAAAAAAAAAAAAAAAAAAAAAAAAAAAAAAAAAAAAAAAAAAAAAAAAAAAAAAAAAAAD+BvA7AAGTZkFsAAAAAElFTkSuQmCC\"  alt=\"\"  class=\"wp-image-4567 pk-lazyload\"  data-pk-sizes=\"auto\"  data-ls-sizes=\"auto, (max-width: 1160px) 100vw, 1160px\"  data-pk-src=\"https:\/\/moje-ostrava.cz\/wp-content\/uploads\/2026\/08\/IMG_5285-1160x870.jpeg\"  data-pk-srcset=\"https:\/\/moje-ostrava.cz\/wp-content\/uploads\/2026\/08\/IMG_5285-1160x870.jpeg 1160w, https:\/\/moje-ostrava.cz\/wp-content\/uploads\/2026\/08\/IMG_5285-800x600.jpeg 800w, https:\/\/moje-ostrava.cz\/wp-content\/uploads\/2026\/08\/IMG_5285-320x240.jpeg 320w, https:\/\/moje-ostrava.cz\/wp-content\/uploads\/2026\/08\/IMG_5285-1536x1152.jpeg 1536w, https:\/\/moje-ostrava.cz\/wp-content\/uploads\/2026\/08\/IMG_5285-2048x1536.jpeg 2048w, https:\/\/moje-ostrava.cz\/wp-content\/uploads\/2026\/08\/IMG_5285-300x225.jpeg 300w, https:\/\/moje-ostrava.cz\/wp-content\/uploads\/2026\/08\/IMG_5285-120x90.jpeg 120w, https:\/\/moje-ostrava.cz\/wp-content\/uploads\/2026\/08\/IMG_5285-90x68.jpeg 90w, https:\/\/moje-ostrava.cz\/wp-content\/uploads\/2026\/08\/IMG_5285-560x420.jpeg 560w, https:\/\/moje-ostrava.cz\/wp-content\/uploads\/2026\/08\/IMG_5285-1920x1440.jpeg 1920w, https:\/\/moje-ostrava.cz\/wp-content\/uploads\/2026\/08\/IMG_5285-scaled.jpeg 2560w\" ><\/figure>\n\n\n\n<figure class=\"wp-block-image size-large\"><img  loading=\"lazy\"  decoding=\"async\"  width=\"1160\"  height=\"1547\"  data-id=\"4566\"  src=\"data:image\/png;base64,iVBORw0KGgoAAAANSUhEUgAABIgAAAYLAQMAAABNWRHfAAAAA1BMVEUAAP+KeNJXAAAAAXRSTlMAQObYZgAAAAlwSFlzAAAOxAAADsQBlSsOGwAAAPJJREFUeNrtwTEBAAAAwqD1T20LL6AAAAAAAAAAAAAAAAAAAAAAAAAAAAAAAAAAAAAAAAAAAAAAAAAAAAAAAAAAAAAAAAAAAAAAAAAAAAAAAAAAAAAAAAAAAAAAAAAAAAAAAAAAAAAAAAAAAAAAAAAAAAAAAAAAAAAAAAAAAAAAAAAAAAAAAAAAAAAAAAAAAAAAAAAAAAAAAAAAAAAAAAAAAAAAAAAAAAAAAAAAAAAAAAAAAAAAAAAAAAAAAAAAAAAAAAAAAAAAAAAAAAAAAAAAAAAAAAAAAAAAAAAAAAAAAAAAAAAAAAAAAAAAAAAAAICvAXJzAAGR9O26AAAAAElFTkSuQmCC\"  alt=\"\"  class=\"wp-image-4566 pk-lazyload\"  data-pk-sizes=\"auto\"  data-ls-sizes=\"auto, (max-width: 1160px) 100vw, 1160px\"  data-pk-src=\"https:\/\/moje-ostrava.cz\/wp-content\/uploads\/2026\/08\/IMG_5286-1160x1547.jpeg\"  data-pk-srcset=\"https:\/\/moje-ostrava.cz\/wp-content\/uploads\/2026\/08\/IMG_5286-1160x1547.jpeg 1160w, https:\/\/moje-ostrava.cz\/wp-content\/uploads\/2026\/08\/IMG_5286-800x1067.jpeg 800w, https:\/\/moje-ostrava.cz\/wp-content\/uploads\/2026\/08\/IMG_5286-1152x1536.jpeg 1152w, https:\/\/moje-ostrava.cz\/wp-content\/uploads\/2026\/08\/IMG_5286-1536x2048.jpeg 1536w, https:\/\/moje-ostrava.cz\/wp-content\/uploads\/2026\/08\/IMG_5286-120x160.jpeg 120w, https:\/\/moje-ostrava.cz\/wp-content\/uploads\/2026\/08\/IMG_5286-90x120.jpeg 90w, https:\/\/moje-ostrava.cz\/wp-content\/uploads\/2026\/08\/IMG_5286-320x427.jpeg 320w, https:\/\/moje-ostrava.cz\/wp-content\/uploads\/2026\/08\/IMG_5286-560x747.jpeg 560w, https:\/\/moje-ostrava.cz\/wp-content\/uploads\/2026\/08\/IMG_5286-scaled.jpeg 1920w\" ><\/figure>\n<\/figure>\n\n\n\n<p class=\"wp-block-paragraph\">A hned p\u0159ich\u00e1z\u00ed prvn\u00ed poznatek na\u0161\u00ed cesty. Up\u0159\u00edmn\u011b jsme \u010dekali, \u017ee v Polsku bude gastronomie o n\u011bco levn\u011bj\u0161\u00ed. Minim\u00e1ln\u011b v podnic\u00edch, kter\u00e9 jsme b\u011bhem v\u00fdletu nav\u0161t\u00edvili, u\u017e ale \u017e\u00e1dn\u00fd z\u00e1sadn\u00ed cenov\u00fd rozd\u00edl proti \u010cesku ne\u010dekejte. Na druhou stranu jsme postupn\u011b zjistili n\u011bco jin\u00e9ho, <strong>gastronomie je tady na velmi slu\u0161n\u00e9 \u00farovni.<\/strong><\/p>\n\n\n\n<p class=\"wp-block-paragraph\">D\u00e9\u0161\u0165 nepolevuje, tak\u017ee pl\u00e1novanou proch\u00e1zku Ratibo\u0159\u00ed vzd\u00e1v\u00e1me, sed\u00e1me zp\u00e1tky do auta a pokra\u010dujeme d\u00e1l.<\/p>\n\n\n\n<p class=\"wp-block-paragraph\">Po dal\u0161\u00edch p\u0159ibli\u017en\u011b 40 minut\u00e1ch p\u0159ij\u00ed\u017ed\u00edme k jednomu z m\u00edst, na kter\u00e9 jsme se t\u011b\u0161ili nejv\u00edce, <a href=\"https:\/\/mosznazamek.pl\" title=\"\"><strong>z\u00e1mku Moszna<\/strong>.<\/a> Pokud jste o n\u011bm nikdy nesly\u0161eli, doporu\u010dujeme si ho ulo\u017eit do sv\u00fdch cestovatelsk\u00fdch pl\u00e1n\u016f. U\u017e p\u0159i prvn\u00edm pohledu \u010dlov\u011bk pochop\u00ed, pro\u010d pat\u0159\u00ed k nejfotogeni\u010dt\u011bj\u0161\u00edm z\u00e1mk\u016fm v Polsku. V\u011b\u017ee, v\u011b\u017ei\u010dky, rozlehl\u00fd park, vodn\u00ed plochy a font\u00e1ny. Za p\u011bkn\u00e9ho po\u010das\u00ed se tady d\u00e1 bez probl\u00e9m\u016f str\u00e1vit n\u011bkolik hodin. My takov\u00e9 \u0161t\u011bst\u00ed nem\u011bli. Parkujeme p\u0159ibli\u017en\u011b sto metr\u016f od z\u00e1meck\u00e9ho parku.\u00a0<strong>Parkov\u00e1n\u00ed stoj\u00ed 8 z\u0142 -45 K\u010d a vstup do parku 24 z\u0142 &#8211; 133K\u010d na osobu.<\/strong>\u00a0Chv\u00edli se proch\u00e1z\u00edme, obch\u00e1z\u00edme z\u00e1mek a fot\u00edme, co n\u00e1m po\u010das\u00ed dovol\u00ed. Park samotn\u00fd stoj\u00ed za del\u0161\u00ed proch\u00e1zku a za lep\u0161\u00edho po\u010das\u00ed bychom tady ur\u010dit\u011b z\u016fstali d\u00e9le. D\u00e9\u0161\u0165 ale nakonec zes\u00edl\u00ed natolik, \u017ee hled\u00e1me \u00fakryt uvnit\u0159 z\u00e1mku. A kdy\u017e u\u017e jsme uvnit\u0159, pro\u010d si nedat k\u00e1vu a n\u011bco sladk\u00e9ho?<\/p>\n\n\n\n<figure class=\"wp-block-gallery has-nested-images columns-default is-cropped wp-block-gallery-2 is-layout-flex wp-block-gallery-is-layout-flex\">\n<figure class=\"wp-block-image size-large\"><img  loading=\"lazy\"  decoding=\"async\"  width=\"1160\"  height=\"1547\"  data-id=\"4571\"  src=\"data:image\/png;base64,iVBORw0KGgoAAAANSUhEUgAABIgAAAYLAQMAAABNWRHfAAAAA1BMVEUAAP+KeNJXAAAAAXRSTlMAQObYZgAAAAlwSFlzAAAOxAAADsQBlSsOGwAAAPJJREFUeNrtwTEBAAAAwqD1T20LL6AAAAAAAAAAAAAAAAAAAAAAAAAAAAAAAAAAAAAAAAAAAAAAAAAAAAAAAAAAAAAAAAAAAAAAAAAAAAAAAAAAAAAAAAAAAAAAAAAAAAAAAAAAAAAAAAAAAAAAAAAAAAAAAAAAAAAAAAAAAAAAAAAAAAAAAAAAAAAAAAAAAAAAAAAAAAAAAAAAAAAAAAAAAAAAAAAAAAAAAAAAAAAAAAAAAAAAAAAAAAAAAAAAAAAAAAAAAAAAAAAAAAAAAAAAAAAAAAAAAAAAAAAAAAAAAAAAAAAAAAAAAAAAAAAAAICvAXJzAAGR9O26AAAAAElFTkSuQmCC\"  alt=\"\"  class=\"wp-image-4571 pk-lazyload\"  data-pk-sizes=\"auto\"  data-ls-sizes=\"auto, (max-width: 1160px) 100vw, 1160px\"  data-pk-src=\"https:\/\/moje-ostrava.cz\/wp-content\/uploads\/2026\/08\/IMG_5288-1160x1547.jpeg\"  data-pk-srcset=\"https:\/\/moje-ostrava.cz\/wp-content\/uploads\/2026\/08\/IMG_5288-1160x1547.jpeg 1160w, https:\/\/moje-ostrava.cz\/wp-content\/uploads\/2026\/08\/IMG_5288-800x1067.jpeg 800w, https:\/\/moje-ostrava.cz\/wp-content\/uploads\/2026\/08\/IMG_5288-1152x1536.jpeg 1152w, https:\/\/moje-ostrava.cz\/wp-content\/uploads\/2026\/08\/IMG_5288-1536x2048.jpeg 1536w, https:\/\/moje-ostrava.cz\/wp-content\/uploads\/2026\/08\/IMG_5288-120x160.jpeg 120w, https:\/\/moje-ostrava.cz\/wp-content\/uploads\/2026\/08\/IMG_5288-90x120.jpeg 90w, https:\/\/moje-ostrava.cz\/wp-content\/uploads\/2026\/08\/IMG_5288-320x427.jpeg 320w, https:\/\/moje-ostrava.cz\/wp-content\/uploads\/2026\/08\/IMG_5288-560x747.jpeg 560w, https:\/\/moje-ostrava.cz\/wp-content\/uploads\/2026\/08\/IMG_5288-scaled.jpeg 1920w\" ><\/figure>\n\n\n\n<figure class=\"wp-block-image size-large\"><img  loading=\"lazy\"  decoding=\"async\"  width=\"1160\"  height=\"1547\"  data-id=\"4570\"  src=\"data:image\/png;base64,iVBORw0KGgoAAAANSUhEUgAABIgAAAYLAQMAAABNWRHfAAAAA1BMVEUAAP+KeNJXAAAAAXRSTlMAQObYZgAAAAlwSFlzAAAOxAAADsQBlSsOGwAAAPJJREFUeNrtwTEBAAAAwqD1T20LL6AAAAAAAAAAAAAAAAAAAAAAAAAAAAAAAAAAAAAAAAAAAAAAAAAAAAAAAAAAAAAAAAAAAAAAAAAAAAAAAAAAAAAAAAAAAAAAAAAAAAAAAAAAAAAAAAAAAAAAAAAAAAAAAAAAAAAAAAAAAAAAAAAAAAAAAAAAAAAAAAAAAAAAAAAAAAAAAAAAAAAAAAAAAAAAAAAAAAAAAAAAAAAAAAAAAAAAAAAAAAAAAAAAAAAAAAAAAAAAAAAAAAAAAAAAAAAAAAAAAAAAAAAAAAAAAAAAAAAAAAAAAAAAAAAAAICvAXJzAAGR9O26AAAAAElFTkSuQmCC\"  alt=\"\"  class=\"wp-image-4570 pk-lazyload\"  data-pk-sizes=\"auto\"  data-ls-sizes=\"auto, (max-width: 1160px) 100vw, 1160px\"  data-pk-src=\"https:\/\/moje-ostrava.cz\/wp-content\/uploads\/2026\/08\/IMG_5290-1-1160x1547.jpeg\"  data-pk-srcset=\"https:\/\/moje-ostrava.cz\/wp-content\/uploads\/2026\/08\/IMG_5290-1-1160x1547.jpeg 1160w, https:\/\/moje-ostrava.cz\/wp-content\/uploads\/2026\/08\/IMG_5290-1-800x1067.jpeg 800w, https:\/\/moje-ostrava.cz\/wp-content\/uploads\/2026\/08\/IMG_5290-1-1152x1536.jpeg 1152w, https:\/\/moje-ostrava.cz\/wp-content\/uploads\/2026\/08\/IMG_5290-1-1536x2048.jpeg 1536w, https:\/\/moje-ostrava.cz\/wp-content\/uploads\/2026\/08\/IMG_5290-1-120x160.jpeg 120w, https:\/\/moje-ostrava.cz\/wp-content\/uploads\/2026\/08\/IMG_5290-1-90x120.jpeg 90w, https:\/\/moje-ostrava.cz\/wp-content\/uploads\/2026\/08\/IMG_5290-1-320x427.jpeg 320w, https:\/\/moje-ostrava.cz\/wp-content\/uploads\/2026\/08\/IMG_5290-1-560x747.jpeg 560w, https:\/\/moje-ostrava.cz\/wp-content\/uploads\/2026\/08\/IMG_5290-1-scaled.jpeg 1920w\" ><\/figure>\n\n\n\n<figure class=\"wp-block-image size-large\"><img  loading=\"lazy\"  decoding=\"async\"  width=\"1160\"  height=\"1547\"  data-id=\"4572\"  src=\"data:image\/png;base64,iVBORw0KGgoAAAANSUhEUgAABIgAAAYLAQMAAABNWRHfAAAAA1BMVEUAAP+KeNJXAAAAAXRSTlMAQObYZgAAAAlwSFlzAAAOxAAADsQBlSsOGwAAAPJJREFUeNrtwTEBAAAAwqD1T20LL6AAAAAAAAAAAAAAAAAAAAAAAAAAAAAAAAAAAAAAAAAAAAAAAAAAAAAAAAAAAAAAAAAAAAAAAAAAAAAAAAAAAAAAAAAAAAAAAAAAAAAAAAAAAAAAAAAAAAAAAAAAAAAAAAAAAAAAAAAAAAAAAAAAAAAAAAAAAAAAAAAAAAAAAAAAAAAAAAAAAAAAAAAAAAAAAAAAAAAAAAAAAAAAAAAAAAAAAAAAAAAAAAAAAAAAAAAAAAAAAAAAAAAAAAAAAAAAAAAAAAAAAAAAAAAAAAAAAAAAAAAAAAAAAAAAAICvAXJzAAGR9O26AAAAAElFTkSuQmCC\"  alt=\"\"  class=\"wp-image-4572 pk-lazyload\"  data-pk-sizes=\"auto\"  data-ls-sizes=\"auto, (max-width: 1160px) 100vw, 1160px\"  data-pk-src=\"https:\/\/moje-ostrava.cz\/wp-content\/uploads\/2026\/08\/IMG_5298-1-1160x1547.jpeg\"  data-pk-srcset=\"https:\/\/moje-ostrava.cz\/wp-content\/uploads\/2026\/08\/IMG_5298-1-1160x1547.jpeg 1160w, https:\/\/moje-ostrava.cz\/wp-content\/uploads\/2026\/08\/IMG_5298-1-800x1067.jpeg 800w, https:\/\/moje-ostrava.cz\/wp-content\/uploads\/2026\/08\/IMG_5298-1-1152x1536.jpeg 1152w, https:\/\/moje-ostrava.cz\/wp-content\/uploads\/2026\/08\/IMG_5298-1-1536x2048.jpeg 1536w, https:\/\/moje-ostrava.cz\/wp-content\/uploads\/2026\/08\/IMG_5298-1-120x160.jpeg 120w, https:\/\/moje-ostrava.cz\/wp-content\/uploads\/2026\/08\/IMG_5298-1-90x120.jpeg 90w, https:\/\/moje-ostrava.cz\/wp-content\/uploads\/2026\/08\/IMG_5298-1-320x427.jpeg 320w, https:\/\/moje-ostrava.cz\/wp-content\/uploads\/2026\/08\/IMG_5298-1-560x747.jpeg 560w, https:\/\/moje-ostrava.cz\/wp-content\/uploads\/2026\/08\/IMG_5298-1-scaled.jpeg 1920w\" ><\/figure>\n<\/figure>\n\n\n\n<figure class=\"wp-block-gallery has-nested-images columns-default is-cropped wp-block-gallery-3 is-layout-flex wp-block-gallery-is-layout-flex\">\n<figure class=\"wp-block-image size-large\"><img  loading=\"lazy\"  decoding=\"async\"  width=\"1160\"  height=\"1547\"  data-id=\"4574\"  src=\"data:image\/png;base64,iVBORw0KGgoAAAANSUhEUgAABIgAAAYLAQMAAABNWRHfAAAAA1BMVEUAAP+KeNJXAAAAAXRSTlMAQObYZgAAAAlwSFlzAAAOxAAADsQBlSsOGwAAAPJJREFUeNrtwTEBAAAAwqD1T20LL6AAAAAAAAAAAAAAAAAAAAAAAAAAAAAAAAAAAAAAAAAAAAAAAAAAAAAAAAAAAAAAAAAAAAAAAAAAAAAAAAAAAAAAAAAAAAAAAAAAAAAAAAAAAAAAAAAAAAAAAAAAAAAAAAAAAAAAAAAAAAAAAAAAAAAAAAAAAAAAAAAAAAAAAAAAAAAAAAAAAAAAAAAAAAAAAAAAAAAAAAAAAAAAAAAAAAAAAAAAAAAAAAAAAAAAAAAAAAAAAAAAAAAAAAAAAAAAAAAAAAAAAAAAAAAAAAAAAAAAAAAAAAAAAAAAAICvAXJzAAGR9O26AAAAAElFTkSuQmCC\"  alt=\"\"  class=\"wp-image-4574 pk-lazyload\"  data-pk-sizes=\"auto\"  data-ls-sizes=\"auto, (max-width: 1160px) 100vw, 1160px\"  data-pk-src=\"https:\/\/moje-ostrava.cz\/wp-content\/uploads\/2026\/08\/IMG_5292-1160x1547.jpeg\"  data-pk-srcset=\"https:\/\/moje-ostrava.cz\/wp-content\/uploads\/2026\/08\/IMG_5292-1160x1547.jpeg 1160w, https:\/\/moje-ostrava.cz\/wp-content\/uploads\/2026\/08\/IMG_5292-800x1067.jpeg 800w, https:\/\/moje-ostrava.cz\/wp-content\/uploads\/2026\/08\/IMG_5292-1152x1536.jpeg 1152w, https:\/\/moje-ostrava.cz\/wp-content\/uploads\/2026\/08\/IMG_5292-1536x2048.jpeg 1536w, https:\/\/moje-ostrava.cz\/wp-content\/uploads\/2026\/08\/IMG_5292-120x160.jpeg 120w, https:\/\/moje-ostrava.cz\/wp-content\/uploads\/2026\/08\/IMG_5292-90x120.jpeg 90w, https:\/\/moje-ostrava.cz\/wp-content\/uploads\/2026\/08\/IMG_5292-320x427.jpeg 320w, https:\/\/moje-ostrava.cz\/wp-content\/uploads\/2026\/08\/IMG_5292-560x747.jpeg 560w, https:\/\/moje-ostrava.cz\/wp-content\/uploads\/2026\/08\/IMG_5292-scaled.jpeg 1920w\" ><\/figure>\n\n\n\n<figure class=\"wp-block-image size-large\"><img  loading=\"lazy\"  decoding=\"async\"  width=\"1160\"  height=\"1547\"  data-id=\"4575\"  src=\"data:image\/png;base64,iVBORw0KGgoAAAANSUhEUgAABIgAAAYLAQMAAABNWRHfAAAAA1BMVEUAAP+KeNJXAAAAAXRSTlMAQObYZgAAAAlwSFlzAAAOxAAADsQBlSsOGwAAAPJJREFUeNrtwTEBAAAAwqD1T20LL6AAAAAAAAAAAAAAAAAAAAAAAAAAAAAAAAAAAAAAAAAAAAAAAAAAAAAAAAAAAAAAAAAAAAAAAAAAAAAAAAAAAAAAAAAAAAAAAAAAAAAAAAAAAAAAAAAAAAAAAAAAAAAAAAAAAAAAAAAAAAAAAAAAAAAAAAAAAAAAAAAAAAAAAAAAAAAAAAAAAAAAAAAAAAAAAAAAAAAAAAAAAAAAAAAAAAAAAAAAAAAAAAAAAAAAAAAAAAAAAAAAAAAAAAAAAAAAAAAAAAAAAAAAAAAAAAAAAAAAAAAAAAAAAAAAAICvAXJzAAGR9O26AAAAAElFTkSuQmCC\"  alt=\"\"  class=\"wp-image-4575 pk-lazyload\"  data-pk-sizes=\"auto\"  data-ls-sizes=\"auto, (max-width: 1160px) 100vw, 1160px\"  data-pk-src=\"https:\/\/moje-ostrava.cz\/wp-content\/uploads\/2026\/08\/IMG_5293-1160x1547.jpeg\"  data-pk-srcset=\"https:\/\/moje-ostrava.cz\/wp-content\/uploads\/2026\/08\/IMG_5293-1160x1547.jpeg 1160w, https:\/\/moje-ostrava.cz\/wp-content\/uploads\/2026\/08\/IMG_5293-800x1067.jpeg 800w, https:\/\/moje-ostrava.cz\/wp-content\/uploads\/2026\/08\/IMG_5293-1152x1536.jpeg 1152w, https:\/\/moje-ostrava.cz\/wp-content\/uploads\/2026\/08\/IMG_5293-1536x2048.jpeg 1536w, https:\/\/moje-ostrava.cz\/wp-content\/uploads\/2026\/08\/IMG_5293-120x160.jpeg 120w, https:\/\/moje-ostrava.cz\/wp-content\/uploads\/2026\/08\/IMG_5293-90x120.jpeg 90w, https:\/\/moje-ostrava.cz\/wp-content\/uploads\/2026\/08\/IMG_5293-320x427.jpeg 320w, https:\/\/moje-ostrava.cz\/wp-content\/uploads\/2026\/08\/IMG_5293-560x747.jpeg 560w, https:\/\/moje-ostrava.cz\/wp-content\/uploads\/2026\/08\/IMG_5293-scaled.jpeg 1920w\" ><\/figure>\n\n\n\n<figure class=\"wp-block-image size-large\"><img  loading=\"lazy\"  decoding=\"async\"  width=\"1160\"  height=\"870\"  data-id=\"4573\"  src=\"data:image\/png;base64,iVBORw0KGgoAAAANSUhEUgAABIgAAANmAQMAAACrCyL8AAAAA1BMVEUAAP+KeNJXAAAAAXRSTlMAQObYZgAAAAlwSFlzAAAOxAAADsQBlSsOGwAAAJJJREFUeNrtwTEBAAAAwqD1T20JT6AAAAAAAAAAAAAAAAAAAAAAAAAAAAAAAAAAAAAAAAAAAAAAAAAAAAAAAAAAAAAAAAAAAAAAAAAAAAAAAAAAAAAAAAAAAAAAAAAAAAAAAAAAAAAAAAAAAAAAAAAAAAAAAAAAAAAAAAAAAAAAAAAAAAAAAAAAAAAAAAAAAAD+BvA7AAGTZkFsAAAAAElFTkSuQmCC\"  alt=\"\"  class=\"wp-image-4573 pk-lazyload\"  data-pk-sizes=\"auto\"  data-ls-sizes=\"auto, (max-width: 1160px) 100vw, 1160px\"  data-pk-src=\"https:\/\/moje-ostrava.cz\/wp-content\/uploads\/2026\/08\/IMG_5294-1160x870.jpeg\"  data-pk-srcset=\"https:\/\/moje-ostrava.cz\/wp-content\/uploads\/2026\/08\/IMG_5294-1160x870.jpeg 1160w, https:\/\/moje-ostrava.cz\/wp-content\/uploads\/2026\/08\/IMG_5294-800x600.jpeg 800w, https:\/\/moje-ostrava.cz\/wp-content\/uploads\/2026\/08\/IMG_5294-320x240.jpeg 320w, https:\/\/moje-ostrava.cz\/wp-content\/uploads\/2026\/08\/IMG_5294-1536x1152.jpeg 1536w, https:\/\/moje-ostrava.cz\/wp-content\/uploads\/2026\/08\/IMG_5294-2048x1536.jpeg 2048w, https:\/\/moje-ostrava.cz\/wp-content\/uploads\/2026\/08\/IMG_5294-300x225.jpeg 300w, https:\/\/moje-ostrava.cz\/wp-content\/uploads\/2026\/08\/IMG_5294-120x90.jpeg 120w, https:\/\/moje-ostrava.cz\/wp-content\/uploads\/2026\/08\/IMG_5294-90x68.jpeg 90w, https:\/\/moje-ostrava.cz\/wp-content\/uploads\/2026\/08\/IMG_5294-560x420.jpeg 560w, https:\/\/moje-ostrava.cz\/wp-content\/uploads\/2026\/08\/IMG_5294-1920x1440.jpeg 1920w, https:\/\/moje-ostrava.cz\/wp-content\/uploads\/2026\/08\/IMG_5294-scaled.jpeg 2560w\" ><\/figure>\n<\/figure>\n\n\n\n<p class=\"wp-block-paragraph\">Z\u00e1meck\u00e1 kav\u00e1rna je opravdu kr\u00e1sn\u00e1. Historick\u00e9 prost\u0159ed\u00ed, vysok\u00e9 stropy a atmosf\u00e9ra, kter\u00e1 k podobn\u00e9mu m\u00edstu dokonale sed\u00ed. P\u0159esn\u011b takov\u00e9 m\u00edsto, kde si p\u0159edstavujete, \u017ee se pohodln\u011b usad\u00edte a n\u011bkdo v\u00e1m p\u0159inese k\u00e1vu a z\u00e1kusek. A pr\u00e1v\u011b tady p\u0159ich\u00e1z\u00ed mal\u00e9 p\u0159ekvapen\u00ed. <strong>Obsluha u stol\u016f nen\u00ed.<\/strong>\u00a0\u010clov\u011bk si vystoj\u00ed frontu u pultu, objedn\u00e1vku dostane na t\u00e1c, odnese si ji ke stolu a nakonec po sob\u011b zase uklid\u00ed. Nen\u00ed to samoz\u0159ejm\u011b nic, co by v\u00e1m n\u00e1v\u0161t\u011bvu z\u00e1mku pokazilo, ale p\u0159izn\u00e1me se, \u017ee v tak kr\u00e1sn\u00e9m a t\u00e9m\u011b\u0159 luxusn\u00edm prost\u0159ed\u00ed jsme o\u010dek\u00e1vali trochu jin\u00fd servis. Za\u00a0<strong>dv\u011b k\u00e1vy a dva z\u00e1kusky plat\u00edme 56 z\u0142<\/strong> <strong>&#8211; 312K\u010d<\/strong><br>Pokud budete m\u00edt v\u011bt\u0161\u00ed \u0161t\u011bst\u00ed na po\u010das\u00ed ne\u017e my, ur\u010dit\u011b si na Mosznou nechte v\u00edce \u010dasu. Proj\u00edt m\u016f\u017eete rozlehl\u00fd park, u\u017e\u00edt si font\u00e1ny a nav\u0161t\u00edvit tak\u00e9 samotn\u00e9 z\u00e1meck\u00e9 interi\u00e9ry. My tentokr\u00e1t pokra\u010dujeme d\u00e1l.<br>Z Moszny je to do Opole p\u0159ibli\u017en\u011b dal\u0161\u00ed p\u016flhodina. A kone\u010dn\u011b p\u0159ij\u00ed\u017ed\u00edme k hlavn\u00edmu c\u00edli na\u0161\u00ed cesty.<\/p>\n\n\n\n<p class=\"wp-block-paragraph\"><br><strong>Opole.<\/strong> M\u011bsto m\u00e1 p\u0159ibli\u017en\u011b 125 tis\u00edc obyvatel, tak\u017ee \u017e\u00e1dn\u00e1 obrovsk\u00e1 evropsk\u00e1 metropole. O to v\u00edce n\u00e1s b\u011bhem n\u00e1sleduj\u00edc\u00edch hodin p\u0159ekvapovalo, kolik toho nab\u00edz\u00ed.<\/p>\n\n\n\n<p class=\"wp-block-paragraph\">Ubytov\u00e1n\u00ed jsme z\u00e1m\u011brn\u011b hledali p\u0159\u00edmo v centru a vybrali jsme\u00a0<strong>hotel Kamenica<\/strong>. Hotel le\u017e\u00ed vedle n\u00e1kupn\u00edho centra, v jeho\u017e gar\u00e1\u017e\u00edch jsme tak\u00e9 nechali auto za <strong>15 z\u0142<\/strong> 84K\u010d na 24 hodin..\u00a0<strong>Pokoj pro dva v\u010detn\u011b sn\u00eddan\u011b n\u00e1s vy\u0161el p\u0159ibli\u017en\u011b na <strong>305 z\u0142<\/strong> &#8211; 1.700 K\u010d<\/strong>\u00a0a poloha byla za n\u00e1s perfektn\u00ed. Do historick\u00e9ho centra jsme to m\u011bli p\u011b\u0161ky asi p\u011bt minut. Na pokoji si d\u00e1v\u00e1me p\u016flhodinovou pauzu, odkl\u00e1d\u00e1me v\u011bci a vyr\u00e1\u017e\u00edme. M\u00e1me hlad. A tentokr\u00e1t \u017e\u00e1dn\u00e9 dlouh\u00e9 hled\u00e1n\u00ed restaurac\u00ed podle internetu. Nech\u00e1v\u00e1me rozhodnout nos. Prvn\u00ed v\u016fn\u011b, kter\u00e1 n\u00e1s opravdu zaujala, n\u00e1s p\u0159ivedla do\u00a0<strong>RYBEXu<\/strong>. Jde sp\u00ed\u0161e o jednoduch\u00e9 ryb\u00ed bistro spojen\u00e9 s prodejnou ryb a ryb\u00edch v\u00fdrobk\u016f. U pultu si vyberete rybu, p\u0159id\u00e1te t\u0159eba hranolky nebo sal\u00e1t a m\u016f\u017eete j\u00edst. A proto\u017ee jsme oba milovn\u00edci ryb,<strong> trefili jsme se p\u0159esn\u011b do na\u0161eho gusta<\/strong>. Pr\u00e1v\u011b takov\u00e1 m\u00edsta m\u00e1me na cest\u00e1ch r\u00e1di. Nemus\u00ed m\u00edt b\u00edl\u00e9 ubrusy ani n\u011bkolikastr\u00e1nkov\u00e9 menu. Kdy\u017e n\u011bco d\u011blaj\u00ed dob\u0159e, \u010dlov\u011bk si podnik zapamatuje.<\/p>\n\n\n\n<figure class=\"wp-block-gallery has-nested-images columns-default is-cropped wp-block-gallery-4 is-layout-flex wp-block-gallery-is-layout-flex\">\n<figure class=\"wp-block-image size-large\"><img  loading=\"lazy\"  decoding=\"async\"  width=\"1160\"  height=\"870\"  data-id=\"4579\"  src=\"data:image\/png;base64,iVBORw0KGgoAAAANSUhEUgAABIgAAANmAQMAAACrCyL8AAAAA1BMVEUAAP+KeNJXAAAAAXRSTlMAQObYZgAAAAlwSFlzAAAOxAAADsQBlSsOGwAAAJJJREFUeNrtwTEBAAAAwqD1T20JT6AAAAAAAAAAAAAAAAAAAAAAAAAAAAAAAAAAAAAAAAAAAAAAAAAAAAAAAAAAAAAAAAAAAAAAAAAAAAAAAAAAAAAAAAAAAAAAAAAAAAAAAAAAAAAAAAAAAAAAAAAAAAAAAAAAAAAAAAAAAAAAAAAAAAAAAAAAAAAAAAAAAAD+BvA7AAGTZkFsAAAAAElFTkSuQmCC\"  alt=\"\"  class=\"wp-image-4579 pk-lazyload\"  data-pk-sizes=\"auto\"  data-ls-sizes=\"auto, (max-width: 1160px) 100vw, 1160px\"  data-pk-src=\"https:\/\/moje-ostrava.cz\/wp-content\/uploads\/2026\/08\/IMG_5359-1-1160x870.jpeg\"  data-pk-srcset=\"https:\/\/moje-ostrava.cz\/wp-content\/uploads\/2026\/08\/IMG_5359-1-1160x870.jpeg 1160w, https:\/\/moje-ostrava.cz\/wp-content\/uploads\/2026\/08\/IMG_5359-1-800x600.jpeg 800w, https:\/\/moje-ostrava.cz\/wp-content\/uploads\/2026\/08\/IMG_5359-1-320x240.jpeg 320w, https:\/\/moje-ostrava.cz\/wp-content\/uploads\/2026\/08\/IMG_5359-1-1536x1152.jpeg 1536w, https:\/\/moje-ostrava.cz\/wp-content\/uploads\/2026\/08\/IMG_5359-1-2048x1536.jpeg 2048w, https:\/\/moje-ostrava.cz\/wp-content\/uploads\/2026\/08\/IMG_5359-1-300x225.jpeg 300w, https:\/\/moje-ostrava.cz\/wp-content\/uploads\/2026\/08\/IMG_5359-1-120x90.jpeg 120w, https:\/\/moje-ostrava.cz\/wp-content\/uploads\/2026\/08\/IMG_5359-1-90x68.jpeg 90w, https:\/\/moje-ostrava.cz\/wp-content\/uploads\/2026\/08\/IMG_5359-1-560x420.jpeg 560w, https:\/\/moje-ostrava.cz\/wp-content\/uploads\/2026\/08\/IMG_5359-1-1920x1440.jpeg 1920w, https:\/\/moje-ostrava.cz\/wp-content\/uploads\/2026\/08\/IMG_5359-1-scaled.jpeg 2560w\" ><\/figure>\n\n\n\n<figure class=\"wp-block-image size-large\"><img  loading=\"lazy\"  decoding=\"async\"  width=\"1160\"  height=\"1547\"  data-id=\"4577\"  src=\"data:image\/png;base64,iVBORw0KGgoAAAANSUhEUgAABIgAAAYLAQMAAABNWRHfAAAAA1BMVEUAAP+KeNJXAAAAAXRSTlMAQObYZgAAAAlwSFlzAAAOxAAADsQBlSsOGwAAAPJJREFUeNrtwTEBAAAAwqD1T20LL6AAAAAAAAAAAAAAAAAAAAAAAAAAAAAAAAAAAAAAAAAAAAAAAAAAAAAAAAAAAAAAAAAAAAAAAAAAAAAAAAAAAAAAAAAAAAAAAAAAAAAAAAAAAAAAAAAAAAAAAAAAAAAAAAAAAAAAAAAAAAAAAAAAAAAAAAAAAAAAAAAAAAAAAAAAAAAAAAAAAAAAAAAAAAAAAAAAAAAAAAAAAAAAAAAAAAAAAAAAAAAAAAAAAAAAAAAAAAAAAAAAAAAAAAAAAAAAAAAAAAAAAAAAAAAAAAAAAAAAAAAAAAAAAAAAAICvAXJzAAGR9O26AAAAAElFTkSuQmCC\"  alt=\"\"  class=\"wp-image-4577 pk-lazyload\"  data-pk-sizes=\"auto\"  data-ls-sizes=\"auto, (max-width: 1160px) 100vw, 1160px\"  data-pk-src=\"https:\/\/moje-ostrava.cz\/wp-content\/uploads\/2026\/08\/IMG_5299-1160x1547.jpeg\"  data-pk-srcset=\"https:\/\/moje-ostrava.cz\/wp-content\/uploads\/2026\/08\/IMG_5299-1160x1547.jpeg 1160w, https:\/\/moje-ostrava.cz\/wp-content\/uploads\/2026\/08\/IMG_5299-800x1067.jpeg 800w, https:\/\/moje-ostrava.cz\/wp-content\/uploads\/2026\/08\/IMG_5299-1152x1536.jpeg 1152w, https:\/\/moje-ostrava.cz\/wp-content\/uploads\/2026\/08\/IMG_5299-1536x2048.jpeg 1536w, https:\/\/moje-ostrava.cz\/wp-content\/uploads\/2026\/08\/IMG_5299-120x160.jpeg 120w, https:\/\/moje-ostrava.cz\/wp-content\/uploads\/2026\/08\/IMG_5299-90x120.jpeg 90w, https:\/\/moje-ostrava.cz\/wp-content\/uploads\/2026\/08\/IMG_5299-320x427.jpeg 320w, https:\/\/moje-ostrava.cz\/wp-content\/uploads\/2026\/08\/IMG_5299-560x747.jpeg 560w, https:\/\/moje-ostrava.cz\/wp-content\/uploads\/2026\/08\/IMG_5299-scaled.jpeg 1920w\" ><\/figure>\n\n\n\n<figure class=\"wp-block-image size-large\"><img  loading=\"lazy\"  decoding=\"async\"  width=\"1160\"  height=\"1547\"  data-id=\"4578\"  src=\"data:image\/png;base64,iVBORw0KGgoAAAANSUhEUgAABIgAAAYLAQMAAABNWRHfAAAAA1BMVEUAAP+KeNJXAAAAAXRSTlMAQObYZgAAAAlwSFlzAAAOxAAADsQBlSsOGwAAAPJJREFUeNrtwTEBAAAAwqD1T20LL6AAAAAAAAAAAAAAAAAAAAAAAAAAAAAAAAAAAAAAAAAAAAAAAAAAAAAAAAAAAAAAAAAAAAAAAAAAAAAAAAAAAAAAAAAAAAAAAAAAAAAAAAAAAAAAAAAAAAAAAAAAAAAAAAAAAAAAAAAAAAAAAAAAAAAAAAAAAAAAAAAAAAAAAAAAAAAAAAAAAAAAAAAAAAAAAAAAAAAAAAAAAAAAAAAAAAAAAAAAAAAAAAAAAAAAAAAAAAAAAAAAAAAAAAAAAAAAAAAAAAAAAAAAAAAAAAAAAAAAAAAAAAAAAAAAAICvAXJzAAGR9O26AAAAAElFTkSuQmCC\"  alt=\"\"  class=\"wp-image-4578 pk-lazyload\"  data-pk-sizes=\"auto\"  data-ls-sizes=\"auto, (max-width: 1160px) 100vw, 1160px\"  data-pk-src=\"https:\/\/moje-ostrava.cz\/wp-content\/uploads\/2026\/08\/IMG_5300-1160x1547.jpeg\"  data-pk-srcset=\"https:\/\/moje-ostrava.cz\/wp-content\/uploads\/2026\/08\/IMG_5300-1160x1547.jpeg 1160w, https:\/\/moje-ostrava.cz\/wp-content\/uploads\/2026\/08\/IMG_5300-800x1067.jpeg 800w, https:\/\/moje-ostrava.cz\/wp-content\/uploads\/2026\/08\/IMG_5300-1152x1536.jpeg 1152w, https:\/\/moje-ostrava.cz\/wp-content\/uploads\/2026\/08\/IMG_5300-1536x2048.jpeg 1536w, https:\/\/moje-ostrava.cz\/wp-content\/uploads\/2026\/08\/IMG_5300-120x160.jpeg 120w, https:\/\/moje-ostrava.cz\/wp-content\/uploads\/2026\/08\/IMG_5300-90x120.jpeg 90w, https:\/\/moje-ostrava.cz\/wp-content\/uploads\/2026\/08\/IMG_5300-320x427.jpeg 320w, https:\/\/moje-ostrava.cz\/wp-content\/uploads\/2026\/08\/IMG_5300-560x747.jpeg 560w, https:\/\/moje-ostrava.cz\/wp-content\/uploads\/2026\/08\/IMG_5300-scaled.jpeg 1920w\" ><\/figure>\n<\/figure>\n\n\n\n<figure class=\"wp-block-gallery has-nested-images columns-default is-cropped wp-block-gallery-5 is-layout-flex wp-block-gallery-is-layout-flex\">\n<figure class=\"wp-block-image size-large\"><img  loading=\"lazy\"  decoding=\"async\"  width=\"1160\"  height=\"870\"  data-id=\"4582\"  src=\"data:image\/png;base64,iVBORw0KGgoAAAANSUhEUgAABIgAAANmAQMAAACrCyL8AAAAA1BMVEUAAP+KeNJXAAAAAXRSTlMAQObYZgAAAAlwSFlzAAAOxAAADsQBlSsOGwAAAJJJREFUeNrtwTEBAAAAwqD1T20JT6AAAAAAAAAAAAAAAAAAAAAAAAAAAAAAAAAAAAAAAAAAAAAAAAAAAAAAAAAAAAAAAAAAAAAAAAAAAAAAAAAAAAAAAAAAAAAAAAAAAAAAAAAAAAAAAAAAAAAAAAAAAAAAAAAAAAAAAAAAAAAAAAAAAAAAAAAAAAAAAAAAAAD+BvA7AAGTZkFsAAAAAElFTkSuQmCC\"  alt=\"\"  class=\"wp-image-4582 pk-lazyload\"  data-pk-sizes=\"auto\"  data-ls-sizes=\"auto, (max-width: 1160px) 100vw, 1160px\"  data-pk-src=\"https:\/\/moje-ostrava.cz\/wp-content\/uploads\/2026\/08\/IMG_5303-1160x870.jpeg\"  data-pk-srcset=\"https:\/\/moje-ostrava.cz\/wp-content\/uploads\/2026\/08\/IMG_5303-1160x870.jpeg 1160w, https:\/\/moje-ostrava.cz\/wp-content\/uploads\/2026\/08\/IMG_5303-800x600.jpeg 800w, https:\/\/moje-ostrava.cz\/wp-content\/uploads\/2026\/08\/IMG_5303-320x240.jpeg 320w, https:\/\/moje-ostrava.cz\/wp-content\/uploads\/2026\/08\/IMG_5303-1536x1152.jpeg 1536w, https:\/\/moje-ostrava.cz\/wp-content\/uploads\/2026\/08\/IMG_5303-2048x1536.jpeg 2048w, https:\/\/moje-ostrava.cz\/wp-content\/uploads\/2026\/08\/IMG_5303-300x225.jpeg 300w, https:\/\/moje-ostrava.cz\/wp-content\/uploads\/2026\/08\/IMG_5303-120x90.jpeg 120w, https:\/\/moje-ostrava.cz\/wp-content\/uploads\/2026\/08\/IMG_5303-90x68.jpeg 90w, https:\/\/moje-ostrava.cz\/wp-content\/uploads\/2026\/08\/IMG_5303-560x420.jpeg 560w, https:\/\/moje-ostrava.cz\/wp-content\/uploads\/2026\/08\/IMG_5303-1920x1440.jpeg 1920w, https:\/\/moje-ostrava.cz\/wp-content\/uploads\/2026\/08\/IMG_5303-scaled.jpeg 2560w\" ><\/figure>\n\n\n\n<figure class=\"wp-block-image size-large\"><img  loading=\"lazy\"  decoding=\"async\"  width=\"1160\"  height=\"1547\"  data-id=\"4581\"  src=\"data:image\/png;base64,iVBORw0KGgoAAAANSUhEUgAABIgAAAYLAQMAAABNWRHfAAAAA1BMVEUAAP+KeNJXAAAAAXRSTlMAQObYZgAAAAlwSFlzAAAOxAAADsQBlSsOGwAAAPJJREFUeNrtwTEBAAAAwqD1T20LL6AAAAAAAAAAAAAAAAAAAAAAAAAAAAAAAAAAAAAAAAAAAAAAAAAAAAAAAAAAAAAAAAAAAAAAAAAAAAAAAAAAAAAAAAAAAAAAAAAAAAAAAAAAAAAAAAAAAAAAAAAAAAAAAAAAAAAAAAAAAAAAAAAAAAAAAAAAAAAAAAAAAAAAAAAAAAAAAAAAAAAAAAAAAAAAAAAAAAAAAAAAAAAAAAAAAAAAAAAAAAAAAAAAAAAAAAAAAAAAAAAAAAAAAAAAAAAAAAAAAAAAAAAAAAAAAAAAAAAAAAAAAAAAAAAAAICvAXJzAAGR9O26AAAAAElFTkSuQmCC\"  alt=\"\"  class=\"wp-image-4581 pk-lazyload\"  data-pk-sizes=\"auto\"  data-ls-sizes=\"auto, (max-width: 1160px) 100vw, 1160px\"  data-pk-src=\"https:\/\/moje-ostrava.cz\/wp-content\/uploads\/2026\/08\/IMG_5304-1160x1547.jpeg\"  data-pk-srcset=\"https:\/\/moje-ostrava.cz\/wp-content\/uploads\/2026\/08\/IMG_5304-1160x1547.jpeg 1160w, https:\/\/moje-ostrava.cz\/wp-content\/uploads\/2026\/08\/IMG_5304-800x1067.jpeg 800w, https:\/\/moje-ostrava.cz\/wp-content\/uploads\/2026\/08\/IMG_5304-1152x1536.jpeg 1152w, https:\/\/moje-ostrava.cz\/wp-content\/uploads\/2026\/08\/IMG_5304-1536x2048.jpeg 1536w, https:\/\/moje-ostrava.cz\/wp-content\/uploads\/2026\/08\/IMG_5304-120x160.jpeg 120w, https:\/\/moje-ostrava.cz\/wp-content\/uploads\/2026\/08\/IMG_5304-90x120.jpeg 90w, https:\/\/moje-ostrava.cz\/wp-content\/uploads\/2026\/08\/IMG_5304-320x427.jpeg 320w, https:\/\/moje-ostrava.cz\/wp-content\/uploads\/2026\/08\/IMG_5304-560x747.jpeg 560w, https:\/\/moje-ostrava.cz\/wp-content\/uploads\/2026\/08\/IMG_5304-scaled.jpeg 1920w\" ><\/figure>\n\n\n\n<figure class=\"wp-block-image size-large\"><img  loading=\"lazy\"  decoding=\"async\"  width=\"1160\"  height=\"1547\"  data-id=\"4580\"  src=\"data:image\/png;base64,iVBORw0KGgoAAAANSUhEUgAABIgAAAYLAQMAAABNWRHfAAAAA1BMVEUAAP+KeNJXAAAAAXRSTlMAQObYZgAAAAlwSFlzAAAOxAAADsQBlSsOGwAAAPJJREFUeNrtwTEBAAAAwqD1T20LL6AAAAAAAAAAAAAAAAAAAAAAAAAAAAAAAAAAAAAAAAAAAAAAAAAAAAAAAAAAAAAAAAAAAAAAAAAAAAAAAAAAAAAAAAAAAAAAAAAAAAAAAAAAAAAAAAAAAAAAAAAAAAAAAAAAAAAAAAAAAAAAAAAAAAAAAAAAAAAAAAAAAAAAAAAAAAAAAAAAAAAAAAAAAAAAAAAAAAAAAAAAAAAAAAAAAAAAAAAAAAAAAAAAAAAAAAAAAAAAAAAAAAAAAAAAAAAAAAAAAAAAAAAAAAAAAAAAAAAAAAAAAAAAAAAAAICvAXJzAAGR9O26AAAAAElFTkSuQmCC\"  alt=\"\"  class=\"wp-image-4580 pk-lazyload\"  data-pk-sizes=\"auto\"  data-ls-sizes=\"auto, (max-width: 1160px) 100vw, 1160px\"  data-pk-src=\"https:\/\/moje-ostrava.cz\/wp-content\/uploads\/2026\/08\/IMG_5305-1160x1547.jpeg\"  data-pk-srcset=\"https:\/\/moje-ostrava.cz\/wp-content\/uploads\/2026\/08\/IMG_5305-1160x1547.jpeg 1160w, https:\/\/moje-ostrava.cz\/wp-content\/uploads\/2026\/08\/IMG_5305-800x1067.jpeg 800w, https:\/\/moje-ostrava.cz\/wp-content\/uploads\/2026\/08\/IMG_5305-1152x1536.jpeg 1152w, https:\/\/moje-ostrava.cz\/wp-content\/uploads\/2026\/08\/IMG_5305-1536x2048.jpeg 1536w, https:\/\/moje-ostrava.cz\/wp-content\/uploads\/2026\/08\/IMG_5305-120x160.jpeg 120w, https:\/\/moje-ostrava.cz\/wp-content\/uploads\/2026\/08\/IMG_5305-90x120.jpeg 90w, https:\/\/moje-ostrava.cz\/wp-content\/uploads\/2026\/08\/IMG_5305-320x427.jpeg 320w, https:\/\/moje-ostrava.cz\/wp-content\/uploads\/2026\/08\/IMG_5305-560x747.jpeg 560w, https:\/\/moje-ostrava.cz\/wp-content\/uploads\/2026\/08\/IMG_5305-scaled.jpeg 1920w\" ><\/figure>\n<\/figure>\n\n\n\n<p class=\"wp-block-paragraph\">Po dobr\u00e9m ob\u011bd\u011b samoz\u0159ejm\u011b mus\u00ed p\u0159ij\u00edt k\u00e1va. A postupn\u011b zji\u0161\u0165ujeme dal\u0161\u00ed v\u011bc.\u00a0<strong>Opole m\u00e1 p\u0159ekvapiv\u011b silnou gastronomickou sc\u00e9nu.<\/strong>\u00a0Restaurac\u00ed, kav\u00e1ren, bar\u016f a nejr\u016fzn\u011bj\u0161\u00edch podnik\u016f je v centru opravdu hodn\u011b. V jedn\u00e9 z kav\u00e1ren si d\u00e1v\u00e1me k\u00e1vu a opravdu poctiv\u00fd kopec zmrzliny. Za dva plat\u00edme p\u0159ibli\u017en\u011b\u00a0<strong>60z\u0142 &#8211; 335K\u010d<\/strong>.<\/p>\n\n\n\n<p class=\"wp-block-paragraph\">A kone\u010dn\u011b se d\u011bje n\u011bco z\u00e1sadn\u00edho.P\u0159est\u00e1v\u00e1 pr\u0161et. Vyr\u00e1\u017e\u00edme objevovat uli\u010dky a z\u00e1kout\u00ed star\u00e9ho m\u011bsta. Nehon\u00edme se od jedn\u00e9 pam\u00e1tky ke druh\u00e9 a neod\u0161krt\u00e1v\u00e1me si polo\u017eky v turistick\u00e9m pr\u016fvodci. Prost\u011b chod\u00edme, kouk\u00e1me, fot\u00edme a ob\u010das n\u011bkam zahneme jen proto, \u017ee n\u00e1s dan\u00e1 uli\u010dka zaujala. A pr\u00e1v\u011b tady n\u00e1s Opole za\u010d\u00edn\u00e1 opravdu bavit. Barevn\u00e9 domy, n\u00e1m\u011bst\u00ed, radnice, kostely, voda, mal\u00e9 uli\u010dky, restaurace a kav\u00e1rny. \u010clov\u011bka a\u017e p\u0159ekvap\u00ed, \u017ee\u00a0<strong>tak p\u0159\u00edjemn\u00e9 a zaj\u00edmav\u00e9 m\u011bsto m\u00e1me tak bl\u00edzko od Ostravy<\/strong>.<\/p>\n\n\n\n<figure class=\"wp-block-gallery has-nested-images columns-default is-cropped wp-block-gallery-6 is-layout-flex wp-block-gallery-is-layout-flex\">\n<figure class=\"wp-block-image size-large\"><img  loading=\"lazy\"  decoding=\"async\"  width=\"1160\"  height=\"870\"  data-id=\"4583\"  src=\"data:image\/png;base64,iVBORw0KGgoAAAANSUhEUgAABIgAAANmAQMAAACrCyL8AAAAA1BMVEUAAP+KeNJXAAAAAXRSTlMAQObYZgAAAAlwSFlzAAAOxAAADsQBlSsOGwAAAJJJREFUeNrtwTEBAAAAwqD1T20JT6AAAAAAAAAAAAAAAAAAAAAAAAAAAAAAAAAAAAAAAAAAAAAAAAAAAAAAAAAAAAAAAAAAAAAAAAAAAAAAAAAAAAAAAAAAAAAAAAAAAAAAAAAAAAAAAAAAAAAAAAAAAAAAAAAAAAAAAAAAAAAAAAAAAAAAAAAAAAAAAAAAAAD+BvA7AAGTZkFsAAAAAElFTkSuQmCC\"  alt=\"\"  class=\"wp-image-4583 pk-lazyload\"  data-pk-sizes=\"auto\"  data-ls-sizes=\"auto, (max-width: 1160px) 100vw, 1160px\"  data-pk-src=\"https:\/\/moje-ostrava.cz\/wp-content\/uploads\/2026\/08\/IMG_5302-1160x870.jpeg\"  data-pk-srcset=\"https:\/\/moje-ostrava.cz\/wp-content\/uploads\/2026\/08\/IMG_5302-1160x870.jpeg 1160w, https:\/\/moje-ostrava.cz\/wp-content\/uploads\/2026\/08\/IMG_5302-800x600.jpeg 800w, https:\/\/moje-ostrava.cz\/wp-content\/uploads\/2026\/08\/IMG_5302-320x240.jpeg 320w, https:\/\/moje-ostrava.cz\/wp-content\/uploads\/2026\/08\/IMG_5302-1536x1152.jpeg 1536w, https:\/\/moje-ostrava.cz\/wp-content\/uploads\/2026\/08\/IMG_5302-2048x1536.jpeg 2048w, https:\/\/moje-ostrava.cz\/wp-content\/uploads\/2026\/08\/IMG_5302-300x225.jpeg 300w, https:\/\/moje-ostrava.cz\/wp-content\/uploads\/2026\/08\/IMG_5302-120x90.jpeg 120w, https:\/\/moje-ostrava.cz\/wp-content\/uploads\/2026\/08\/IMG_5302-90x68.jpeg 90w, https:\/\/moje-ostrava.cz\/wp-content\/uploads\/2026\/08\/IMG_5302-560x420.jpeg 560w, https:\/\/moje-ostrava.cz\/wp-content\/uploads\/2026\/08\/IMG_5302-1920x1440.jpeg 1920w, https:\/\/moje-ostrava.cz\/wp-content\/uploads\/2026\/08\/IMG_5302-scaled.jpeg 2560w\" ><\/figure>\n\n\n\n<figure class=\"wp-block-image size-large\"><img  loading=\"lazy\"  decoding=\"async\"  width=\"1160\"  height=\"870\"  data-id=\"4584\"  src=\"data:image\/png;base64,iVBORw0KGgoAAAANSUhEUgAABIgAAANmAQMAAACrCyL8AAAAA1BMVEUAAP+KeNJXAAAAAXRSTlMAQObYZgAAAAlwSFlzAAAOxAAADsQBlSsOGwAAAJJJREFUeNrtwTEBAAAAwqD1T20JT6AAAAAAAAAAAAAAAAAAAAAAAAAAAAAAAAAAAAAAAAAAAAAAAAAAAAAAAAAAAAAAAAAAAAAAAAAAAAAAAAAAAAAAAAAAAAAAAAAAAAAAAAAAAAAAAAAAAAAAAAAAAAAAAAAAAAAAAAAAAAAAAAAAAAAAAAAAAAAAAAAAAAD+BvA7AAGTZkFsAAAAAElFTkSuQmCC\"  alt=\"\"  class=\"wp-image-4584 pk-lazyload\"  data-pk-sizes=\"auto\"  data-ls-sizes=\"auto, (max-width: 1160px) 100vw, 1160px\"  data-pk-src=\"https:\/\/moje-ostrava.cz\/wp-content\/uploads\/2026\/08\/IMG_5310-1160x870.jpeg\"  data-pk-srcset=\"https:\/\/moje-ostrava.cz\/wp-content\/uploads\/2026\/08\/IMG_5310-1160x870.jpeg 1160w, https:\/\/moje-ostrava.cz\/wp-content\/uploads\/2026\/08\/IMG_5310-800x600.jpeg 800w, https:\/\/moje-ostrava.cz\/wp-content\/uploads\/2026\/08\/IMG_5310-320x240.jpeg 320w, https:\/\/moje-ostrava.cz\/wp-content\/uploads\/2026\/08\/IMG_5310-1536x1152.jpeg 1536w, https:\/\/moje-ostrava.cz\/wp-content\/uploads\/2026\/08\/IMG_5310-2048x1536.jpeg 2048w, https:\/\/moje-ostrava.cz\/wp-content\/uploads\/2026\/08\/IMG_5310-300x225.jpeg 300w, https:\/\/moje-ostrava.cz\/wp-content\/uploads\/2026\/08\/IMG_5310-120x90.jpeg 120w, https:\/\/moje-ostrava.cz\/wp-content\/uploads\/2026\/08\/IMG_5310-90x68.jpeg 90w, https:\/\/moje-ostrava.cz\/wp-content\/uploads\/2026\/08\/IMG_5310-560x420.jpeg 560w, https:\/\/moje-ostrava.cz\/wp-content\/uploads\/2026\/08\/IMG_5310-1920x1440.jpeg 1920w, https:\/\/moje-ostrava.cz\/wp-content\/uploads\/2026\/08\/IMG_5310-scaled.jpeg 2560w\" ><\/figure>\n\n\n\n<figure class=\"wp-block-image size-large\"><img  loading=\"lazy\"  decoding=\"async\"  width=\"1160\"  height=\"870\"  data-id=\"4585\"  src=\"data:image\/png;base64,iVBORw0KGgoAAAANSUhEUgAABIgAAANmAQMAAACrCyL8AAAAA1BMVEUAAP+KeNJXAAAAAXRSTlMAQObYZgAAAAlwSFlzAAAOxAAADsQBlSsOGwAAAJJJREFUeNrtwTEBAAAAwqD1T20JT6AAAAAAAAAAAAAAAAAAAAAAAAAAAAAAAAAAAAAAAAAAAAAAAAAAAAAAAAAAAAAAAAAAAAAAAAAAAAAAAAAAAAAAAAAAAAAAAAAAAAAAAAAAAAAAAAAAAAAAAAAAAAAAAAAAAAAAAAAAAAAAAAAAAAAAAAAAAAAAAAAAAAD+BvA7AAGTZkFsAAAAAElFTkSuQmCC\"  alt=\"\"  class=\"wp-image-4585 pk-lazyload\"  data-pk-sizes=\"auto\"  data-ls-sizes=\"auto, (max-width: 1160px) 100vw, 1160px\"  data-pk-src=\"https:\/\/moje-ostrava.cz\/wp-content\/uploads\/2026\/08\/IMG_5314-1160x870.jpeg\"  data-pk-srcset=\"https:\/\/moje-ostrava.cz\/wp-content\/uploads\/2026\/08\/IMG_5314-1160x870.jpeg 1160w, https:\/\/moje-ostrava.cz\/wp-content\/uploads\/2026\/08\/IMG_5314-800x600.jpeg 800w, https:\/\/moje-ostrava.cz\/wp-content\/uploads\/2026\/08\/IMG_5314-320x240.jpeg 320w, https:\/\/moje-ostrava.cz\/wp-content\/uploads\/2026\/08\/IMG_5314-1536x1152.jpeg 1536w, https:\/\/moje-ostrava.cz\/wp-content\/uploads\/2026\/08\/IMG_5314-2048x1536.jpeg 2048w, https:\/\/moje-ostrava.cz\/wp-content\/uploads\/2026\/08\/IMG_5314-300x225.jpeg 300w, https:\/\/moje-ostrava.cz\/wp-content\/uploads\/2026\/08\/IMG_5314-120x90.jpeg 120w, https:\/\/moje-ostrava.cz\/wp-content\/uploads\/2026\/08\/IMG_5314-90x68.jpeg 90w, https:\/\/moje-ostrava.cz\/wp-content\/uploads\/2026\/08\/IMG_5314-560x420.jpeg 560w, https:\/\/moje-ostrava.cz\/wp-content\/uploads\/2026\/08\/IMG_5314-1920x1440.jpeg 1920w, https:\/\/moje-ostrava.cz\/wp-content\/uploads\/2026\/08\/IMG_5314-scaled.jpeg 2560w\" ><\/figure>\n<\/figure>\n\n\n\n<figure class=\"wp-block-gallery has-nested-images columns-default is-cropped wp-block-gallery-7 is-layout-flex wp-block-gallery-is-layout-flex\">\n<figure class=\"wp-block-image size-large\"><img  loading=\"lazy\"  decoding=\"async\"  width=\"1160\"  height=\"1547\"  data-id=\"4590\"  src=\"data:image\/png;base64,iVBORw0KGgoAAAANSUhEUgAABIgAAAYLAQMAAABNWRHfAAAAA1BMVEUAAP+KeNJXAAAAAXRSTlMAQObYZgAAAAlwSFlzAAAOxAAADsQBlSsOGwAAAPJJREFUeNrtwTEBAAAAwqD1T20LL6AAAAAAAAAAAAAAAAAAAAAAAAAAAAAAAAAAAAAAAAAAAAAAAAAAAAAAAAAAAAAAAAAAAAAAAAAAAAAAAAAAAAAAAAAAAAAAAAAAAAAAAAAAAAAAAAAAAAAAAAAAAAAAAAAAAAAAAAAAAAAAAAAAAAAAAAAAAAAAAAAAAAAAAAAAAAAAAAAAAAAAAAAAAAAAAAAAAAAAAAAAAAAAAAAAAAAAAAAAAAAAAAAAAAAAAAAAAAAAAAAAAAAAAAAAAAAAAAAAAAAAAAAAAAAAAAAAAAAAAAAAAAAAAAAAAICvAXJzAAGR9O26AAAAAElFTkSuQmCC\"  alt=\"\"  class=\"wp-image-4590 pk-lazyload\"  data-pk-sizes=\"auto\"  data-ls-sizes=\"auto, (max-width: 1160px) 100vw, 1160px\"  data-pk-src=\"https:\/\/moje-ostrava.cz\/wp-content\/uploads\/2026\/08\/IMG_5326-1-1160x1547.jpeg\"  data-pk-srcset=\"https:\/\/moje-ostrava.cz\/wp-content\/uploads\/2026\/08\/IMG_5326-1-1160x1547.jpeg 1160w, https:\/\/moje-ostrava.cz\/wp-content\/uploads\/2026\/08\/IMG_5326-1-800x1067.jpeg 800w, https:\/\/moje-ostrava.cz\/wp-content\/uploads\/2026\/08\/IMG_5326-1-1152x1536.jpeg 1152w, https:\/\/moje-ostrava.cz\/wp-content\/uploads\/2026\/08\/IMG_5326-1-1536x2048.jpeg 1536w, https:\/\/moje-ostrava.cz\/wp-content\/uploads\/2026\/08\/IMG_5326-1-120x160.jpeg 120w, https:\/\/moje-ostrava.cz\/wp-content\/uploads\/2026\/08\/IMG_5326-1-90x120.jpeg 90w, https:\/\/moje-ostrava.cz\/wp-content\/uploads\/2026\/08\/IMG_5326-1-320x427.jpeg 320w, https:\/\/moje-ostrava.cz\/wp-content\/uploads\/2026\/08\/IMG_5326-1-560x747.jpeg 560w, https:\/\/moje-ostrava.cz\/wp-content\/uploads\/2026\/08\/IMG_5326-1-scaled.jpeg 1920w\" ><\/figure>\n\n\n\n<figure class=\"wp-block-image size-large\"><img  loading=\"lazy\"  decoding=\"async\"  width=\"1160\"  height=\"1547\"  data-id=\"4589\"  src=\"data:image\/png;base64,iVBORw0KGgoAAAANSUhEUgAABIgAAAYLAQMAAABNWRHfAAAAA1BMVEUAAP+KeNJXAAAAAXRSTlMAQObYZgAAAAlwSFlzAAAOxAAADsQBlSsOGwAAAPJJREFUeNrtwTEBAAAAwqD1T20LL6AAAAAAAAAAAAAAAAAAAAAAAAAAAAAAAAAAAAAAAAAAAAAAAAAAAAAAAAAAAAAAAAAAAAAAAAAAAAAAAAAAAAAAAAAAAAAAAAAAAAAAAAAAAAAAAAAAAAAAAAAAAAAAAAAAAAAAAAAAAAAAAAAAAAAAAAAAAAAAAAAAAAAAAAAAAAAAAAAAAAAAAAAAAAAAAAAAAAAAAAAAAAAAAAAAAAAAAAAAAAAAAAAAAAAAAAAAAAAAAAAAAAAAAAAAAAAAAAAAAAAAAAAAAAAAAAAAAAAAAAAAAAAAAAAAAICvAXJzAAGR9O26AAAAAElFTkSuQmCC\"  alt=\"\"  class=\"wp-image-4589 pk-lazyload\"  data-pk-sizes=\"auto\"  data-ls-sizes=\"auto, (max-width: 1160px) 100vw, 1160px\"  data-pk-src=\"https:\/\/moje-ostrava.cz\/wp-content\/uploads\/2026\/08\/IMG_5334-1160x1547.jpeg\"  data-pk-srcset=\"https:\/\/moje-ostrava.cz\/wp-content\/uploads\/2026\/08\/IMG_5334-1160x1547.jpeg 1160w, https:\/\/moje-ostrava.cz\/wp-content\/uploads\/2026\/08\/IMG_5334-800x1067.jpeg 800w, https:\/\/moje-ostrava.cz\/wp-content\/uploads\/2026\/08\/IMG_5334-1152x1536.jpeg 1152w, https:\/\/moje-ostrava.cz\/wp-content\/uploads\/2026\/08\/IMG_5334-1536x2048.jpeg 1536w, https:\/\/moje-ostrava.cz\/wp-content\/uploads\/2026\/08\/IMG_5334-120x160.jpeg 120w, https:\/\/moje-ostrava.cz\/wp-content\/uploads\/2026\/08\/IMG_5334-90x120.jpeg 90w, https:\/\/moje-ostrava.cz\/wp-content\/uploads\/2026\/08\/IMG_5334-320x427.jpeg 320w, https:\/\/moje-ostrava.cz\/wp-content\/uploads\/2026\/08\/IMG_5334-560x747.jpeg 560w, https:\/\/moje-ostrava.cz\/wp-content\/uploads\/2026\/08\/IMG_5334-scaled.jpeg 1920w\" ><\/figure>\n\n\n\n<figure class=\"wp-block-image size-large\"><img  loading=\"lazy\"  decoding=\"async\"  width=\"1160\"  height=\"1547\"  data-id=\"4588\"  src=\"data:image\/png;base64,iVBORw0KGgoAAAANSUhEUgAABIgAAAYLAQMAAABNWRHfAAAAA1BMVEUAAP+KeNJXAAAAAXRSTlMAQObYZgAAAAlwSFlzAAAOxAAADsQBlSsOGwAAAPJJREFUeNrtwTEBAAAAwqD1T20LL6AAAAAAAAAAAAAAAAAAAAAAAAAAAAAAAAAAAAAAAAAAAAAAAAAAAAAAAAAAAAAAAAAAAAAAAAAAAAAAAAAAAAAAAAAAAAAAAAAAAAAAAAAAAAAAAAAAAAAAAAAAAAAAAAAAAAAAAAAAAAAAAAAAAAAAAAAAAAAAAAAAAAAAAAAAAAAAAAAAAAAAAAAAAAAAAAAAAAAAAAAAAAAAAAAAAAAAAAAAAAAAAAAAAAAAAAAAAAAAAAAAAAAAAAAAAAAAAAAAAAAAAAAAAAAAAAAAAAAAAAAAAAAAAAAAAICvAXJzAAGR9O26AAAAAElFTkSuQmCC\"  alt=\"\"  class=\"wp-image-4588 pk-lazyload\"  data-pk-sizes=\"auto\"  data-ls-sizes=\"auto, (max-width: 1160px) 100vw, 1160px\"  data-pk-src=\"https:\/\/moje-ostrava.cz\/wp-content\/uploads\/2026\/08\/IMG_5308-1160x1547.jpeg\"  data-pk-srcset=\"https:\/\/moje-ostrava.cz\/wp-content\/uploads\/2026\/08\/IMG_5308-1160x1547.jpeg 1160w, https:\/\/moje-ostrava.cz\/wp-content\/uploads\/2026\/08\/IMG_5308-800x1067.jpeg 800w, https:\/\/moje-ostrava.cz\/wp-content\/uploads\/2026\/08\/IMG_5308-1152x1536.jpeg 1152w, https:\/\/moje-ostrava.cz\/wp-content\/uploads\/2026\/08\/IMG_5308-1536x2048.jpeg 1536w, https:\/\/moje-ostrava.cz\/wp-content\/uploads\/2026\/08\/IMG_5308-120x160.jpeg 120w, https:\/\/moje-ostrava.cz\/wp-content\/uploads\/2026\/08\/IMG_5308-90x120.jpeg 90w, https:\/\/moje-ostrava.cz\/wp-content\/uploads\/2026\/08\/IMG_5308-320x427.jpeg 320w, https:\/\/moje-ostrava.cz\/wp-content\/uploads\/2026\/08\/IMG_5308-560x747.jpeg 560w, https:\/\/moje-ostrava.cz\/wp-content\/uploads\/2026\/08\/IMG_5308-scaled.jpeg 1920w\" ><\/figure>\n<\/figure>\n\n\n\n<p class=\"wp-block-paragraph\">Po n\u011bkolika hodin\u00e1ch chozen\u00ed nast\u00e1v\u00e1 \u010das na dal\u0161\u00ed d\u016fle\u017eitou turistickou discipl\u00ednu. Pivo. A v na\u0161em p\u0159\u00edpad\u011b tak\u00e9 Aperol. Zastavujeme se v\u00a0<strong>Restauraci Starka<\/strong>\u00a0u \u0159eky Odry, kter\u00e1 u\u017e v t\u011bchto m\u00edstech ma trochu v\u011bt\u0161\u00ed rozm\u011bry, ne\u017e jak ji zn\u00e1me v Ostrav\u011b. Star\u00e1 restaurace s atmosf\u00e9rou poctiv\u00e9 gastronomie, kter\u00e1 p\u016fsob\u00ed, jako by u\u017e n\u011bco pamatovala. Tentokr\u00e1t kuchyni netestujeme. D\u00e1v\u00e1me si pivo a Aperol, sed\u00edme u vody a chv\u00edli prost\u011b nic ne\u0159e\u0161\u00edme. P\u0159esn\u011b takovou zast\u00e1vku \u010dlov\u011bk b\u011bhem celodenn\u00edho chozen\u00ed pot\u0159ebuje.<\/p>\n\n\n\n<p class=\"wp-block-paragraph\">V podve\u010der se na p\u016fl hodiny vrac\u00edme do hotelu, trochu si odpo\u010dineme a kolem sedm\u00e9 vyr\u00e1\u017e\u00edme znovu. Tentokr\u00e1t chceme vid\u011bt,\u00a0<strong>jak vypad\u00e1 Opole ve\u010der<\/strong>. Cestou nar\u00e1\u017e\u00edme na\u00a0<strong>BALKANICA<\/strong>. Terasa je pln\u00e1, tak\u017ee jdeme dovnit\u0159. A dob\u0159e jsme ud\u011blali.<\/p>\n\n\n\n<p class=\"wp-block-paragraph\">Tady bychom klidn\u011b pou\u017eili v\u00fdraz\u00a0<strong>poctiv\u00e9 gastronomick\u00e9 \u0159emeslo<\/strong>. A to jak ze strany kuchyn\u011b, tak obsluhy. Dobr\u00e9 v\u00edno, skv\u011bl\u00fd p\u0159edkrm, v\u00fdborn\u00e9 hlavn\u00ed j\u00eddlo a servis, kter\u00fd fungoval tak, jak m\u00e1. Pokud m\u00e1te r\u00e1di balk\u00e1nskou kuchyni a n\u011bkdy do Opole vyraz\u00edte,\u00a0<strong>BALKANICA m\u00e1 od n\u00e1s doporu\u010den\u00ed<\/strong>. Za kompletn\u00ed a opravdu pestrou ve\u010de\u0159i pro dva s p\u0159edkrmem, n\u011bkolika pivy a v\u00ednem nech\u00e1v\u00e1me p\u0159ibli\u017en\u011b\u00a0<strong>280 z\u0142<\/strong> &#8211; <strong>1559K\u010d.<\/strong><\/p>\n\n\n\n<figure class=\"wp-block-gallery has-nested-images columns-default is-cropped wp-block-gallery-8 is-layout-flex wp-block-gallery-is-layout-flex\">\n<figure class=\"wp-block-image size-large\"><img  loading=\"lazy\"  decoding=\"async\"  width=\"1160\"  height=\"1547\"  data-id=\"4592\"  src=\"data:image\/png;base64,iVBORw0KGgoAAAANSUhEUgAABIgAAAYLAQMAAABNWRHfAAAAA1BMVEUAAP+KeNJXAAAAAXRSTlMAQObYZgAAAAlwSFlzAAAOxAAADsQBlSsOGwAAAPJJREFUeNrtwTEBAAAAwqD1T20LL6AAAAAAAAAAAAAAAAAAAAAAAAAAAAAAAAAAAAAAAAAAAAAAAAAAAAAAAAAAAAAAAAAAAAAAAAAAAAAAAAAAAAAAAAAAAAAAAAAAAAAAAAAAAAAAAAAAAAAAAAAAAAAAAAAAAAAAAAAAAAAAAAAAAAAAAAAAAAAAAAAAAAAAAAAAAAAAAAAAAAAAAAAAAAAAAAAAAAAAAAAAAAAAAAAAAAAAAAAAAAAAAAAAAAAAAAAAAAAAAAAAAAAAAAAAAAAAAAAAAAAAAAAAAAAAAAAAAAAAAAAAAAAAAAAAAICvAXJzAAGR9O26AAAAAElFTkSuQmCC\"  alt=\"\"  class=\"wp-image-4592 pk-lazyload\"  data-pk-sizes=\"auto\"  data-ls-sizes=\"auto, (max-width: 1160px) 100vw, 1160px\"  data-pk-src=\"https:\/\/moje-ostrava.cz\/wp-content\/uploads\/2026\/08\/IMG_5340-1-1160x1547.jpeg\"  data-pk-srcset=\"https:\/\/moje-ostrava.cz\/wp-content\/uploads\/2026\/08\/IMG_5340-1-1160x1547.jpeg 1160w, https:\/\/moje-ostrava.cz\/wp-content\/uploads\/2026\/08\/IMG_5340-1-800x1067.jpeg 800w, https:\/\/moje-ostrava.cz\/wp-content\/uploads\/2026\/08\/IMG_5340-1-1152x1536.jpeg 1152w, https:\/\/moje-ostrava.cz\/wp-content\/uploads\/2026\/08\/IMG_5340-1-1536x2048.jpeg 1536w, https:\/\/moje-ostrava.cz\/wp-content\/uploads\/2026\/08\/IMG_5340-1-120x160.jpeg 120w, https:\/\/moje-ostrava.cz\/wp-content\/uploads\/2026\/08\/IMG_5340-1-90x120.jpeg 90w, https:\/\/moje-ostrava.cz\/wp-content\/uploads\/2026\/08\/IMG_5340-1-320x427.jpeg 320w, https:\/\/moje-ostrava.cz\/wp-content\/uploads\/2026\/08\/IMG_5340-1-560x747.jpeg 560w, https:\/\/moje-ostrava.cz\/wp-content\/uploads\/2026\/08\/IMG_5340-1-scaled.jpeg 1920w\" ><\/figure>\n\n\n\n<figure class=\"wp-block-image size-large\"><img  loading=\"lazy\"  decoding=\"async\"  width=\"1160\"  height=\"1547\"  data-id=\"4593\"  src=\"data:image\/png;base64,iVBORw0KGgoAAAANSUhEUgAABIgAAAYLAQMAAABNWRHfAAAAA1BMVEUAAP+KeNJXAAAAAXRSTlMAQObYZgAAAAlwSFlzAAAOxAAADsQBlSsOGwAAAPJJREFUeNrtwTEBAAAAwqD1T20LL6AAAAAAAAAAAAAAAAAAAAAAAAAAAAAAAAAAAAAAAAAAAAAAAAAAAAAAAAAAAAAAAAAAAAAAAAAAAAAAAAAAAAAAAAAAAAAAAAAAAAAAAAAAAAAAAAAAAAAAAAAAAAAAAAAAAAAAAAAAAAAAAAAAAAAAAAAAAAAAAAAAAAAAAAAAAAAAAAAAAAAAAAAAAAAAAAAAAAAAAAAAAAAAAAAAAAAAAAAAAAAAAAAAAAAAAAAAAAAAAAAAAAAAAAAAAAAAAAAAAAAAAAAAAAAAAAAAAAAAAAAAAAAAAAAAAICvAXJzAAGR9O26AAAAAElFTkSuQmCC\"  alt=\"\"  class=\"wp-image-4593 pk-lazyload\"  data-pk-sizes=\"auto\"  data-ls-sizes=\"auto, (max-width: 1160px) 100vw, 1160px\"  data-pk-src=\"https:\/\/moje-ostrava.cz\/wp-content\/uploads\/2026\/08\/IMG_5339-1160x1547.jpeg\"  data-pk-srcset=\"https:\/\/moje-ostrava.cz\/wp-content\/uploads\/2026\/08\/IMG_5339-1160x1547.jpeg 1160w, https:\/\/moje-ostrava.cz\/wp-content\/uploads\/2026\/08\/IMG_5339-800x1067.jpeg 800w, https:\/\/moje-ostrava.cz\/wp-content\/uploads\/2026\/08\/IMG_5339-1152x1536.jpeg 1152w, https:\/\/moje-ostrava.cz\/wp-content\/uploads\/2026\/08\/IMG_5339-1536x2048.jpeg 1536w, https:\/\/moje-ostrava.cz\/wp-content\/uploads\/2026\/08\/IMG_5339-120x160.jpeg 120w, https:\/\/moje-ostrava.cz\/wp-content\/uploads\/2026\/08\/IMG_5339-90x120.jpeg 90w, https:\/\/moje-ostrava.cz\/wp-content\/uploads\/2026\/08\/IMG_5339-320x427.jpeg 320w, https:\/\/moje-ostrava.cz\/wp-content\/uploads\/2026\/08\/IMG_5339-560x747.jpeg 560w, https:\/\/moje-ostrava.cz\/wp-content\/uploads\/2026\/08\/IMG_5339-scaled.jpeg 1920w\" ><\/figure>\n\n\n\n<figure class=\"wp-block-image size-large\"><img  loading=\"lazy\"  decoding=\"async\"  width=\"1160\"  height=\"1547\"  data-id=\"4594\"  src=\"data:image\/png;base64,iVBORw0KGgoAAAANSUhEUgAABIgAAAYLAQMAAABNWRHfAAAAA1BMVEUAAP+KeNJXAAAAAXRSTlMAQObYZgAAAAlwSFlzAAAOxAAADsQBlSsOGwAAAPJJREFUeNrtwTEBAAAAwqD1T20LL6AAAAAAAAAAAAAAAAAAAAAAAAAAAAAAAAAAAAAAAAAAAAAAAAAAAAAAAAAAAAAAAAAAAAAAAAAAAAAAAAAAAAAAAAAAAAAAAAAAAAAAAAAAAAAAAAAAAAAAAAAAAAAAAAAAAAAAAAAAAAAAAAAAAAAAAAAAAAAAAAAAAAAAAAAAAAAAAAAAAAAAAAAAAAAAAAAAAAAAAAAAAAAAAAAAAAAAAAAAAAAAAAAAAAAAAAAAAAAAAAAAAAAAAAAAAAAAAAAAAAAAAAAAAAAAAAAAAAAAAAAAAAAAAAAAAICvAXJzAAGR9O26AAAAAElFTkSuQmCC\"  alt=\"\"  class=\"wp-image-4594 pk-lazyload\"  data-pk-sizes=\"auto\"  data-ls-sizes=\"auto, (max-width: 1160px) 100vw, 1160px\"  data-pk-src=\"https:\/\/moje-ostrava.cz\/wp-content\/uploads\/2026\/08\/IMG_5338-1160x1547.jpeg\"  data-pk-srcset=\"https:\/\/moje-ostrava.cz\/wp-content\/uploads\/2026\/08\/IMG_5338-1160x1547.jpeg 1160w, https:\/\/moje-ostrava.cz\/wp-content\/uploads\/2026\/08\/IMG_5338-800x1067.jpeg 800w, https:\/\/moje-ostrava.cz\/wp-content\/uploads\/2026\/08\/IMG_5338-1152x1536.jpeg 1152w, https:\/\/moje-ostrava.cz\/wp-content\/uploads\/2026\/08\/IMG_5338-1536x2048.jpeg 1536w, https:\/\/moje-ostrava.cz\/wp-content\/uploads\/2026\/08\/IMG_5338-120x160.jpeg 120w, https:\/\/moje-ostrava.cz\/wp-content\/uploads\/2026\/08\/IMG_5338-90x120.jpeg 90w, https:\/\/moje-ostrava.cz\/wp-content\/uploads\/2026\/08\/IMG_5338-320x427.jpeg 320w, https:\/\/moje-ostrava.cz\/wp-content\/uploads\/2026\/08\/IMG_5338-560x747.jpeg 560w, https:\/\/moje-ostrava.cz\/wp-content\/uploads\/2026\/08\/IMG_5338-scaled.jpeg 1920w\" ><\/figure>\n<\/figure>\n\n\n\n<p class=\"wp-block-paragraph\">Po ve\u010de\u0159i u\u017e vyr\u00e1\u017e\u00edme do no\u010dn\u00edho m\u011bsta. Jedn\u00edm z m\u00edst, kter\u00e1 jsme cht\u011bli vid\u011bt po setm\u011bn\u00ed, byla takzvan\u00e1\u00a0<strong>Opolska Wenecja neboli Opolsk\u00e9 Ben\u00e1tky<\/strong>. Historick\u00e9 domy pod\u00e9l kan\u00e1lu\u00a0<strong>M\u0142yn\u00f3wka<\/strong>\u00a0jsou ve\u010der nasv\u00edcen\u00e9 a jejich sv\u011btla se odr\u00e1\u017eej\u00ed na vodn\u00ed hladin\u011b. K tomu osv\u011btlen\u00e1 radnice, historick\u00e9 domy, kostely a uli\u010dky centra. Pr\u00e1v\u011b ve\u010dern\u00ed Opole m\u011blo mo\u017en\u00e1 nejv\u011bt\u0161\u00ed atmosf\u00e9ru z cel\u00e9ho v\u00fdletu. A je\u0161t\u011b jedna v\u011bc n\u00e1s opravdu p\u0159ekvapila. <strong>Bylo oby\u010dejn\u00e9 \u00fater\u00fd ve\u010der a centrum m\u011bsta \u017eilo.<\/strong> Pln\u00e9 zahr\u00e1dky, restaurac\u00ed a bar\u016f, v\u0161ude lidi. Chv\u00edlemi jsme m\u011bli pocit, jako bychom byli n\u011bkde na dovolen\u00e9 na jihu Evropy.<\/p>\n\n\n\n<figure class=\"wp-block-gallery has-nested-images columns-default is-cropped wp-block-gallery-9 is-layout-flex wp-block-gallery-is-layout-flex\">\n<figure class=\"wp-block-image size-large\"><img  loading=\"lazy\"  decoding=\"async\"  width=\"1160\"  height=\"1547\"  data-id=\"4595\"  src=\"data:image\/png;base64,iVBORw0KGgoAAAANSUhEUgAABIgAAAYLAQMAAABNWRHfAAAAA1BMVEUAAP+KeNJXAAAAAXRSTlMAQObYZgAAAAlwSFlzAAAOxAAADsQBlSsOGwAAAPJJREFUeNrtwTEBAAAAwqD1T20LL6AAAAAAAAAAAAAAAAAAAAAAAAAAAAAAAAAAAAAAAAAAAAAAAAAAAAAAAAAAAAAAAAAAAAAAAAAAAAAAAAAAAAAAAAAAAAAAAAAAAAAAAAAAAAAAAAAAAAAAAAAAAAAAAAAAAAAAAAAAAAAAAAAAAAAAAAAAAAAAAAAAAAAAAAAAAAAAAAAAAAAAAAAAAAAAAAAAAAAAAAAAAAAAAAAAAAAAAAAAAAAAAAAAAAAAAAAAAAAAAAAAAAAAAAAAAAAAAAAAAAAAAAAAAAAAAAAAAAAAAAAAAAAAAAAAAICvAXJzAAGR9O26AAAAAElFTkSuQmCC\"  alt=\"\"  class=\"wp-image-4595 pk-lazyload\"  data-pk-sizes=\"auto\"  data-ls-sizes=\"auto, (max-width: 1160px) 100vw, 1160px\"  data-pk-src=\"https:\/\/moje-ostrava.cz\/wp-content\/uploads\/2026\/08\/IMG_5346-1160x1547.jpeg\"  data-pk-srcset=\"https:\/\/moje-ostrava.cz\/wp-content\/uploads\/2026\/08\/IMG_5346-1160x1547.jpeg 1160w, https:\/\/moje-ostrava.cz\/wp-content\/uploads\/2026\/08\/IMG_5346-800x1067.jpeg 800w, https:\/\/moje-ostrava.cz\/wp-content\/uploads\/2026\/08\/IMG_5346-1152x1536.jpeg 1152w, https:\/\/moje-ostrava.cz\/wp-content\/uploads\/2026\/08\/IMG_5346-1536x2048.jpeg 1536w, https:\/\/moje-ostrava.cz\/wp-content\/uploads\/2026\/08\/IMG_5346-120x160.jpeg 120w, https:\/\/moje-ostrava.cz\/wp-content\/uploads\/2026\/08\/IMG_5346-90x120.jpeg 90w, https:\/\/moje-ostrava.cz\/wp-content\/uploads\/2026\/08\/IMG_5346-320x427.jpeg 320w, https:\/\/moje-ostrava.cz\/wp-content\/uploads\/2026\/08\/IMG_5346-560x747.jpeg 560w, https:\/\/moje-ostrava.cz\/wp-content\/uploads\/2026\/08\/IMG_5346-scaled.jpeg 1920w\" ><\/figure>\n\n\n\n<figure class=\"wp-block-image size-large\"><img  loading=\"lazy\"  decoding=\"async\"  width=\"1160\"  height=\"870\"  data-id=\"4596\"  src=\"data:image\/png;base64,iVBORw0KGgoAAAANSUhEUgAABIgAAANmAQMAAACrCyL8AAAAA1BMVEUAAP+KeNJXAAAAAXRSTlMAQObYZgAAAAlwSFlzAAAOxAAADsQBlSsOGwAAAJJJREFUeNrtwTEBAAAAwqD1T20JT6AAAAAAAAAAAAAAAAAAAAAAAAAAAAAAAAAAAAAAAAAAAAAAAAAAAAAAAAAAAAAAAAAAAAAAAAAAAAAAAAAAAAAAAAAAAAAAAAAAAAAAAAAAAAAAAAAAAAAAAAAAAAAAAAAAAAAAAAAAAAAAAAAAAAAAAAAAAAAAAAAAAAD+BvA7AAGTZkFsAAAAAElFTkSuQmCC\"  alt=\"\"  class=\"wp-image-4596 pk-lazyload\"  data-pk-sizes=\"auto\"  data-ls-sizes=\"auto, (max-width: 1160px) 100vw, 1160px\"  data-pk-src=\"https:\/\/moje-ostrava.cz\/wp-content\/uploads\/2026\/08\/IMG_5345-1160x870.jpeg\"  data-pk-srcset=\"https:\/\/moje-ostrava.cz\/wp-content\/uploads\/2026\/08\/IMG_5345-1160x870.jpeg 1160w, https:\/\/moje-ostrava.cz\/wp-content\/uploads\/2026\/08\/IMG_5345-800x600.jpeg 800w, https:\/\/moje-ostrava.cz\/wp-content\/uploads\/2026\/08\/IMG_5345-320x240.jpeg 320w, https:\/\/moje-ostrava.cz\/wp-content\/uploads\/2026\/08\/IMG_5345-1536x1152.jpeg 1536w, https:\/\/moje-ostrava.cz\/wp-content\/uploads\/2026\/08\/IMG_5345-2048x1536.jpeg 2048w, https:\/\/moje-ostrava.cz\/wp-content\/uploads\/2026\/08\/IMG_5345-300x225.jpeg 300w, https:\/\/moje-ostrava.cz\/wp-content\/uploads\/2026\/08\/IMG_5345-120x90.jpeg 120w, https:\/\/moje-ostrava.cz\/wp-content\/uploads\/2026\/08\/IMG_5345-90x68.jpeg 90w, https:\/\/moje-ostrava.cz\/wp-content\/uploads\/2026\/08\/IMG_5345-560x420.jpeg 560w, https:\/\/moje-ostrava.cz\/wp-content\/uploads\/2026\/08\/IMG_5345-1920x1440.jpeg 1920w, https:\/\/moje-ostrava.cz\/wp-content\/uploads\/2026\/08\/IMG_5345-scaled.jpeg 2560w\" ><\/figure>\n\n\n\n<figure class=\"wp-block-image size-large\"><img  loading=\"lazy\"  decoding=\"async\"  width=\"1160\"  height=\"1547\"  data-id=\"4597\"  src=\"data:image\/png;base64,iVBORw0KGgoAAAANSUhEUgAABIgAAAYLAQMAAABNWRHfAAAAA1BMVEUAAP+KeNJXAAAAAXRSTlMAQObYZgAAAAlwSFlzAAAOxAAADsQBlSsOGwAAAPJJREFUeNrtwTEBAAAAwqD1T20LL6AAAAAAAAAAAAAAAAAAAAAAAAAAAAAAAAAAAAAAAAAAAAAAAAAAAAAAAAAAAAAAAAAAAAAAAAAAAAAAAAAAAAAAAAAAAAAAAAAAAAAAAAAAAAAAAAAAAAAAAAAAAAAAAAAAAAAAAAAAAAAAAAAAAAAAAAAAAAAAAAAAAAAAAAAAAAAAAAAAAAAAAAAAAAAAAAAAAAAAAAAAAAAAAAAAAAAAAAAAAAAAAAAAAAAAAAAAAAAAAAAAAAAAAAAAAAAAAAAAAAAAAAAAAAAAAAAAAAAAAAAAAAAAAAAAAICvAXJzAAGR9O26AAAAAElFTkSuQmCC\"  alt=\"\"  class=\"wp-image-4597 pk-lazyload\"  data-pk-sizes=\"auto\"  data-ls-sizes=\"auto, (max-width: 1160px) 100vw, 1160px\"  data-pk-src=\"https:\/\/moje-ostrava.cz\/wp-content\/uploads\/2026\/08\/IMG_5352-1160x1547.jpeg\"  data-pk-srcset=\"https:\/\/moje-ostrava.cz\/wp-content\/uploads\/2026\/08\/IMG_5352-1160x1547.jpeg 1160w, https:\/\/moje-ostrava.cz\/wp-content\/uploads\/2026\/08\/IMG_5352-800x1067.jpeg 800w, https:\/\/moje-ostrava.cz\/wp-content\/uploads\/2026\/08\/IMG_5352-1152x1536.jpeg 1152w, https:\/\/moje-ostrava.cz\/wp-content\/uploads\/2026\/08\/IMG_5352-1536x2048.jpeg 1536w, https:\/\/moje-ostrava.cz\/wp-content\/uploads\/2026\/08\/IMG_5352-120x160.jpeg 120w, https:\/\/moje-ostrava.cz\/wp-content\/uploads\/2026\/08\/IMG_5352-90x120.jpeg 90w, https:\/\/moje-ostrava.cz\/wp-content\/uploads\/2026\/08\/IMG_5352-320x427.jpeg 320w, https:\/\/moje-ostrava.cz\/wp-content\/uploads\/2026\/08\/IMG_5352-560x747.jpeg 560w, https:\/\/moje-ostrava.cz\/wp-content\/uploads\/2026\/08\/IMG_5352-scaled.jpeg 1920w\" ><\/figure>\n<\/figure>\n\n\n\n<p class=\"wp-block-paragraph\">A jako Ostrav\u00e1ci se samoz\u0159ejm\u011b neubr\u00e1n\u00edme srovn\u00e1n\u00ed. Ostrava se m\u011bn\u00ed a jej\u00ed centrum tak\u00e9. Ale podobn\u011b \u017eiv\u00e9 centrum b\u011bhem oby\u010dejn\u00e9ho \u00fatern\u00edho ve\u010dera u n\u00e1s st\u00e1le nen\u00ed samoz\u0159ejmost\u00ed. Po ve\u010dern\u00ed proch\u00e1zce se vrac\u00edme do hotelu Kamenica a jdeme sp\u00e1t.<\/p>\n\n\n\n<p class=\"wp-block-paragraph\">R\u00e1no n\u00e1s \u010dek\u00e1 sn\u00eddan\u011b a hotel n\u00e1s znovu p\u0159\u00edjemn\u011b p\u0159ekvapuje. P\u0159esto\u017ee je n\u00e1s v j\u00eddeln\u011b snad jen p\u011bt,&nbsp;<strong>v\u00fdb\u011br je pom\u011brn\u011b bohat\u00fd a na stolech prakticky nic podstatn\u00e9ho nechyb\u00ed<\/strong>. Vzhledem k cen\u011b, poloze a celkov\u00e9 zku\u0161enosti jsme byli s ubytov\u00e1n\u00edm spokojen\u00ed.<\/p>\n\n\n\n<figure class=\"wp-block-gallery has-nested-images columns-default is-cropped wp-block-gallery-10 is-layout-flex wp-block-gallery-is-layout-flex\">\n<figure class=\"wp-block-image size-large\"><img  loading=\"lazy\"  decoding=\"async\"  width=\"1160\"  height=\"870\"  data-id=\"4601\"  src=\"data:image\/png;base64,iVBORw0KGgoAAAANSUhEUgAABIgAAANmAQMAAACrCyL8AAAAA1BMVEUAAP+KeNJXAAAAAXRSTlMAQObYZgAAAAlwSFlzAAAOxAAADsQBlSsOGwAAAJJJREFUeNrtwTEBAAAAwqD1T20JT6AAAAAAAAAAAAAAAAAAAAAAAAAAAAAAAAAAAAAAAAAAAAAAAAAAAAAAAAAAAAAAAAAAAAAAAAAAAAAAAAAAAAAAAAAAAAAAAAAAAAAAAAAAAAAAAAAAAAAAAAAAAAAAAAAAAAAAAAAAAAAAAAAAAAAAAAAAAAAAAAAAAAD+BvA7AAGTZkFsAAAAAElFTkSuQmCC\"  alt=\"\"  class=\"wp-image-4601 pk-lazyload\"  data-pk-sizes=\"auto\"  data-ls-sizes=\"auto, (max-width: 1160px) 100vw, 1160px\"  data-pk-src=\"https:\/\/moje-ostrava.cz\/wp-content\/uploads\/2026\/08\/IMG_5354-1-1160x870.jpeg\"  data-pk-srcset=\"https:\/\/moje-ostrava.cz\/wp-content\/uploads\/2026\/08\/IMG_5354-1-1160x870.jpeg 1160w, https:\/\/moje-ostrava.cz\/wp-content\/uploads\/2026\/08\/IMG_5354-1-800x600.jpeg 800w, https:\/\/moje-ostrava.cz\/wp-content\/uploads\/2026\/08\/IMG_5354-1-320x240.jpeg 320w, https:\/\/moje-ostrava.cz\/wp-content\/uploads\/2026\/08\/IMG_5354-1-1536x1152.jpeg 1536w, https:\/\/moje-ostrava.cz\/wp-content\/uploads\/2026\/08\/IMG_5354-1-2048x1536.jpeg 2048w, https:\/\/moje-ostrava.cz\/wp-content\/uploads\/2026\/08\/IMG_5354-1-300x225.jpeg 300w, https:\/\/moje-ostrava.cz\/wp-content\/uploads\/2026\/08\/IMG_5354-1-120x90.jpeg 120w, https:\/\/moje-ostrava.cz\/wp-content\/uploads\/2026\/08\/IMG_5354-1-90x68.jpeg 90w, https:\/\/moje-ostrava.cz\/wp-content\/uploads\/2026\/08\/IMG_5354-1-560x420.jpeg 560w, https:\/\/moje-ostrava.cz\/wp-content\/uploads\/2026\/08\/IMG_5354-1-1920x1440.jpeg 1920w, https:\/\/moje-ostrava.cz\/wp-content\/uploads\/2026\/08\/IMG_5354-1-scaled.jpeg 2560w\" ><\/figure>\n\n\n\n<figure class=\"wp-block-image size-large\"><img  loading=\"lazy\"  decoding=\"async\"  width=\"1160\"  height=\"870\"  data-id=\"4600\"  src=\"data:image\/png;base64,iVBORw0KGgoAAAANSUhEUgAABIgAAANmAQMAAACrCyL8AAAAA1BMVEUAAP+KeNJXAAAAAXRSTlMAQObYZgAAAAlwSFlzAAAOxAAADsQBlSsOGwAAAJJJREFUeNrtwTEBAAAAwqD1T20JT6AAAAAAAAAAAAAAAAAAAAAAAAAAAAAAAAAAAAAAAAAAAAAAAAAAAAAAAAAAAAAAAAAAAAAAAAAAAAAAAAAAAAAAAAAAAAAAAAAAAAAAAAAAAAAAAAAAAAAAAAAAAAAAAAAAAAAAAAAAAAAAAAAAAAAAAAAAAAAAAAAAAAD+BvA7AAGTZkFsAAAAAElFTkSuQmCC\"  alt=\"\"  class=\"wp-image-4600 pk-lazyload\"  data-pk-sizes=\"auto\"  data-ls-sizes=\"auto, (max-width: 1160px) 100vw, 1160px\"  data-pk-src=\"https:\/\/moje-ostrava.cz\/wp-content\/uploads\/2026\/08\/IMG_5355-1-1160x870.jpeg\"  data-pk-srcset=\"https:\/\/moje-ostrava.cz\/wp-content\/uploads\/2026\/08\/IMG_5355-1-1160x870.jpeg 1160w, https:\/\/moje-ostrava.cz\/wp-content\/uploads\/2026\/08\/IMG_5355-1-800x600.jpeg 800w, https:\/\/moje-ostrava.cz\/wp-content\/uploads\/2026\/08\/IMG_5355-1-320x240.jpeg 320w, https:\/\/moje-ostrava.cz\/wp-content\/uploads\/2026\/08\/IMG_5355-1-1536x1152.jpeg 1536w, https:\/\/moje-ostrava.cz\/wp-content\/uploads\/2026\/08\/IMG_5355-1-2048x1536.jpeg 2048w, https:\/\/moje-ostrava.cz\/wp-content\/uploads\/2026\/08\/IMG_5355-1-300x225.jpeg 300w, https:\/\/moje-ostrava.cz\/wp-content\/uploads\/2026\/08\/IMG_5355-1-120x90.jpeg 120w, https:\/\/moje-ostrava.cz\/wp-content\/uploads\/2026\/08\/IMG_5355-1-90x68.jpeg 90w, https:\/\/moje-ostrava.cz\/wp-content\/uploads\/2026\/08\/IMG_5355-1-560x420.jpeg 560w, https:\/\/moje-ostrava.cz\/wp-content\/uploads\/2026\/08\/IMG_5355-1-1920x1440.jpeg 1920w, https:\/\/moje-ostrava.cz\/wp-content\/uploads\/2026\/08\/IMG_5355-1-scaled.jpeg 2560w\" ><\/figure>\n\n\n\n<figure class=\"wp-block-image size-large\"><img  loading=\"lazy\"  decoding=\"async\"  width=\"1160\"  height=\"1547\"  data-id=\"4602\"  src=\"data:image\/png;base64,iVBORw0KGgoAAAANSUhEUgAABIgAAAYLAQMAAABNWRHfAAAAA1BMVEUAAP+KeNJXAAAAAXRSTlMAQObYZgAAAAlwSFlzAAAOxAAADsQBlSsOGwAAAPJJREFUeNrtwTEBAAAAwqD1T20LL6AAAAAAAAAAAAAAAAAAAAAAAAAAAAAAAAAAAAAAAAAAAAAAAAAAAAAAAAAAAAAAAAAAAAAAAAAAAAAAAAAAAAAAAAAAAAAAAAAAAAAAAAAAAAAAAAAAAAAAAAAAAAAAAAAAAAAAAAAAAAAAAAAAAAAAAAAAAAAAAAAAAAAAAAAAAAAAAAAAAAAAAAAAAAAAAAAAAAAAAAAAAAAAAAAAAAAAAAAAAAAAAAAAAAAAAAAAAAAAAAAAAAAAAAAAAAAAAAAAAAAAAAAAAAAAAAAAAAAAAAAAAAAAAAAAAICvAXJzAAGR9O26AAAAAElFTkSuQmCC\"  alt=\"\"  class=\"wp-image-4602 pk-lazyload\"  data-pk-sizes=\"auto\"  data-ls-sizes=\"auto, (max-width: 1160px) 100vw, 1160px\"  data-pk-src=\"https:\/\/moje-ostrava.cz\/wp-content\/uploads\/2026\/08\/IMG_5361-1160x1547.jpeg\"  data-pk-srcset=\"https:\/\/moje-ostrava.cz\/wp-content\/uploads\/2026\/08\/IMG_5361-1160x1547.jpeg 1160w, https:\/\/moje-ostrava.cz\/wp-content\/uploads\/2026\/08\/IMG_5361-800x1067.jpeg 800w, https:\/\/moje-ostrava.cz\/wp-content\/uploads\/2026\/08\/IMG_5361-1152x1536.jpeg 1152w, https:\/\/moje-ostrava.cz\/wp-content\/uploads\/2026\/08\/IMG_5361-1536x2048.jpeg 1536w, https:\/\/moje-ostrava.cz\/wp-content\/uploads\/2026\/08\/IMG_5361-120x160.jpeg 120w, https:\/\/moje-ostrava.cz\/wp-content\/uploads\/2026\/08\/IMG_5361-90x120.jpeg 90w, https:\/\/moje-ostrava.cz\/wp-content\/uploads\/2026\/08\/IMG_5361-320x427.jpeg 320w, https:\/\/moje-ostrava.cz\/wp-content\/uploads\/2026\/08\/IMG_5361-560x747.jpeg 560w, https:\/\/moje-ostrava.cz\/wp-content\/uploads\/2026\/08\/IMG_5361-scaled.jpeg 1920w\" ><\/figure>\n<\/figure>\n\n\n\n<p class=\"wp-block-paragraph\">Po sn\u00eddani vyr\u00e1\u017e\u00edme je\u0161t\u011b na jednu dopoledn\u00ed proch\u00e1zku. Projdeme centrum, dojdeme a\u017e k n\u00e1dra\u017e\u00ed a pomalu se vrac\u00edme. Jen\u017ee potom se op\u011bt zat\u00e1hne. A za\u010d\u00edn\u00e1 pr\u0161et. P\u016fvodn\u00ed pl\u00e1n p\u0159itom po\u010d\u00edtal je\u0161t\u011b se dv\u011bma m\u00edsty. Cht\u011bli jsme nav\u0161t\u00edvit\u00a0<strong>ostrov Bolko se <a href=\"https:\/\/zoo.opole.pl\" title=\"\">zoologickou zahradou<\/a><\/strong>\u00a0a tak\u00e9\u00a0<a href=\"https:\/\/muzeumwsiopolskiej.pl\" title=\"\"><strong>Muzeum Wsi Opolskiej<\/strong>, <\/a>tedy m\u00edstn\u00ed skanzen.<\/p>\n\n\n\n<p class=\"wp-block-paragraph\">P\u0159edpov\u011b\u010f ale ukazuje d\u00e9\u0161\u0165 na n\u011bkolik dal\u0161\u00edch hodin. A tady plat\u00ed jedno z pravidel Ostrav\u00e1ka na cest\u00e1ch:\u00a0<strong>nebudeme v\u00e1m doporu\u010dovat n\u011bco, co jsme sami neza\u017eili, ani v\u00e1m ukazovat sta\u017een\u00e9 fotografie a tv\u00e1\u0159it se, \u017ee jsme tam byli.<\/strong> Zoo a skanzen jsme tentokr\u00e1t jednodu\u0161e nestihli. Alespo\u0148 m\u00e1me d\u016fvod se n\u011bkdy do Opole vr\u00e1tit.<\/p>\n\n\n\n<p class=\"wp-block-paragraph\">P\u0159ed odjezdem si chceme d\u00e1t je\u0161t\u011b posledn\u00ed k\u00e1vu a zmrzlinu. B\u011bhem pobytu v Polsku jsme n\u011bkolikr\u00e1t narazili na podniky\u00a0<strong>SOPELEK<\/strong>, a tak jsme jeden z nich tentokr\u00e1t vyzkou\u0161eli. A proto\u017ee jsme polskou gastronomii b\u011bhem v\u011bt\u0161iny v\u00fdletu chv\u00e1lili, tady mus\u00edme b\u00fdt trochu kriti\u010dt\u011bj\u0161\u00ed. K\u00e1va byla za n\u00e1s\u00a0<strong>sp\u00ed\u0161e pr\u016fm\u011brn\u00e1<\/strong>, porce zmrzliny oproti tomu, co jsme dostali p\u0159edchoz\u00ed den jinde, p\u0159ekvapiv\u011b mal\u00e1 a ani samotn\u00e1 zmrzlina n\u00e1s ni\u010d\u00edm v\u00fdjime\u010dn\u00fdm neoslovila. \u017d\u00e1dn\u00e1 katastrofa. Ale po p\u0159edchoz\u00edch zku\u0161enostech s opolskou gastronomi\u00ed\u00a0<strong>mal\u00e9 zklam\u00e1n\u00ed na z\u00e1v\u011br<\/strong>. P\u0159\u00ed\u0161t\u011b bychom si posledn\u00ed k\u00e1vu a zmrzlinu p\u0159ed cestou dom\u016f dali nejsp\u00ed\u0161 n\u011bkde jinde.<\/p>\n\n\n\n<figure class=\"wp-block-gallery has-nested-images columns-default is-cropped wp-block-gallery-11 is-layout-flex wp-block-gallery-is-layout-flex\">\n<figure class=\"wp-block-image size-large\"><img  loading=\"lazy\"  decoding=\"async\"  width=\"1160\"  height=\"870\"  data-id=\"4607\"  src=\"data:image\/png;base64,iVBORw0KGgoAAAANSUhEUgAABIgAAANmAQMAAACrCyL8AAAAA1BMVEUAAP+KeNJXAAAAAXRSTlMAQObYZgAAAAlwSFlzAAAOxAAADsQBlSsOGwAAAJJJREFUeNrtwTEBAAAAwqD1T20JT6AAAAAAAAAAAAAAAAAAAAAAAAAAAAAAAAAAAAAAAAAAAAAAAAAAAAAAAAAAAAAAAAAAAAAAAAAAAAAAAAAAAAAAAAAAAAAAAAAAAAAAAAAAAAAAAAAAAAAAAAAAAAAAAAAAAAAAAAAAAAAAAAAAAAAAAAAAAAAAAAAAAAD+BvA7AAGTZkFsAAAAAElFTkSuQmCC\"  alt=\"\"  class=\"wp-image-4607 pk-lazyload\"  data-pk-sizes=\"auto\"  data-ls-sizes=\"auto, (max-width: 1160px) 100vw, 1160px\"  data-pk-src=\"https:\/\/moje-ostrava.cz\/wp-content\/uploads\/2026\/08\/IMG_5368-1160x870.jpeg\"  data-pk-srcset=\"https:\/\/moje-ostrava.cz\/wp-content\/uploads\/2026\/08\/IMG_5368-1160x870.jpeg 1160w, https:\/\/moje-ostrava.cz\/wp-content\/uploads\/2026\/08\/IMG_5368-800x600.jpeg 800w, https:\/\/moje-ostrava.cz\/wp-content\/uploads\/2026\/08\/IMG_5368-320x240.jpeg 320w, https:\/\/moje-ostrava.cz\/wp-content\/uploads\/2026\/08\/IMG_5368-1536x1152.jpeg 1536w, https:\/\/moje-ostrava.cz\/wp-content\/uploads\/2026\/08\/IMG_5368-2048x1536.jpeg 2048w, https:\/\/moje-ostrava.cz\/wp-content\/uploads\/2026\/08\/IMG_5368-300x225.jpeg 300w, https:\/\/moje-ostrava.cz\/wp-content\/uploads\/2026\/08\/IMG_5368-120x90.jpeg 120w, https:\/\/moje-ostrava.cz\/wp-content\/uploads\/2026\/08\/IMG_5368-90x68.jpeg 90w, https:\/\/moje-ostrava.cz\/wp-content\/uploads\/2026\/08\/IMG_5368-560x420.jpeg 560w, https:\/\/moje-ostrava.cz\/wp-content\/uploads\/2026\/08\/IMG_5368-1920x1440.jpeg 1920w, https:\/\/moje-ostrava.cz\/wp-content\/uploads\/2026\/08\/IMG_5368-scaled.jpeg 2560w\" ><\/figure>\n\n\n\n<figure class=\"wp-block-image size-large\"><img  loading=\"lazy\"  decoding=\"async\"  width=\"1160\"  height=\"870\"  data-id=\"4606\"  src=\"data:image\/png;base64,iVBORw0KGgoAAAANSUhEUgAABIgAAANmAQMAAACrCyL8AAAAA1BMVEUAAP+KeNJXAAAAAXRSTlMAQObYZgAAAAlwSFlzAAAOxAAADsQBlSsOGwAAAJJJREFUeNrtwTEBAAAAwqD1T20JT6AAAAAAAAAAAAAAAAAAAAAAAAAAAAAAAAAAAAAAAAAAAAAAAAAAAAAAAAAAAAAAAAAAAAAAAAAAAAAAAAAAAAAAAAAAAAAAAAAAAAAAAAAAAAAAAAAAAAAAAAAAAAAAAAAAAAAAAAAAAAAAAAAAAAAAAAAAAAAAAAAAAAD+BvA7AAGTZkFsAAAAAElFTkSuQmCC\"  alt=\"\"  class=\"wp-image-4606 pk-lazyload\"  data-pk-sizes=\"auto\"  data-ls-sizes=\"auto, (max-width: 1160px) 100vw, 1160px\"  data-pk-src=\"https:\/\/moje-ostrava.cz\/wp-content\/uploads\/2026\/08\/IMG_5363-1-1160x870.jpeg\"  data-pk-srcset=\"https:\/\/moje-ostrava.cz\/wp-content\/uploads\/2026\/08\/IMG_5363-1-1160x870.jpeg 1160w, https:\/\/moje-ostrava.cz\/wp-content\/uploads\/2026\/08\/IMG_5363-1-800x600.jpeg 800w, https:\/\/moje-ostrava.cz\/wp-content\/uploads\/2026\/08\/IMG_5363-1-320x240.jpeg 320w, https:\/\/moje-ostrava.cz\/wp-content\/uploads\/2026\/08\/IMG_5363-1-1536x1152.jpeg 1536w, https:\/\/moje-ostrava.cz\/wp-content\/uploads\/2026\/08\/IMG_5363-1-2048x1536.jpeg 2048w, https:\/\/moje-ostrava.cz\/wp-content\/uploads\/2026\/08\/IMG_5363-1-300x225.jpeg 300w, https:\/\/moje-ostrava.cz\/wp-content\/uploads\/2026\/08\/IMG_5363-1-120x90.jpeg 120w, https:\/\/moje-ostrava.cz\/wp-content\/uploads\/2026\/08\/IMG_5363-1-90x68.jpeg 90w, https:\/\/moje-ostrava.cz\/wp-content\/uploads\/2026\/08\/IMG_5363-1-560x420.jpeg 560w, https:\/\/moje-ostrava.cz\/wp-content\/uploads\/2026\/08\/IMG_5363-1-1920x1440.jpeg 1920w, https:\/\/moje-ostrava.cz\/wp-content\/uploads\/2026\/08\/IMG_5363-1-scaled.jpeg 2560w\" ><\/figure>\n\n\n\n<figure class=\"wp-block-image size-large\"><img  loading=\"lazy\"  decoding=\"async\"  width=\"1160\"  height=\"870\"  data-id=\"4605\"  src=\"data:image\/png;base64,iVBORw0KGgoAAAANSUhEUgAABIgAAANmAQMAAACrCyL8AAAAA1BMVEUAAP+KeNJXAAAAAXRSTlMAQObYZgAAAAlwSFlzAAAOxAAADsQBlSsOGwAAAJJJREFUeNrtwTEBAAAAwqD1T20JT6AAAAAAAAAAAAAAAAAAAAAAAAAAAAAAAAAAAAAAAAAAAAAAAAAAAAAAAAAAAAAAAAAAAAAAAAAAAAAAAAAAAAAAAAAAAAAAAAAAAAAAAAAAAAAAAAAAAAAAAAAAAAAAAAAAAAAAAAAAAAAAAAAAAAAAAAAAAAAAAAAAAAD+BvA7AAGTZkFsAAAAAElFTkSuQmCC\"  alt=\"\"  class=\"wp-image-4605 pk-lazyload\"  data-pk-sizes=\"auto\"  data-ls-sizes=\"auto, (max-width: 1160px) 100vw, 1160px\"  data-pk-src=\"https:\/\/moje-ostrava.cz\/wp-content\/uploads\/2026\/08\/IMG_5366-1-1160x870.jpeg\"  data-pk-srcset=\"https:\/\/moje-ostrava.cz\/wp-content\/uploads\/2026\/08\/IMG_5366-1-1160x870.jpeg 1160w, https:\/\/moje-ostrava.cz\/wp-content\/uploads\/2026\/08\/IMG_5366-1-800x600.jpeg 800w, https:\/\/moje-ostrava.cz\/wp-content\/uploads\/2026\/08\/IMG_5366-1-320x240.jpeg 320w, https:\/\/moje-ostrava.cz\/wp-content\/uploads\/2026\/08\/IMG_5366-1-1536x1152.jpeg 1536w, https:\/\/moje-ostrava.cz\/wp-content\/uploads\/2026\/08\/IMG_5366-1-2048x1536.jpeg 2048w, https:\/\/moje-ostrava.cz\/wp-content\/uploads\/2026\/08\/IMG_5366-1-300x225.jpeg 300w, https:\/\/moje-ostrava.cz\/wp-content\/uploads\/2026\/08\/IMG_5366-1-120x90.jpeg 120w, https:\/\/moje-ostrava.cz\/wp-content\/uploads\/2026\/08\/IMG_5366-1-90x68.jpeg 90w, https:\/\/moje-ostrava.cz\/wp-content\/uploads\/2026\/08\/IMG_5366-1-560x420.jpeg 560w, https:\/\/moje-ostrava.cz\/wp-content\/uploads\/2026\/08\/IMG_5366-1-1920x1440.jpeg 1920w, https:\/\/moje-ostrava.cz\/wp-content\/uploads\/2026\/08\/IMG_5366-1-scaled.jpeg 2560w\" ><\/figure>\n<\/figure>\n\n\n\n<p class=\"wp-block-paragraph\">A proto\u017ee jsme v Polsku, jedna zast\u00e1vka samoz\u0159ejm\u011b je\u0161t\u011b chyb\u00ed. <strong>Biedronka.<\/strong> P\u00e1r drobnost\u00ed dom\u016f, n\u00e1kup do auta a m\u016f\u017eeme vyrazit sm\u011brem na Ostravu. Navigace n\u00e1s tentokr\u00e1t vede po rychlej\u0161\u00ed trase a za necel\u00e9 dv\u011b hodiny pohodov\u00e9 j\u00edzdy jsme zp\u00e1tky doma.<\/p>\n\n\n\n<p class=\"wp-block-paragraph\">A co ceny?<\/p>\n\n\n\n<p class=\"wp-block-paragraph\">Po t\u00e9to cest\u011b bychom \u0159ekli, \u017ee p\u0159edstava\u00a0<strong>\u201ejedeme do Polska, proto\u017ee je tam v\u0161echno v\u00fdrazn\u011b levn\u011bj\u0161\u00ed\u201c u\u017e minim\u00e1ln\u011b v gastronomii \u00fapln\u011b neplat\u00ed<\/strong>. <\/p>\n\n\n\n<p class=\"wp-block-paragraph\">Pro p\u0159edstavu: <br>sn\u00eddan\u011b v Ratibo\u0159i n\u00e1s st\u00e1la <strong>100 z\u0142<\/strong><br>parkov\u00e1n\u00ed u Moszny\u00a0<strong>8 z\u0142<\/strong><br>vstup do z\u00e1meck\u00e9ho parku\u00a0<strong>24 z\u0142 na osobu<\/strong><br>dv\u011b k\u00e1vy a dva z\u00e1kusky v Moszn\u011b\u00a0<strong>56 z\u0142<\/strong><br>Ryba se sal\u00e1tem a Tepl\u00fd bo\u0159\u010d n\u00e1poj <strong>56 z\u0142<\/strong><br>k\u00e1va se zmrzlinou pro dva  p\u0159ibli\u017en\u011b\u00a0<strong>60 z\u0142<\/strong>\u00a0<br>pive\u010dko a aperol u Odry <strong>90 z\u0142<\/strong><br>velk\u00e1 ve\u010de\u0159e pro dva v BALKANICA v\u010detn\u011b p\u0159edkrmu, piva a v\u00edna kolem\u00a0<strong>280 z\u0142<\/strong>. <br>Hotel Kamenica pro dva se sn\u00eddan\u00ed vy\u0161el p\u0159ibli\u017en\u011b na\u00a0<strong>305 z\u0142<\/strong> <strong>+ 15 z\u0142<\/strong> z parkovi\u0161t\u011b<br>Celkem jsme tedy utratili bez benz\u00ednu a n\u00e1kupu v Biedronce <strong>cca 5.700,- <\/strong>za dv\u011b osoby, p\u0159i\u010dem\u017e podstatnou \u010d\u00e1st t\u00e9to \u00fatraty bylo za gastro z\u00e1\u017eitky.<\/p>\n\n\n\n<p class=\"wp-block-paragraph\">Pokud chcete zopakovat celou na\u0161i trasu\u00a0<strong>Ostrava \u2013 Ratibo\u0159 \u2013 Moszna \u2013 Opole<\/strong>, volili bychom jednozna\u010dn\u011b auto. Pr\u00e1v\u011b mo\u017enost zastavit se cestou na dal\u0161\u00edch m\u00edstech d\u00e1v\u00e1 podobn\u00e9mu v\u00fdletu smysl.<\/p>\n\n\n\n<p class=\"wp-block-paragraph\">Pokud ale chcete nav\u0161t\u00edvit pouze Opole, auto v\u016fbec nen\u00ed nutnost\u00ed. Z Ostravy m\u016f\u017eete vyu\u017e\u00edt tak\u00e9 p\u0159\u00edm\u00e9 vlakov\u00e9 spojen\u00ed. A m\u00e1 to jednu p\u0159\u00edjemnou v\u00fdhodu \u2013 ve\u010der si m\u016f\u017eete d\u00e1t je\u0161t\u011b jedno pivo nebo sklenku v\u00edna a nemus\u00edte v\u016fbec nic \u0159e\u0161it.<\/p>\n\n\n\n<p class=\"wp-block-paragraph\">Tak\u017ee stoj\u00ed Opole za cestu z Ostravy? <strong>Za n\u00e1s rozhodn\u011b ano.<\/strong> Ne\u010dekejte Krakov, Prahu ani turistickou metropoli nap\u011bchovanou sv\u011btov\u00fdmi pam\u00e1tkami. Opole m\u00e1 jin\u00e9 kouzlo. Je bl\u00edzko. M\u00e1 p\u0159\u00edjemn\u00e9 historick\u00e9 centrum, vodu, zaj\u00edmavou gastronomickou sc\u00e9nu, ve\u010der p\u0159ekvapiv\u011b \u017eije a na jeden nebo dva dny nab\u00edz\u00ed dostatek programu. A pokud pojedete autem, m\u016f\u017eete stejn\u011b jako my cestu spojit s Ratibo\u0159\u00ed a poh\u00e1dkovou Mosznou. Po\u010das\u00ed n\u00e1m tentokr\u00e1t p\u0159\u00edli\u0161 nep\u0159\u00e1lo. N\u011bkter\u00e1 m\u00edsta jsme kv\u016fli de\u0161ti nestihli a n\u011bkolikr\u00e1t jsme museli m\u011bnit pl\u00e1ny.<\/p>\n\n\n\n<p class=\"wp-block-paragraph\"><strong>Ale p\u0159esn\u011b takov\u00e9 cestov\u00e1n\u00ed ve skute\u010dnosti je.<\/strong><\/p>\n\n\n\n<p class=\"wp-block-paragraph\">A p\u0159esn\u011b o tom m\u00e1 b\u00fdt&nbsp;<strong>Ostrav\u00e1k na cest\u00e1ch<\/strong>.<\/p>\n\n\n\n<h2 id=\"my-jsme-opole-zazili-ted-jste-na-rade-vy\" class=\"wp-block-heading\">My jsme Opole za\u017eili. Te\u010f jste na \u0159ad\u011b vy!<\/h2>\n\n\n\n<p class=\"wp-block-paragraph\">Po Trnav\u011b jsme tentokr\u00e1t vyrazili do Opole a princip na\u0161eho cestovatelsk\u00e9ho projektu z\u016fst\u00e1v\u00e1 stejn\u00fd. <strong>Nechceme jen cestovat, ud\u011blat p\u00e1r fotografi\u00ed, napsat \u010dl\u00e1nek a jet d\u00e1l. Chceme na\u0161e cesty p\u0159ed\u00e1vat d\u00e1l.<\/strong> My destinaci nejprve sami nav\u0161t\u00edv\u00edme. P\u0159esp\u00edme tam, projdeme ji, ochutn\u00e1me m\u00edstn\u00ed gastronomii a uk\u00e1\u017eeme v\u00e1m, co jsme skute\u010dn\u011b za\u017eili. <strong>A potom dostane mo\u017enost jeden z v\u00e1s.<\/strong> Proto jsme pro u\u017eivatele aplikace\u00a0<strong>Moje Ostrava<\/strong>\u00a0p\u0159ipravili sout\u011b\u017e o\u00a0<strong>pobyt pro dv\u011b osoby v Opole<\/strong>.<\/p>\n\n\n\n<p class=\"wp-block-paragraph\">V\u00fdherce z\u00edsk\u00e1&nbsp;<strong>jednu noc pro dv\u011b osoby v hotelu Kamenica<\/strong>, tedy p\u0159\u00edmo v hotelu, ve kter\u00e9m jsme b\u011bhem t\u00e9to cesty bydleli tak\u00e9 my.<\/p>\n\n\n\n<p class=\"wp-block-paragraph\">A ani t\u00edm Ostrav\u00e1k na cest\u00e1ch nekon\u010d\u00ed.<\/p>\n\n\n\n<p class=\"wp-block-paragraph\">A\u017e se na\u0161i v\u00fdherci z Opole vr\u00e1t\u00ed, p\u0159ed\u00e1me na chv\u00edli pomysln\u00e9 redak\u010dn\u00ed pero jim. Budeme cht\u00edt v\u011bd\u011bt,&nbsp;<strong>jak si Opole u\u017eili oni, kam vyrazili, co ochutnali, co je p\u0159ekvapilo a jestli objevili n\u011bco, co jsme my kv\u016fli po\u010das\u00ed t\u0159eba v\u016fbec nestihli.<\/strong><\/p>\n\n\n\n<p class=\"wp-block-paragraph\">A vznikne dal\u0161\u00ed report\u00e1\u017e.<\/p>\n\n\n\n<p class=\"wp-block-paragraph\"><strong>Tentokr\u00e1t u\u017e ne na\u0161e. Va\u0161e.<\/strong> <strong>My vyraz\u00edme. Za\u017eijeme. Uk\u00e1\u017eeme. A potom m\u016f\u017eete vyrazit vy.<\/strong><\/p>\n\n\n\n<p class=\"wp-block-paragraph\"><\/p>\n","protected":false},"excerpt":{"rendered":"<p>Jak daleko mus\u00edte vyrazit z Ostravy, abyste m\u011bli pocit, \u017ee jste na mal\u00e9 dovolen\u00e9? N\u011bkdy sta\u010d\u00ed opravdu m\u00e1lo. Ostrav\u00e1k na cest\u00e1ch pokra\u010duje. Po Trnav\u011b jsme tentokr\u00e1t spole\u010dn\u011b s kolegou z&hellip;<\/p>\n","protected":false},"author":1,"featured_media":0,"parent":0,"menu_order":0,"comment_status":"closed","ping_status":"closed","template":"","meta":{"footnotes":""},"class_list":["post-4546","page","type-page","status-publish"],"aioseo_notices":[],"_links":{"self":[{"href":"https:\/\/moje-ostrava.cz\/index.php?rest_route=\/wp\/v2\/pages\/4546","targetHints":{"allow":["GET"]}}],"collection":[{"href":"https:\/\/moje-ostrava.cz\/index.php?rest_route=\/wp\/v2\/pages"}],"about":[{"href":"https:\/\/moje-ostrava.cz\/index.php?rest_route=\/wp\/v2\/types\/page"}],"author":[{"embeddable":true,"href":"https:\/\/moje-ostrava.cz\/index.php?rest_route=\/wp\/v2\/users\/1"}],"replies":[{"embeddable":true,"href":"https:\/\/moje-ostrava.cz\/index.php?rest_route=%2Fwp%2Fv2%2Fcomments&post=4546"}],"version-history":[{"count":6,"href":"https:\/\/moje-ostrava.cz\/index.php?rest_route=\/wp\/v2\/pages\/4546\/revisions"}],"predecessor-version":[{"id":4610,"href":"https:\/\/moje-ostrava.cz\/index.php?rest_route=\/wp\/v2\/pages\/4546\/revisions\/4610"}],"wp:attachment":[{"href":"https:\/\/moje-ostrava.cz\/index.php?rest_route=%2Fwp%2Fv2%2Fmedia&parent=4546"}],"curies":[{"name":"wp","href":"https:\/\/api.w.org\/{rel}","templated":true}]}}